{"id":33353,"date":"2022-08-22T17:21:07","date_gmt":"2022-08-22T21:21:07","guid":{"rendered":"https:\/\/nouveau.maisonmallet.com\/?post_type=event&#038;p=33353"},"modified":"2022-08-24T14:51:57","modified_gmt":"2022-08-24T18:51:57","slug":"prevereau-rene","status":"publish","type":"event","link":"https:\/\/nouveau.maisonmallet.com\/back05_01\/?event=prevereau-rene","title":{"rendered":"PR\u00c9VEREAU, Ren\u00e9"},"content":{"rendered":"<p>1944 \u2013 2022<\/p>\n<p>PR\u00c9VEREAU, Ren\u00e9<\/p>\n<p>&nbsp;<\/p>\n<p>\u00c0 Qu\u00e9bec, le 19 ao\u00fbt 2022, est d\u00e9c\u00e9d\u00e9 \u00e0 l&rsquo;\u00e2ge de 78 ans et 3 mois Monsieur Ren\u00e9 Pr\u00e9vereau, \u00e9poux de feue Madeleine Jomphe, fils de feu Armand Pr\u00e9vereau et de feue Louisa Barriault, et domicili\u00e9 \u00e0 Havre-Saint-Pierre.<\/p>\n<p>Les fun\u00e9railles de Monsieur Ren\u00e9 Pr\u00e9vereau auront lieu le samedi 27 ao\u00fbt 2022 \u00e0 11 h, en l&rsquo;\u00e9glise St-Pierre de Havre-Saint-Pierre et de l\u00e0 au cimeti\u00e8re de l&rsquo;endroit.<\/p>\n<p>La famille recevra parents et amis le vendredi 26 ao\u00fbt 2022 de 13\u00a0h \u00e0 16\u00a0h et de 19\u00a0h \u00e0 22\u00a0h, ainsi que le samedi 27 ao\u00fbt 2022 \u00e0 compter de 10\u00a0h au salon de la Maison L. J. G. Mallet situ\u00e9e au 1429, rue du Canot, \u00e0 Havre-Saint-Pierre.<\/p>\n<p>Il laisse dans le deuil ses enfants Raynald (Laurie Levasseur), Monica (Thomas MacNeil) et Sylvette (Daniel Ouimette), ses petits-enfants Thomas, Emily, Brandon, Roxanne, Jonathan et Francis,\u00a0 ses arri\u00e8res petits-enfants Dustin, Keny et Sama\u00ebl, ainsi que sa s\u0153ur Pierrette, son fr\u00e8re Marcel, sa s\u0153ur Armandine, ses beaux-fr\u00e8res, ses belles-s\u0153urs, ses neveux, ses ni\u00e8ces, ses oncles, ses tantes, ses cousins, ses cousines et ses nombreux ami(e)s.<\/p>\n<p>La famille a confi\u00e9 la direction des fun\u00e9railles aux services professionnels de la Maison L.\u00a0J.\u00a0G. Mallet situ\u00e9e au 1429, rue du Canot, \u00e0 Havre-Saint-Pierre, maintenant reconnue Distinction et membre de la Corporation des Thanatologues du Qu\u00e9bec.<\/p>\n<p>Vos marques de sympathie peuvent se traduire par un don \u00e0 la Fondation du Centre de sant\u00e9 de la Minganie ou \u00e0 la Fondation des maladies du c\u0153ur.<\/p>\n<p>Vous pouvez consulter cet avis de d\u00e9c\u00e8s au <a href=\"https:\/\/nouveau.maisonmallet.com\/back05_01\/\">www.maisonmallet.com<\/a>.<\/p>\n<p>Ceux et celles qui le d\u00e9sirent peuvent y envoyer des messages de sympathie.<\/p>\n<p>&nbsp;<\/p>\n<hr \/>\n<p>Envoyer vos condol\u00e9ances<\/p>\n<p>[contact-form to=\u00a0\u00bbrprevereau@gmail.com\u00a0\u00bb subject=\u00a0\u00bbCondol\u00e9ances Ren\u00e9 Pr\u00e9vereau\u00a0\u00bb][contact-field label=\u00a0\u00bbVotre nom\u00a0\u00bb type=\u00a0\u00bbname\u00a0\u00bb required=\u00a0\u00bb1&Prime;][contact-field label=\u00a0\u00bbVotre courriel\u00a0\u00bb type=\u00a0\u00bbemail\u00a0\u00bb required=\u00a0\u00bb1&Prime;][contact-field label=\u00a0\u00bbCondol\u00e9ances\u00a0\u00bb type=\u00a0\u00bbtextarea\u00a0\u00bb][\/contact-form]<\/p>\n","protected":false},"featured_media":33392,"template":"","event_cat":[7],"class_list":["post-33353","event","type-event","status-publish","has-post-thumbnail","hentry","event_cat-maison-l-j-g-mallet-inc"],"_links":{"self":[{"href":"https:\/\/nouveau.maisonmallet.com\/back05_01\/index.php?rest_route=\/wp\/v2\/event\/33353","targetHints":{"allow":["GET"]}}],"collection":[{"href":"https:\/\/nouveau.maisonmallet.com\/back05_01\/index.php?rest_route=\/wp\/v2\/event"}],"about":[{"href":"https:\/\/nouveau.maisonmallet.com\/back05_01\/index.php?rest_route=\/wp\/v2\/types\/event"}],"wp:featuredmedia":[{"embeddable":true,"href":"https:\/\/nouveau.maisonmallet.com\/back05_01\/index.php?rest_route=\/wp\/v2\/media\/33392"}],"wp:attachment":[{"href":"https:\/\/nouveau.maisonmallet.com\/back05_01\/index.php?rest_route=%2Fwp%2Fv2%2Fmedia&parent=33353"}],"wp:term":[{"taxonomy":"event_cat","embeddable":true,"href":"https:\/\/nouveau.maisonmallet.com\/back05_01\/index.php?rest_route=%2Fwp%2Fv2%2Fevent_cat&post=33353"}],"curies":[{"name":"wp","href":"https:\/\/api.w.org\/{rel}","templated":true}]}}