{"id":34595,"date":"2022-09-16T10:58:40","date_gmt":"2022-09-16T14:58:40","guid":{"rendered":"https:\/\/nouveau.maisonmallet.com\/?post_type=event&#038;p=34595"},"modified":"2022-09-17T11:10:52","modified_gmt":"2022-09-17T15:10:52","slug":"levesque-france","status":"publish","type":"event","link":"https:\/\/nouveau.maisonmallet.com\/back05_01\/?event=levesque-france","title":{"rendered":"L\u00c9VESQUE, France"},"content":{"rendered":"<p>1945 \u2013 2022<\/p>\n<p>L\u00c9VESQUE, France<\/p>\n<p>&nbsp;<\/p>\n<p>\u00c0 Sept-\u00celes, le 9 septembre 2022, est d\u00e9c\u00e9d\u00e9e \u00e0 l&rsquo;\u00e2ge de 77 ans, madame France L\u00e9vesque \u00e9pouse de feu Jacques Deraspe et domicili\u00e9e \u00e0 Sept-\u00celes.<\/p>\n<p>Les fun\u00e9railles de madame France L\u00e9vesque auront lieu le lundi 19 septembre 2022 \u00e0 10 h 30 en l\u2019\u00e9glise St-Joseph situ\u00e9e au 535, ave. Brochu \u00e0 Sept-\u00celes et de l\u00e0 au cimeti\u00e8re Catholique de Sept-\u00celes.<\/p>\n<p>Selon ses volont\u00e9s, elle a \u00e9t\u00e9 confi\u00e9e au cr\u00e9matorium de la maison Mallet &amp; fils pour cr\u00e9mation.<\/p>\n<p>La famille re\u00e7oit parents et amis le dimanche 18 septembre 2022 de 19 h \u00e0 22 h. Le lundi 19 septembre 2022 jour des fun\u00e9railles, \u00e0 compter de 9 h au Complexe Thanatologique Mallet &amp; fils du 585 Boul. Laure \u00e0 Sept-\u00celes.<\/p>\n<p>Elle laisse dans le deuil ses filles\u00a0: Sylvie (feu Howard Stubbert) et Charlyne (Jacques Bernier), ses petits-enfants\u00a0: Bobby (Marie-Raphael Minville), Jos\u00e9e (Benoit Gravel), Johnatan (Audrey V\u00e9zina), B\u00e9linda (Marc-Andr\u00e9 Cody) et M\u00e9lyna (Billy Fortier), ses arri\u00e8re-petits-enfants\u00a0: Samuel, Zachary et Alexis ainsi que ses fr\u00e8res, ses s\u0153urs, ses beaux-fr\u00e8res, ses belles-s\u0153urs, ses neveux, ses ni\u00e8ces, ses cousins, ses cousines et de nombreux amis (es).<\/p>\n<p>Vos marques de sympathie peuvent se traduire par un don \u00e0 l\u2019\u00c9lyme des sables <a href=\"http:\/\/www.elymedessables.com\">www.elymedessables.com<\/a><\/p>\n<p>La famille a confi\u00e9 la direction des fun\u00e9railles aux services professionnels de la Maison Mallet &amp; fils du 585 boul. Laure \u00e0 Sept-\u00celes, maintenant reconnue Distinction et membre de la Corporation des Thanatologues du Qu\u00e9bec.<\/p>\n<p>Vous pouvez consulter cet avis de d\u00e9c\u00e8s sur le\u00a0<a href=\"https:\/\/nouveau.maisonmallet.com\/back05_01\/\">www.maisonmallet.com<\/a><\/p>\n<p>Ceux et celles qui le d\u00e9sirent, peuvent y envoyer des messages de sympathie.<\/p>\n<hr \/>\n<p>Envoyer vos condol\u00e9ances<\/p>\n<p>[contact-form to=\u00a0\u00bbcharlyne71@icloud.com\u00a0\u00bb subject=\u00a0\u00bbCondol\u00e9ances France L\u00e9vesque\u00a0\u00bb][contact-field label=\u00a0\u00bbVotre nom\u00a0\u00bb type=\u00a0\u00bbname\u00a0\u00bb required=\u00a0\u00bb1&Prime;][contact-field label=\u00a0\u00bbVotre courriel\u00a0\u00bb type=\u00a0\u00bbemail\u00a0\u00bb required=\u00a0\u00bb1&Prime;][contact-field label=\u00a0\u00bbCondol\u00e9ances\u00a0\u00bb type=\u00a0\u00bbtextarea\u00a0\u00bb][\/contact-form]<\/p>\n","protected":false},"featured_media":34666,"template":"","event_cat":[6],"class_list":["post-34595","event","type-event","status-publish","has-post-thumbnail","hentry","event_cat-maison-mallet-et-fils-inc"],"_links":{"self":[{"href":"https:\/\/nouveau.maisonmallet.com\/back05_01\/index.php?rest_route=\/wp\/v2\/event\/34595","targetHints":{"allow":["GET"]}}],"collection":[{"href":"https:\/\/nouveau.maisonmallet.com\/back05_01\/index.php?rest_route=\/wp\/v2\/event"}],"about":[{"href":"https:\/\/nouveau.maisonmallet.com\/back05_01\/index.php?rest_route=\/wp\/v2\/types\/event"}],"wp:featuredmedia":[{"embeddable":true,"href":"https:\/\/nouveau.maisonmallet.com\/back05_01\/index.php?rest_route=\/wp\/v2\/media\/34666"}],"wp:attachment":[{"href":"https:\/\/nouveau.maisonmallet.com\/back05_01\/index.php?rest_route=%2Fwp%2Fv2%2Fmedia&parent=34595"}],"wp:term":[{"taxonomy":"event_cat","embeddable":true,"href":"https:\/\/nouveau.maisonmallet.com\/back05_01\/index.php?rest_route=%2Fwp%2Fv2%2Fevent_cat&post=34595"}],"curies":[{"name":"wp","href":"https:\/\/api.w.org\/{rel}","templated":true}]}}