{"id":34700,"date":"2022-09-17T21:34:41","date_gmt":"2022-09-18T01:34:41","guid":{"rendered":"https:\/\/nouveau.maisonmallet.com\/?post_type=event&#038;p=34700"},"modified":"2022-10-06T10:15:47","modified_gmt":"2022-10-06T14:15:47","slug":"madore-robert","status":"publish","type":"event","link":"https:\/\/nouveau.maisonmallet.com\/back05_01\/?event=madore-robert","title":{"rendered":"MADORE, Robert"},"content":{"rendered":"<p>1963 &#8211; 2022<\/p>\n<p>MADORE, Robert<\/p>\n<p>&nbsp;<\/p>\n<p>\u00c0 Mary\u2019s Harbour, TNL, le 20 ao\u00fbt 2022, est d\u00e9c\u00e9d\u00e9 \u00e0 l\u2019\u00e2ge de 58 ans, monsieur Robert Madore \u00e9poux de madame Mailyn Gomez, fils de feu Gilles Madore et de feu Th\u00e9r\u00e8se Ringuette, domicili\u00e9 \u00e0 Clarke-City.<\/p>\n<p>La c\u00e9r\u00e9monie comm\u00e9morative de monsieur Robert Madore aura lieu le samedi 8 octobre 2022 \u00e0 10 h 30 en l\u2019\u00e9glise Marie-Immacul\u00e9e situ\u00e9e au 180, rue Papineau \u00e0 Sept-\u00celes.<\/p>\n<p>Selon ses volont\u00e9s, il a \u00e9t\u00e9 confi\u00e9 au cr\u00e9matorium de la maison Mallet &amp; fils pour cr\u00e9mation.<\/p>\n<p>La famille re\u00e7oit parents et amis le vendredi 7 octobre 2022 de 19 h \u00e0 22 h. Le samedi 8 octobre 2022 jour de la c\u00e9r\u00e9monie \u00e0 compter de 9 h au Complexe Thanatologique Mallet &amp; fils du 585 Boul. Laure \u00e0 Sept-\u00celes.<\/p>\n<p>Il laisse dans le deuil outre son \u00e9pouse madame Mailyn Gomez, ses filles\u00a0: Myriam et Camille, sa belle-fille Emily, ses s\u0153urs\u00a0: Lise (Paul Gagnon), Carole (Marc-Andr\u00e9 Paradis) et Anne (Jacques Lafrance), son fr\u00e8re Luc (Nathalie Vigeant), ses neveux, ses ni\u00e8ces, ses tantes, ses cousins, ses cousines et de nombreux ami(e)s.<\/p>\n<p>La famille \u00e0 confier\u00a0 les arrangements fun\u00e9raires aux services professionnels de la Maison Mallet &amp; fils du 585 boul. Laure \u00e0 Sept-\u00celes, maintenant reconnue Distinction et membre de la Corporation des Thanatologues du Qu\u00e9bec.<\/p>\n<p>Vous pouvez consulter cet avis de d\u00e9c\u00e8s sur le <a href=\"https:\/\/nouveau.maisonmallet.com\/back05_01\">www.maisonmallet.com<\/a><\/p>\n<p>Ceux et celles qui le d\u00e9sirent, peuvent y envoyer des messages de sympathie.<\/p>\n<p>&nbsp;<\/p>\n<hr \/>\n<p>Envoyer vos condol\u00e9ances<\/p>\n<p>[contact-form to=\u00a0\u00bbmyriam.madore@outlook.com\u00a0\u00bb subject=\u00a0\u00bbCondol\u00e9ances Robert Madore\u00a0\u00bb][contact-field label=\u00a0\u00bbVotre nom\u00a0\u00bb type=\u00a0\u00bbname\u00a0\u00bb required=\u00a0\u00bb1&Prime;][contact-field label=\u00a0\u00bbVotre courriel\u00a0\u00bb type=\u00a0\u00bbemail\u00a0\u00bb required=\u00a0\u00bb1&Prime;][contact-field label=\u00a0\u00bbCondol\u00e9ances\u00a0\u00bb type=\u00a0\u00bbtextarea\u00a0\u00bb][\/contact-form]<\/p>\n","protected":false},"featured_media":34702,"template":"","event_cat":[6],"class_list":["post-34700","event","type-event","status-publish","has-post-thumbnail","hentry","event_cat-maison-mallet-et-fils-inc"],"_links":{"self":[{"href":"https:\/\/nouveau.maisonmallet.com\/back05_01\/index.php?rest_route=\/wp\/v2\/event\/34700","targetHints":{"allow":["GET"]}}],"collection":[{"href":"https:\/\/nouveau.maisonmallet.com\/back05_01\/index.php?rest_route=\/wp\/v2\/event"}],"about":[{"href":"https:\/\/nouveau.maisonmallet.com\/back05_01\/index.php?rest_route=\/wp\/v2\/types\/event"}],"wp:featuredmedia":[{"embeddable":true,"href":"https:\/\/nouveau.maisonmallet.com\/back05_01\/index.php?rest_route=\/wp\/v2\/media\/34702"}],"wp:attachment":[{"href":"https:\/\/nouveau.maisonmallet.com\/back05_01\/index.php?rest_route=%2Fwp%2Fv2%2Fmedia&parent=34700"}],"wp:term":[{"taxonomy":"event_cat","embeddable":true,"href":"https:\/\/nouveau.maisonmallet.com\/back05_01\/index.php?rest_route=%2Fwp%2Fv2%2Fevent_cat&post=34700"}],"curies":[{"name":"wp","href":"https:\/\/api.w.org\/{rel}","templated":true}]}}