{"id":34745,"date":"2022-09-26T07:40:04","date_gmt":"2022-09-26T11:40:04","guid":{"rendered":"https:\/\/nouveau.maisonmallet.com\/?post_type=event&#038;p=34745"},"modified":"2022-09-27T07:45:04","modified_gmt":"2022-09-27T11:45:04","slug":"levesque-herve","status":"publish","type":"event","link":"https:\/\/nouveau.maisonmallet.com\/back05_01\/?event=levesque-herve","title":{"rendered":"LEVESQUE, Herv\u00e9"},"content":{"rendered":"<p>1935 \u2013 2022<\/p>\n<p>LEVESQUE, Herv\u00e9<\/p>\n<p>&nbsp;<\/p>\n<p>\u00c0 Sept-\u00celes (maison \u00c9lyme des Sables), le 21 septembre 2022, est d\u00e9c\u00e9d\u00e9 \u00e0 l\u2019\u00e2ge de 87 ans, monsieur Herv\u00e9 Levesque \u00e9poux de feu Janine Arsenault et domicili\u00e9 \u00e0 Sept-\u00celes.<\/p>\n<p>Les fun\u00e9railles de monsieur Herv\u00e9 Levesque auront lieu le samedi 1<sup>er<\/sup> octobre 2022 \u00e0 10 h 30 en l\u2019\u00e9glise St-Joseph situ\u00e9e au 535, ave. Brochu \u00e0 Sept-\u00celes et de l\u00e0 au cimeti\u00e8re de l`endroit.<\/p>\n<p>Selon ses volont\u00e9s, il a \u00e9t\u00e9 confi\u00e9 au cr\u00e9matorium de la Maison Mallet &amp; fils pour cr\u00e9mation.<\/p>\n<p>La famille re\u00e7oit parents et amis le vendredi 30 septembre 2022 de 19 h \u00e0 22 h. Le samedi 1<sup>er<\/sup> octobre 2022 jour des fun\u00e9railles \u00e0 compter de 9 h au Complexe Thanatologique Mallet &amp; fils du 585, boul. Laure \u00e0 Sept-\u00celes.<\/p>\n<p>Il laisse dans le deuil ses enfants\u00a0: Denis (Martine St-Denis), Chantal (Christian Paradis), et Sonia (Larry Cota), ses petits-enfants\u00a0: Martin (Jade Bouchard), Marie-H\u00e9l\u00e8ne (David Gendron), Julien (Justine Bouchard) et Ariane (Timoth\u00e9 St-Arnaud) ainsi que ses belles-s\u0153urs\u00a0: Blanche (Fernand Paradis) et Lisette (feu Marc Arsenault), ses neveux, ses ni\u00e8ces, ses cousins, ses cousines et de nombreux ami(e)s.<\/p>\n<p>Un merci sp\u00e9cial \u00e0 Dr. Annie Lebel pour ces soins professionnels \u00e0 dimension humaine. Merci \u00e0 l\u2019\u00e9quipe des B\u00e2tisseurs et de l\u2019\u00c9lyme des Sables ainsi qu\u2019\u00e0 Cynthia Harvey du CISSS pour leur d\u00e9vouement.<\/p>\n<p>Vos marques de sympathie peuvent se traduire par un don \u00e0 l\u2019\u00c9lyme des Sables <a href=\"http:\/\/www.elymedessables.com\">www.elymedessables.com<\/a><\/p>\n<p>La famille a confi\u00e9 la direction des fun\u00e9railles aux services professionnels de la Maison Mallet &amp; fils du 585 boul. Laure \u00e0 Sept-\u00celes, maintenant reconnue Distinction et membre de la Corporation des Thanatologues du Qu\u00e9bec.<\/p>\n<p>Vous pouvez consulter cet avis de d\u00e9c\u00e8s sur le <a href=\"https:\/\/nouveau.maisonmallet.com\/back05_01\">www.maisonmallet.com<\/a><\/p>\n<p>Ceux et celles qui le d\u00e9sirent, peuvent y envoyer des messages de sympathie.<\/p>\n<p>&nbsp;<\/p>\n<hr \/>\n<p>Envoyer vos condol\u00e9ances<\/p>\n<p>[contact-form to=\u00a0\u00bbsonia.levesque14@gmail.com\u00a0\u00bb subject=\u00a0\u00bbCondol\u00e9ances Herv\u00e9 Levesque\u00a0\u00bb][contact-field label=\u00a0\u00bbVotre nom\u00a0\u00bb type=\u00a0\u00bbname\u00a0\u00bb required=\u00a0\u00bb1&Prime;][contact-field label=\u00a0\u00bbVotre courriel\u00a0\u00bb type=\u00a0\u00bbemail\u00a0\u00bb required=\u00a0\u00bb1&Prime;][contact-field label=\u00a0\u00bbCondol\u00e9ances\u00a0\u00bb type=\u00a0\u00bbtextarea\u00a0\u00bb][\/contact-form]<\/p>\n","protected":false},"featured_media":34810,"template":"","event_cat":[6],"class_list":["post-34745","event","type-event","status-publish","has-post-thumbnail","hentry","event_cat-maison-mallet-et-fils-inc"],"_links":{"self":[{"href":"https:\/\/nouveau.maisonmallet.com\/back05_01\/index.php?rest_route=\/wp\/v2\/event\/34745","targetHints":{"allow":["GET"]}}],"collection":[{"href":"https:\/\/nouveau.maisonmallet.com\/back05_01\/index.php?rest_route=\/wp\/v2\/event"}],"about":[{"href":"https:\/\/nouveau.maisonmallet.com\/back05_01\/index.php?rest_route=\/wp\/v2\/types\/event"}],"wp:featuredmedia":[{"embeddable":true,"href":"https:\/\/nouveau.maisonmallet.com\/back05_01\/index.php?rest_route=\/wp\/v2\/media\/34810"}],"wp:attachment":[{"href":"https:\/\/nouveau.maisonmallet.com\/back05_01\/index.php?rest_route=%2Fwp%2Fv2%2Fmedia&parent=34745"}],"wp:term":[{"taxonomy":"event_cat","embeddable":true,"href":"https:\/\/nouveau.maisonmallet.com\/back05_01\/index.php?rest_route=%2Fwp%2Fv2%2Fevent_cat&post=34745"}],"curies":[{"name":"wp","href":"https:\/\/api.w.org\/{rel}","templated":true}]}}