{"id":35628,"date":"2022-11-07T13:54:31","date_gmt":"2022-11-07T18:54:31","guid":{"rendered":"https:\/\/nouveau.maisonmallet.com\/?post_type=event&#038;p=35628"},"modified":"2022-11-08T14:01:47","modified_gmt":"2022-11-08T19:01:47","slug":"vigneault-beatrice","status":"publish","type":"event","link":"https:\/\/nouveau.maisonmallet.com\/back05_01\/?event=vigneault-beatrice","title":{"rendered":"VIGNEAULT, B\u00e9atrice"},"content":{"rendered":"<p>Le Complexe Thanatologique Mallet &amp; fils a le regret de vous annoncer le d\u00e9c\u00e8s de<\/p>\n<p>VIGNEAULT, B\u00e9atrice<\/p>\n<p>1927 &#8211; 2022<\/p>\n<p>&nbsp;<\/p>\n<p>&nbsp;<\/p>\n<p>\u00c0 Sept-\u00celes, le 6 novembre 2022, est d\u00e9c\u00e9d\u00e9e \u00e0 l\u2019\u00e2ge de 95 ans, madame B\u00e9atrice Vigneault \u00e9pouse de feu L\u00e9opold Boudreault et domicili\u00e9e \u00e0 Sept-\u00celes.<\/p>\n<p>Les fun\u00e9railles de madame B\u00e9atrice Vigneault auront lieu le vendredi 11 novembre 2022 \u00e0 14 h en l\u2019\u00e9glise St-C\u0153ur de Marie situ\u00e9e au 175, rue de l\u2019\u00e9glise \u00e0 Clarke-City et de l\u00e0 au cimeti\u00e8re de l`endroit.<\/p>\n<p>Selon ses volont\u00e9s, elle a \u00e9t\u00e9 confi\u00e9e au cr\u00e9matorium de la Maison Mallet &amp; fils pour cr\u00e9mation.<\/p>\n<p>La famille re\u00e7oit parents et amis le vendredi 11 novembre 2022 jour des fun\u00e9railles \u00e0 compter de 13 h \u00e0 l\u2019\u00e9glise St-C\u0153ur de Marie de Clarke-City.<\/p>\n<p>Elle laisse dans le deuil ses fils\u00a0: Donald (Lise Vienneau), Ga\u00e9tan (Lucie Apestiguy), Gilles et Jeannot, ses petits-enfants\u00a0: Andr\u00e9, Christian, Karine, Sylvain, Loulou et St\u00e9phanie, ses arri\u00e8re-petits-enfants\u00a0: Alexandre, Arianne, Maxime, Zachary, Logan, J\u00e9rome, Marie-Soleil, Aur\u00e9lie, Mariane, Julia, \u00c9lie et Flora ainsi que sa s\u0153ur Gertrude, ses beaux-fr\u00e8res, ses belles-s\u0153urs, ses neveux, ses ni\u00e8ces et ses nombreux ami(e)s.<\/p>\n<p>Vos marques de sympathie peuvent se traduire par un don \u00e0 Diab\u00e8te Qu\u00e9bec <a href=\"http:\/\/www.diabete.qc.ca\">www.diabete.qc.ca<\/a><\/p>\n<p>La famille a confi\u00e9 la direction des fun\u00e9railles aux services professionnels de la Maison Mallet &amp; fils du 585 Boul. Laure \u00e0 Sept-\u00celes, maintenant reconnue Distinction et membre de la Corporation des Thanatologues du Qu\u00e9bec.<\/p>\n<p>Vous pouvez consulter cet avis de d\u00e9c\u00e8s sur le\u00a0: <a href=\"https:\/\/nouveau.maisonmallet.com\/back05_01\">www.maisonmallet.com<\/a><\/p>\n<p>Ceux et celles qui le d\u00e9sirent, peuvent y envoyer des messages de sympathie.<\/p>\n<p>&nbsp;<\/p>\n<hr \/>\n<p>Envoyer vos condol\u00e9ances<\/p>\n<p>[contact-form to=\u00a0\u00bbboudrojan@hotmail.com\u00a0\u00bb subject=\u00a0\u00bbCondol\u00e9ances B\u00e9atrice Vigneault\u00a0\u00bb][contact-field label=\u00a0\u00bbVotre nom\u00a0\u00bb type=\u00a0\u00bbname\u00a0\u00bb required=\u00a0\u00bb1&Prime;][contact-field label=\u00a0\u00bbVotre courriel\u00a0\u00bb type=\u00a0\u00bbemail\u00a0\u00bb required=\u00a0\u00bb1&Prime;][contact-field label=\u00a0\u00bbCondol\u00e9ances\u00a0\u00bb type=\u00a0\u00bbtextarea\u00a0\u00bb][\/contact-form]<\/p>\n","protected":false},"featured_media":35652,"template":"","event_cat":[6],"class_list":["post-35628","event","type-event","status-publish","has-post-thumbnail","hentry","event_cat-maison-mallet-et-fils-inc"],"_links":{"self":[{"href":"https:\/\/nouveau.maisonmallet.com\/back05_01\/index.php?rest_route=\/wp\/v2\/event\/35628","targetHints":{"allow":["GET"]}}],"collection":[{"href":"https:\/\/nouveau.maisonmallet.com\/back05_01\/index.php?rest_route=\/wp\/v2\/event"}],"about":[{"href":"https:\/\/nouveau.maisonmallet.com\/back05_01\/index.php?rest_route=\/wp\/v2\/types\/event"}],"wp:featuredmedia":[{"embeddable":true,"href":"https:\/\/nouveau.maisonmallet.com\/back05_01\/index.php?rest_route=\/wp\/v2\/media\/35652"}],"wp:attachment":[{"href":"https:\/\/nouveau.maisonmallet.com\/back05_01\/index.php?rest_route=%2Fwp%2Fv2%2Fmedia&parent=35628"}],"wp:term":[{"taxonomy":"event_cat","embeddable":true,"href":"https:\/\/nouveau.maisonmallet.com\/back05_01\/index.php?rest_route=%2Fwp%2Fv2%2Fevent_cat&post=35628"}],"curies":[{"name":"wp","href":"https:\/\/api.w.org\/{rel}","templated":true}]}}