{"id":35847,"date":"2022-11-20T17:26:22","date_gmt":"2022-11-20T22:26:22","guid":{"rendered":"https:\/\/nouveau.maisonmallet.com\/?post_type=event&#038;p=35847"},"modified":"2024-01-17T21:18:45","modified_gmt":"2024-01-18T02:18:45","slug":"cote-guy","status":"publish","type":"event","link":"https:\/\/nouveau.maisonmallet.com\/back05_01\/?event=cote-guy","title":{"rendered":"C\u00d4T\u00c9, Guy"},"content":{"rendered":"<p>La Maison L.J.G. Mallet a le regret de vous annoncer le d\u00e9c\u00e8s de<\/p>\n<p>Guy C\u00f4t\u00e9<\/p>\n<p>1961 \u2013 2022<\/p>\n<p>&nbsp;<\/p>\n<p>\u00c0 Havre-Saint-Pierre, le 20 novembre 2022, est d\u00e9c\u00e9d\u00e9 \u00e0 l\u2019\u00e2ge de 61 ans, monsieur Guy C\u00f4t\u00e9 fils de feu Laurent C\u00f4t\u00e9 et de madame B\u00e9rang\u00e8re Nadeau domicili\u00e9 \u00e0 Havre-Saint-Pierre.<\/p>\n<p>Les fun\u00e9railles de monsieur Guy C\u00f4t\u00e9 auront lieu le samedi 2 septembre 2023 \u00e0 14 h en l\u2019\u00e9glise Saint-Pierre de Havre-Saint-Pierre et de l\u00e0 au cimeti\u00e8re de l`endroit.<\/p>\n<p>Selon ses volont\u00e9s il a \u00e9t\u00e9 confi\u00e9 au cr\u00e9matorium la Maison L.J.G. Mallet pour cr\u00e9mation.<\/p>\n<p>La famille re\u00e7oit parents et amis le vendredi 1er septembre 2023 de 19 h \u00e0 22 h, le samedi 2 septembre 2023 jour des fun\u00e9railles \u00e0 compter de 13 h au salon de la Maison L.J.G. Mallet situ\u00e9 au 1429, rue du Canot \u00e0 Havre-Saint-Pierre.<\/p>\n<p>Il laisse dans le deuil sa m\u00e8re madame B\u00e9rang\u00e8re Nadeau, ses fr\u00e8res\u00a0: Robert (Chantal Imbeault et sa fille Marjorie (Hugo)) et Gervais, ses s\u0153urs\u00a0: Guylaine (\u00c9tienne Barriault) et Suzie (Serge Poirier), son neveu J\u00e9r\u00e9my (Harley), sa ni\u00e8ce Joannie (Simon) ainsi que ses oncles, ses tantes, ses cousins, ses cousines et de nombreux coll\u00e8gues et ami(e)s.<\/p>\n<p>Vos marques de sympathie peuvent se traduire par un don \u00e0 la Soci\u00e9t\u00e9 Canadienne du cancer <a href=\"http:\/\/www.cancer.ca\">www.cancer.ca<\/a><\/p>\n<p>La famille a confi\u00e9 la direction des fun\u00e9railles aux services professionnels de la Maison L.J.G. Mallet du 1429, rue du Canot \u00e0 Havre-Saint-Pierre, maintenant reconnue Distinction et membre de la Corporation des Thanatologues du Qu\u00e9bec.<\/p>\n<p>Vous pouvez consulter cet avis de d\u00e9c\u00e8s, sur le site web \u00e0 l\u2019adresse\u00a0 <a href=\"https:\/\/nouveau.maisonmallet.com\/back05_01\">www.maisonmallet.com<\/a><\/p>\n<p>Ceux et celles qui le d\u00e9sirent, peuvent y envoyer des messages de sympathie.<\/p>\n<hr \/>\n<p>Envoyer vos condol\u00e9ances<\/p>\n<p>[contact-form to=\u00a0\u00bbfamilleguyc1842@gmail.com\u00a0\u00bb subject=\u00a0\u00bbCondol\u00e9ances Guy C\u00f4t\u00e9\u00a0\u00bb][contact-field label=\u00a0\u00bbVotre nom\u00a0\u00bb type=\u00a0\u00bbname\u00a0\u00bb required=\u00a0\u00bb1&Prime;][contact-field label=\u00a0\u00bbVotre courriel\u00a0\u00bb type=\u00a0\u00bbemail\u00a0\u00bb required=\u00a0\u00bb1&Prime;][contact-field label=\u00a0\u00bbCondol\u00e9ances\u00a0\u00bb type=\u00a0\u00bbtextarea\u00a0\u00bb][\/contact-form]<\/p>\n","protected":false},"featured_media":35903,"template":"","event_cat":[7],"class_list":["post-35847","event","type-event","status-publish","has-post-thumbnail","hentry","event_cat-maison-l-j-g-mallet-inc"],"_links":{"self":[{"href":"https:\/\/nouveau.maisonmallet.com\/back05_01\/index.php?rest_route=\/wp\/v2\/event\/35847","targetHints":{"allow":["GET"]}}],"collection":[{"href":"https:\/\/nouveau.maisonmallet.com\/back05_01\/index.php?rest_route=\/wp\/v2\/event"}],"about":[{"href":"https:\/\/nouveau.maisonmallet.com\/back05_01\/index.php?rest_route=\/wp\/v2\/types\/event"}],"wp:featuredmedia":[{"embeddable":true,"href":"https:\/\/nouveau.maisonmallet.com\/back05_01\/index.php?rest_route=\/wp\/v2\/media\/35903"}],"wp:attachment":[{"href":"https:\/\/nouveau.maisonmallet.com\/back05_01\/index.php?rest_route=%2Fwp%2Fv2%2Fmedia&parent=35847"}],"wp:term":[{"taxonomy":"event_cat","embeddable":true,"href":"https:\/\/nouveau.maisonmallet.com\/back05_01\/index.php?rest_route=%2Fwp%2Fv2%2Fevent_cat&post=35847"}],"curies":[{"name":"wp","href":"https:\/\/api.w.org\/{rel}","templated":true}]}}