{"id":36161,"date":"2022-11-30T00:03:13","date_gmt":"2022-11-30T05:03:13","guid":{"rendered":"https:\/\/nouveau.maisonmallet.com\/?post_type=event&#038;p=36161"},"modified":"2022-12-01T00:07:46","modified_gmt":"2022-12-01T05:07:46","slug":"masse-adrienna","status":"publish","type":"event","link":"https:\/\/nouveau.maisonmallet.com\/back05_01\/?event=masse-adrienna","title":{"rendered":"MASS\u00c9, Adrienna"},"content":{"rendered":"<p>Le Complexe Thanatologique Mallet &amp; fils a le regret de vous annoncer le d\u00e9c\u00e8s de<\/p>\n<p>Adrienna Mass\u00e9<\/p>\n<p>1931 \u2013 2022<\/p>\n<p>\u00c0 Sept-\u00celes, le 25 novembre 2022, est d\u00e9c\u00e9d\u00e9e \u00e0 l\u2019\u00e2ge de 91 ans, madame Adrienna Mass\u00e9 \u00e9pouse de feu Raymond Boucher et domicili\u00e9e \u00e0 Sept-\u00celes.<\/p>\n<p>Les fun\u00e9railles de madame Adrienna Mass\u00e9 auront lieu le mardi 6 d\u00e9cembre 2022 \u00e0 10 h 30 en l\u2019\u00e9glise Marie-Immacul\u00e9e situ\u00e9e au 180, rue Papineau \u00e0 Sept-\u00celes.<\/p>\n<p>La famille re\u00e7oit parents et amis le lundi 5 d\u00e9cembre 2022 de 19 h \u00e0 22 h. Le mardi 6 d\u00e9cembre 2022 jour des fun\u00e9railles \u00e0 compter de 9 h au Complexe Thanatologique Mallet &amp; fils du 585 Boul. Laure \u00e0 Sept-\u00celes.<\/p>\n<p>Elle laisse dans le deuil sa fille H\u00e9l\u00e8ne (Daniel Girard), ses fils Jocelyn (H\u00e9l\u00e8ne Girard), Alain, Donald (Annie Fournier), ses petits-enfants\u00a0: Anick (Yannick Lefebvre), Cindy, Maxime (Jessica Narbonne), Annie-Claude (Hugo M\u00e9thot), Joany (Francis Olsen), Jessie, Kathy et Claudia, ses arri\u00e8re-petits-enfants\u00a0: \u00c9li-Charles, Ange-H\u00e9mi, Zachary, Benjamin, Adriana, Oph\u00e9lie, Emma, Mia et Charles ainsi que sa s\u0153ur Doris, ses ni\u00e8ces, neveux et de nombreux ami(e)s.<\/p>\n<p>Elle \u00e9tait la m\u00e8re de feu Claude.<\/p>\n<p>Vos marques de sympathie peuvent se traduire par un don \u00e0 l\u2019\u00c9lyme des Sables <a href=\"http:\/\/www.elymedessables.com\">www.elymedessables.com<\/a><\/p>\n<p>La famille a confi\u00e9 la direction des fun\u00e9railles aux services professionnels de la Maison Mallet &amp; fils du 585 Boul. Laure \u00e0 Sept-\u00celes, maintenant reconnue Distinction et membre de la Corporation des Thanatologues du Qu\u00e9bec.<\/p>\n<p>Vous pouvez consulter cet avis de d\u00e9c\u00e8s, sur le <a href=\"https:\/\/nouveau.maisonmallet.com\">www.maisonmallet.com<\/a><\/p>\n<p>Ceux et celles qui le d\u00e9sirent, peuvent y envoyer des messages de sympathie.<\/p>\n<p>&nbsp;<\/p>\n<hr \/>\n<p>Envoyer vos condol\u00e9ances<\/p>\n<p>[contact-form to=\u00a0\u00bbheleneboucher19@hotmail.com\u00a0\u00bb subject=\u00a0\u00bbCondol\u00e9ances Adrienna Mass\u00e9\u00a0\u00bb][contact-field label=\u00a0\u00bbVotre nom\u00a0\u00bb type=\u00a0\u00bbname\u00a0\u00bb required=\u00a0\u00bb1&Prime;][contact-field label=\u00a0\u00bbVotre courriel\u00a0\u00bb type=\u00a0\u00bbemail\u00a0\u00bb required=\u00a0\u00bb1&Prime;][contact-field label=\u00a0\u00bbCondol\u00e9ances\u00a0\u00bb type=\u00a0\u00bbtextarea\u00a0\u00bb][\/contact-form]<\/p>\n","protected":false},"featured_media":36176,"template":"","event_cat":[6],"class_list":["post-36161","event","type-event","status-publish","has-post-thumbnail","hentry","event_cat-maison-mallet-et-fils-inc"],"_links":{"self":[{"href":"https:\/\/nouveau.maisonmallet.com\/back05_01\/index.php?rest_route=\/wp\/v2\/event\/36161","targetHints":{"allow":["GET"]}}],"collection":[{"href":"https:\/\/nouveau.maisonmallet.com\/back05_01\/index.php?rest_route=\/wp\/v2\/event"}],"about":[{"href":"https:\/\/nouveau.maisonmallet.com\/back05_01\/index.php?rest_route=\/wp\/v2\/types\/event"}],"wp:featuredmedia":[{"embeddable":true,"href":"https:\/\/nouveau.maisonmallet.com\/back05_01\/index.php?rest_route=\/wp\/v2\/media\/36176"}],"wp:attachment":[{"href":"https:\/\/nouveau.maisonmallet.com\/back05_01\/index.php?rest_route=%2Fwp%2Fv2%2Fmedia&parent=36161"}],"wp:term":[{"taxonomy":"event_cat","embeddable":true,"href":"https:\/\/nouveau.maisonmallet.com\/back05_01\/index.php?rest_route=%2Fwp%2Fv2%2Fevent_cat&post=36161"}],"curies":[{"name":"wp","href":"https:\/\/api.w.org\/{rel}","templated":true}]}}