{"id":36463,"date":"2022-12-08T17:24:14","date_gmt":"2022-12-08T22:24:14","guid":{"rendered":"https:\/\/nouveau.maisonmallet.com\/?post_type=event&#038;p=36463"},"modified":"2022-12-09T17:28:43","modified_gmt":"2022-12-09T22:28:43","slug":"tremblay-sheila","status":"publish","type":"event","link":"https:\/\/nouveau.maisonmallet.com\/back05_01\/?event=tremblay-sheila","title":{"rendered":"TREMBLAY, Sheila"},"content":{"rendered":"<p>Le Complexe Thanatologique Mallet &amp; fils a le regret de vous annoncer le d\u00e9c\u00e8s de<\/p>\n<p>Sheila Tremblay<\/p>\n<p>1966 \u2013 2022<\/p>\n<p>&nbsp;<\/p>\n<p>&nbsp;<\/p>\n<p>\u00c0 Sept-\u00celes (Maison \u00c9lyme des Sables), le 5 d\u00e9cembre 2022, est d\u00e9c\u00e9d\u00e9e \u00e0 l&rsquo;\u00e2ge de 56 ans, madame Sheila Tremblay fille de feu Henri Tremblay et de madame Pauline Boudreault domicili\u00e9e \u00e0 Sept-\u00celes.<\/p>\n<p>Selon ses volont\u00e9s, elle a \u00e9t\u00e9 confi\u00e9e au cr\u00e9matorium de la maison Mallet &amp; fils pour cr\u00e9mation.<\/p>\n<p>Elle laisse dans le deuil son fils Jonathan (Catherine Richard), sa fille Jennifer (Johnny Boucher), ses petits-enfants : Lilly-Ann, Nathan et Alexis, sa m\u00e8re madame Pauline Boudreault (feu Henri Tremblay) ainsi que son fr\u00e8re St\u00e9phane, ses neveux, ses ni\u00e8ces, ses oncles, ses tantes, ses cousins, ses cousines et de nombreux ami(e)s.<\/p>\n<p>Vos marques de sympathie peuvent se traduire par un don \u00e0 l\u2019\u00c9lyme des Sables <a href=\"http:\/\/www.elymedessables.com\">www.elymedessables.com<\/a><\/p>\n<p>La famille a confi\u00e9 les arrangements aux services professionnels de la Maison Mallet &amp; fils du 585, boul. Laure \u00e0 Sept-\u00celes, membre de la Corporation des Thanatologues du Qu\u00e9bec.<\/p>\n<p>Vous pouvez consulter cet avis de d\u00e9c\u00e8s, sur le\u00a0<a href=\"https:\/\/nouveau.maisonmallet.com\/\">www.maisonmallet.com<\/a><\/p>\n<p>Ceux et celles qui le d\u00e9sirent, peuvent y envoyer des messages de sympathie.<\/p>\n<p>&nbsp;<\/p>\n<p>&nbsp;<\/p>\n<hr \/>\n<p>Envoyer vos condol\u00e9ances<\/p>\n<p>[contact-form to=\u00a0\u00bbjpelletier@wescodist.com\u00a0\u00bb subject=\u00a0\u00bbCondol\u00e9ances Sheila Tremblay\u00a0\u00bb][contact-field label=\u00a0\u00bbVotre nom\u00a0\u00bb type=\u00a0\u00bbname\u00a0\u00bb required=\u00a0\u00bb1&Prime;][contact-field label=\u00a0\u00bbVotre courriel\u00a0\u00bb type=\u00a0\u00bbemail\u00a0\u00bb required=\u00a0\u00bb1&Prime;][contact-field label=\u00a0\u00bbCondol\u00e9ances\u00a0\u00bb type=\u00a0\u00bbtextarea\u00a0\u00bb][\/contact-form]<\/p>\n","protected":false},"featured_media":36467,"template":"","event_cat":[6],"class_list":["post-36463","event","type-event","status-publish","has-post-thumbnail","hentry","event_cat-maison-mallet-et-fils-inc"],"_links":{"self":[{"href":"https:\/\/nouveau.maisonmallet.com\/back05_01\/index.php?rest_route=\/wp\/v2\/event\/36463","targetHints":{"allow":["GET"]}}],"collection":[{"href":"https:\/\/nouveau.maisonmallet.com\/back05_01\/index.php?rest_route=\/wp\/v2\/event"}],"about":[{"href":"https:\/\/nouveau.maisonmallet.com\/back05_01\/index.php?rest_route=\/wp\/v2\/types\/event"}],"wp:featuredmedia":[{"embeddable":true,"href":"https:\/\/nouveau.maisonmallet.com\/back05_01\/index.php?rest_route=\/wp\/v2\/media\/36467"}],"wp:attachment":[{"href":"https:\/\/nouveau.maisonmallet.com\/back05_01\/index.php?rest_route=%2Fwp%2Fv2%2Fmedia&parent=36463"}],"wp:term":[{"taxonomy":"event_cat","embeddable":true,"href":"https:\/\/nouveau.maisonmallet.com\/back05_01\/index.php?rest_route=%2Fwp%2Fv2%2Fevent_cat&post=36463"}],"curies":[{"name":"wp","href":"https:\/\/api.w.org\/{rel}","templated":true}]}}