{"id":36468,"date":"2022-12-09T19:57:21","date_gmt":"2022-12-10T00:57:21","guid":{"rendered":"https:\/\/nouveau.maisonmallet.com\/?post_type=event&#038;p=36468"},"modified":"2022-12-10T20:06:20","modified_gmt":"2022-12-11T01:06:20","slug":"richard-daniel","status":"publish","type":"event","link":"https:\/\/nouveau.maisonmallet.com\/back05_01\/?event=richard-daniel","title":{"rendered":"RICHARD, Daniel"},"content":{"rendered":"<p>La Maison L.J.G. Mallet a le regret de vous annoncer le d\u00e9c\u00e8s de<\/p>\n<p>&nbsp;<\/p>\n<p>Daniel Richard<\/p>\n<p>1947 &#8211; 2022<\/p>\n<p>&nbsp;<\/p>\n<p>\u00c0 Havre-Saint-Pierre, le 4 d\u00e9cembre 2022, est d\u00e9c\u00e9d\u00e9 \u00e0 l\u2019\u00e2ge de 75 ans, monsieur Daniel Richard \u00e9poux de madame Gemma Vigneault et domicili\u00e9 \u00e0 Havre-Saint-Pierre.<\/p>\n<p>Les fun\u00e9railles de monsieur Daniel Richard auront lieu le lundi 19 d\u00e9cembre 2022 \u00e0 16 h en l\u2019\u00e9glise St-Pierre de Havre-St-Pierre.<\/p>\n<p>Selon ses volont\u00e9s il a \u00e9t\u00e9 confi\u00e9 au cr\u00e9matorium la Maison L.J.G. Mallet pour cr\u00e9mation.<\/p>\n<p>La famille re\u00e7oit parents et amis le dimanche 18 d\u00e9cembre 2022 de 19 h \u00e0 22 h. Le lundi 19 d\u00e9cembre 2022 jour des fun\u00e9railles \u00e0 compter de 15 h au salon de la maison L.J.G. Mallet du 1429, rue du Canot \u00e0 Havre-Saint-Pierre.<\/p>\n<p>Il laisse dans le deuil outre son \u00e9pouse madame Gemma Vigneault, sa fille Sophie (Marco Alizzi), son fils Eddy (Nadia Gallant), ses petits-fils\u00a0: F\u00e9lix et Zack, sa petite-fille Jade ainsi que son fr\u00e8re Michel (\u00c8dith Jomphe), ses s\u0153urs\u00a0: H\u00e9l\u00e8ne (L\u00e9onard D\u00e9raps), Monique (Julien-Marie Quessy) et Luce (Gabriel Landry), ses beaux-fr\u00e8res, ses belles-s\u0153urs, ses neveux, ses ni\u00e8ces, sa tante, ses cousins, ses cousines et de nombreux ami(e)s.<\/p>\n<p>Vos marques de sympathie peuvent se traduire par un don \u00e0 la Soci\u00e9t\u00e9 Canadienne du cancer.<\/p>\n<p>La famille a confi\u00e9 la direction des fun\u00e9railles aux services professionnels de la Maison L.J.G. Mallet du 1429, rue du Canot \u00e0 Havre-Saint-Pierre, maintenant reconnue Distinction et membre de la Corporation des Thanatologues du Qu\u00e9bec.<\/p>\n<p>Vous pouvez consulter cet avis de d\u00e9c\u00e8s, sur le site web \u00e0 l\u2019adresse\u00a0 <a href=\"https:\/\/nouveau.maisonmallet.com\">www.maisonmallet.com<\/a><\/p>\n<p>Ceux et celles qui le d\u00e9sirent, peuvent y envoyer des messages de sympathie.<\/p>\n<p>&nbsp;<\/p>\n<p>&nbsp;<\/p>\n<hr \/>\n<p>Envoyer vos condol\u00e9ances<\/p>\n<p>[contact-form to=\u00a0\u00bbeddy.richard@usus.ca\u00a0\u00bb subject=\u00a0\u00bbCondol\u00e9ances Daniel Richard\u00a0\u00bb][contact-field label=\u00a0\u00bbVotre nom\u00a0\u00bb type=\u00a0\u00bbname\u00a0\u00bb required=\u00a0\u00bb1&Prime;][contact-field label=\u00a0\u00bbVotre courriel\u00a0\u00bb type=\u00a0\u00bbemail\u00a0\u00bb required=\u00a0\u00bb1&Prime;][contact-field label=\u00a0\u00bbCondol\u00e9ances\u00a0\u00bb type=\u00a0\u00bbtextarea\u00a0\u00bb][\/contact-form]<\/p>\n","protected":false},"featured_media":36506,"template":"","event_cat":[7],"class_list":["post-36468","event","type-event","status-publish","has-post-thumbnail","hentry","event_cat-maison-l-j-g-mallet-inc"],"_links":{"self":[{"href":"https:\/\/nouveau.maisonmallet.com\/back05_01\/index.php?rest_route=\/wp\/v2\/event\/36468","targetHints":{"allow":["GET"]}}],"collection":[{"href":"https:\/\/nouveau.maisonmallet.com\/back05_01\/index.php?rest_route=\/wp\/v2\/event"}],"about":[{"href":"https:\/\/nouveau.maisonmallet.com\/back05_01\/index.php?rest_route=\/wp\/v2\/types\/event"}],"wp:featuredmedia":[{"embeddable":true,"href":"https:\/\/nouveau.maisonmallet.com\/back05_01\/index.php?rest_route=\/wp\/v2\/media\/36506"}],"wp:attachment":[{"href":"https:\/\/nouveau.maisonmallet.com\/back05_01\/index.php?rest_route=%2Fwp%2Fv2%2Fmedia&parent=36468"}],"wp:term":[{"taxonomy":"event_cat","embeddable":true,"href":"https:\/\/nouveau.maisonmallet.com\/back05_01\/index.php?rest_route=%2Fwp%2Fv2%2Fevent_cat&post=36468"}],"curies":[{"name":"wp","href":"https:\/\/api.w.org\/{rel}","templated":true}]}}