{"id":37368,"date":"2022-12-28T16:25:43","date_gmt":"2022-12-28T21:25:43","guid":{"rendered":"https:\/\/nouveau.maisonmallet.com\/?post_type=event&#038;p=37368"},"modified":"2022-12-29T16:31:30","modified_gmt":"2022-12-29T21:31:30","slug":"blais-jean-yves","status":"publish","type":"event","link":"https:\/\/nouveau.maisonmallet.com\/back05_01\/?event=blais-jean-yves","title":{"rendered":"BLAIS, Jean-Yves"},"content":{"rendered":"<p>La Maison L.J.G. Mallet a le regret de vous annoncer le d\u00e9c\u00e8s de<\/p>\n<p>&nbsp;<\/p>\n<p>Jean-Yves Blais<\/p>\n<p>1939 \u2013 2022<\/p>\n<p>&nbsp;<\/p>\n<p>&nbsp;<\/p>\n<p>\u00c0 Sept-\u00celes, le 17 d\u00e9cembre 2022, est d\u00e9c\u00e9d\u00e9 \u00e0 l\u2019\u00e2ge de 83 ans, monsieur Jean-Yves Blais \u00e9poux de madame Mary Rochette et domicili\u00e9 \u00e0 Sept-\u00celes.<\/p>\n<p>Les fun\u00e9railles de monsieur Jean-Yves Blais auront lieu le jeudi 5 janvier 2023 \u00e0 11 h en l\u2019\u00c9glise Marie-M\u00e8re-de-l\u2019\u00c9glise d\u2019Aguanish.<\/p>\n<p>Selon ses volont\u00e9s, il a \u00e9t\u00e9 confi\u00e9 au cr\u00e9matorium de la Maison L.J.G. Mallet pour cr\u00e9mation.<\/p>\n<p>La famille re\u00e7oit parents et amis le mercredi 4 janvier 2023 de 19 h \u00e0 22 h, le jeudi 5 janvier 2023 jour des fun\u00e9railles \u00e0 compter de 10 h \u00e0 l\u2019\u00c9glise Marie-M\u00e8re-de-l\u2019\u00c9glise d\u2019Aguanish.<\/p>\n<p>Il laisse dans le deuil outre son \u00e9pouse madame Mary Rochette, ses enfants\u00a0: Maryse (Fernand Blais), Jacques (Delvie Blais), Edith, Diane (Gaston Blais), Marius et Richard (Dani\u00e8le Deraps), ses petits-enfants, ses arri\u00e8re-petits-enfants ainsi que ses beaux-fr\u00e8res, ses belles-s\u0153urs, ses neveux, ses ni\u00e8ces, ses cousines et de nombreux ami(e)s.<\/p>\n<p>Vos marques de sympathie peuvent se traduire par un don \u00e0 la soci\u00e9t\u00e9 Alzheimer Cote-Nord <a href=\"http:\/\/www.societealzheimercotenord.com\">www.societealzheimercotenord.com<\/a><\/p>\n<p>La famille a confi\u00e9 les arrangements fun\u00e9raires aux services professionnels de la Maison L.J.G. Mallet du 1429, rue du Canot \u00e0 Havre-St-Pierre, maintenant reconnue Distinction et membre de la Corporation des Thanatologues du Qu\u00e9bec.<\/p>\n<p>Vous pouvez consulter cet avis de d\u00e9c\u00e8s, sur le <a href=\"https:\/\/nouveau.maisonmallet.com\">www.maisonmallet.com<\/a><\/p>\n<p>Ceux et celles qui le d\u00e9sirent, peuvent y envoyer des messages de sympathie.<\/p>\n<p>&nbsp;<\/p>\n<hr \/>\n<p>Envoyer vos condol\u00e9ances<\/p>\n<p>[contact-form to=\u00a0\u00bbedithbb35@hotmail.com\u00a0\u00bb subject=\u00a0\u00bbCondol\u00e9ances Jean-Yves Blais\u00a0\u00bb][contact-field label=\u00a0\u00bbVotre nom\u00a0\u00bb type=\u00a0\u00bbname\u00a0\u00bb required=\u00a0\u00bb1&Prime;][contact-field label=\u00a0\u00bbVotre courriel\u00a0\u00bb type=\u00a0\u00bbemail\u00a0\u00bb required=\u00a0\u00bb1&Prime;][contact-field label=\u00a0\u00bbCondol\u00e9ances\u00a0\u00bb type=\u00a0\u00bbtextarea\u00a0\u00bb][\/contact-form]<\/p>\n","protected":false},"featured_media":37392,"template":"","event_cat":[7],"class_list":["post-37368","event","type-event","status-publish","has-post-thumbnail","hentry","event_cat-maison-l-j-g-mallet-inc"],"_links":{"self":[{"href":"https:\/\/nouveau.maisonmallet.com\/back05_01\/index.php?rest_route=\/wp\/v2\/event\/37368","targetHints":{"allow":["GET"]}}],"collection":[{"href":"https:\/\/nouveau.maisonmallet.com\/back05_01\/index.php?rest_route=\/wp\/v2\/event"}],"about":[{"href":"https:\/\/nouveau.maisonmallet.com\/back05_01\/index.php?rest_route=\/wp\/v2\/types\/event"}],"wp:featuredmedia":[{"embeddable":true,"href":"https:\/\/nouveau.maisonmallet.com\/back05_01\/index.php?rest_route=\/wp\/v2\/media\/37392"}],"wp:attachment":[{"href":"https:\/\/nouveau.maisonmallet.com\/back05_01\/index.php?rest_route=%2Fwp%2Fv2%2Fmedia&parent=37368"}],"wp:term":[{"taxonomy":"event_cat","embeddable":true,"href":"https:\/\/nouveau.maisonmallet.com\/back05_01\/index.php?rest_route=%2Fwp%2Fv2%2Fevent_cat&post=37368"}],"curies":[{"name":"wp","href":"https:\/\/api.w.org\/{rel}","templated":true}]}}