{"id":37981,"date":"2023-01-03T18:15:47","date_gmt":"2023-01-03T23:15:47","guid":{"rendered":"https:\/\/nouveau.maisonmallet.com\/?post_type=event&#038;p=37981"},"modified":"2023-05-16T22:20:09","modified_gmt":"2023-05-17T02:20:09","slug":"bourque-steeve","status":"publish","type":"event","link":"https:\/\/nouveau.maisonmallet.com\/back05_01\/?event=bourque-steeve","title":{"rendered":"BOURQUE, Steeve"},"content":{"rendered":"<p>Le Complexe Thanatologique Mallet &amp; fils a le regret de vous annoncer le d\u00e9c\u00e8s de<\/p>\n<p>&nbsp;<\/p>\n<p>Steeve Bourque<\/p>\n<p>1973 \u2013 2023<\/p>\n<p>&nbsp;<\/p>\n<p>\u00c0 Qu\u00e9bec, le 3 janvier 2023, est d\u00e9c\u00e9d\u00e9 \u00e0 l\u2019\u00e2ge de 49 ans, monsieur Steeve Bourque fils de monsieur Hippolyte Bourque et de madame Monique Imbeault domicili\u00e9 \u00e0 Sept-\u00celes.<\/p>\n<p>La c\u00e9r\u00e9monie comm\u00e9morative de monsieur Steeve Bourque aura lieu le lundi 16 janvier 2023 \u00e0 21 h 45 \u00e0 la chapelle du Complexe Thanatologique Mallet &amp; fils du 585, Boul. Laure \u00e0 Sept-\u00celes.<\/p>\n<p>Selon ses volont\u00e9s, il a \u00e9t\u00e9 confi\u00e9 au cr\u00e9matorium de la Maison Mallet &amp; fils pour cr\u00e9mation.<\/p>\n<p>La famille re\u00e7oit parents et amis le lundi 16 janvier 2023 jour de la c\u00e9r\u00e9monie de 19 h \u00e0 22 h au Complexe Thanatologique Mallet &amp; fils du 585 Boul. Laure \u00e0 Sept-\u00celes.<\/p>\n<p>Il laisse dans le deuil son p\u00e8re monsieur Hippolyte Bourque, sa m\u00e8re madame Monique Imbeault, son fr\u00e8re R\u00e9gis (Crystelle Poirier), sa ni\u00e8ce Coralie ainsi que ses oncles, ses tantes, ses cousins, ses cousines et ses nombreux ami(e)s.<\/p>\n<p>La famille a confi\u00e9 les arrangements aux services professionnels de la Maison Mallet &amp; fils du 585 Boul. Laure \u00e0 Sept-\u00celes, maintenant reconnue Distinction et membre de la Corporation des Thanatologues du Qu\u00e9bec.<\/p>\n<p>Vous pouvez consulter cet avis de d\u00e9c\u00e8s sur le\u00a0: <a href=\"https:\/\/nouveau.maisonmallet.com\">www.maisonmallet.com<\/a><\/p>\n<p>Ceux et celles qui le d\u00e9sirent, peuvent y envoyer des messages de sympathie.<\/p>\n<hr \/>\n<p>Envoyer vos condol\u00e9ances<\/p>\n<p>[contact-form to=\u00a0\u00bbchrystellepoirier@icloud.com\u00a0\u00bb subject=\u00a0\u00bbCondol\u00e9ances Steeve Bourque\u00a0\u00bb][contact-field label=\u00a0\u00bbVotre nom\u00a0\u00bb type=\u00a0\u00bbname\u00a0\u00bb required=\u00a0\u00bb1&Prime;][contact-field label=\u00a0\u00bbVotre courriel\u00a0\u00bb type=\u00a0\u00bbemail\u00a0\u00bb required=\u00a0\u00bb1&Prime;][contact-field label=\u00a0\u00bbCondol\u00e9ances\u00a0\u00bb type=\u00a0\u00bbtextarea\u00a0\u00bb][\/contact-form]<\/p>\n","protected":false},"featured_media":37984,"template":"","event_cat":[6],"class_list":["post-37981","event","type-event","status-publish","has-post-thumbnail","hentry","event_cat-maison-mallet-et-fils-inc"],"_links":{"self":[{"href":"https:\/\/nouveau.maisonmallet.com\/back05_01\/index.php?rest_route=\/wp\/v2\/event\/37981","targetHints":{"allow":["GET"]}}],"collection":[{"href":"https:\/\/nouveau.maisonmallet.com\/back05_01\/index.php?rest_route=\/wp\/v2\/event"}],"about":[{"href":"https:\/\/nouveau.maisonmallet.com\/back05_01\/index.php?rest_route=\/wp\/v2\/types\/event"}],"wp:featuredmedia":[{"embeddable":true,"href":"https:\/\/nouveau.maisonmallet.com\/back05_01\/index.php?rest_route=\/wp\/v2\/media\/37984"}],"wp:attachment":[{"href":"https:\/\/nouveau.maisonmallet.com\/back05_01\/index.php?rest_route=%2Fwp%2Fv2%2Fmedia&parent=37981"}],"wp:term":[{"taxonomy":"event_cat","embeddable":true,"href":"https:\/\/nouveau.maisonmallet.com\/back05_01\/index.php?rest_route=%2Fwp%2Fv2%2Fevent_cat&post=37981"}],"curies":[{"name":"wp","href":"https:\/\/api.w.org\/{rel}","templated":true}]}}