{"id":38075,"date":"2023-01-14T16:05:36","date_gmt":"2023-01-14T21:05:36","guid":{"rendered":"https:\/\/nouveau.maisonmallet.com\/?post_type=event&#038;p=38075"},"modified":"2023-05-16T22:15:25","modified_gmt":"2023-05-17T02:15:25","slug":"regis-christel","status":"publish","type":"event","link":"https:\/\/nouveau.maisonmallet.com\/back05_01\/?event=regis-christel","title":{"rendered":"R\u00c9GIS, Christel"},"content":{"rendered":"<p>Le Complexe Thanatologique Mallet &amp; fils a le regret de vous annoncer le d\u00e9c\u00e8s de<\/p>\n<p>&nbsp;<\/p>\n<p>Christel R\u00e9gis<\/p>\n<p>1986 \u2013 2023<\/p>\n<p>&nbsp;<\/p>\n<p>\u00c0 Mani-utenam, le 14 janvier 2023, est d\u00e9c\u00e9d\u00e9e \u00e0 l\u2019\u00e2ge de 36 ans, madame Christel R\u00e9gis fille de feu Ga\u00e9tan Dontigny et de madame Lise R\u00e9gis domicili\u00e9e \u00e0 Mani-utenam.<\/p>\n<p>Les fun\u00e9railles de madame Christel R\u00e9gis auront lieu le lundi 23 janvier 2023 \u00e0 14 h en l\u2019\u00e9glise Notre-Dame du Cap situ\u00e9e au 139, rue de l\u2019\u00c9glise \u00e0 Mani-utenam et de l\u00e0 au cr\u00e9matorium de la Maison Mallet &amp; fils pour cr\u00e9mation.<\/p>\n<p>La famille re\u00e7oit parents et amis le samedi 21 janvier 2023 de 19 h \u00e0 22 h. Le dimanche 22 janvier 2023 de 13 h \u00e0 16 h et de 19 h \u00e0 22 h. Le lundi 23 janvier 2023 jour des fun\u00e9railles \u00e0 compter de 12 h 30 au Complexe Thanatologique Mallet &amp; fils du 585 Boul. Laure \u00e0 Sept-\u00celes.<\/p>\n<p>Elle laisse dans le deuil outre son conjoint monsieur Dave Ouellet, ses fils\u00a0: Damyen et Chayton, sa fille H\u00e9l\u00e8ne, sa m\u00e8re madame Lise R\u00e9gis, ses s\u0153urs\u00a0: Magalie (Ken) et Cindy, son fr\u00e8re Johnny (Caroline) ainsi que ses beaux-fr\u00e8res, ses belles-s\u0153urs, ses neveux, ses ni\u00e8ces, ses oncles, ses tantes, ses cousins, ses cousines et de nombreux ami(e)s.<\/p>\n<p>La famille a confi\u00e9 la direction des fun\u00e9railles aux services professionnels de la Maison Mallet &amp; fils du 585, Boul. Laure \u00e0 Sept-\u00celes, maintenant reconnue Distinction et membre de la Corporation des Thanatologues du Qu\u00e9bec.<\/p>\n<p>Vous pouvez consulter cet avis de d\u00e9c\u00e8s sur le <a href=\"https:\/\/nouveau.maisonmallet.com\">www.maisonmallet.com<\/a><\/p>\n<p>Ceux et celles qui le d\u00e9sirent, peuvent y envoyer des messages de condol\u00e9ances.<\/p>\n<hr \/>\n<p>Envoyer vos condol\u00e9ances<\/p>\n<p>[contact-form to=\u00a0\u00bbshakashtueu-massendak@hotmail.com\u00a0\u00bb subject=\u00a0\u00bbCondol\u00e9ances Christel R\u00e9gis\u00a0\u00bb][contact-field label=\u00a0\u00bbVotre nom\u00a0\u00bb type=\u00a0\u00bbname\u00a0\u00bb required=\u00a0\u00bb1&Prime;][contact-field label=\u00a0\u00bbVotre courriel\u00a0\u00bb type=\u00a0\u00bbemail\u00a0\u00bb required=\u00a0\u00bb1&Prime;][contact-field label=\u00a0\u00bbCondol\u00e9ances\u00a0\u00bb type=\u00a0\u00bbtextarea\u00a0\u00bb][\/contact-form]<\/p>\n","protected":false},"featured_media":38096,"template":"","event_cat":[6],"class_list":["post-38075","event","type-event","status-publish","has-post-thumbnail","hentry","event_cat-maison-mallet-et-fils-inc"],"_links":{"self":[{"href":"https:\/\/nouveau.maisonmallet.com\/back05_01\/index.php?rest_route=\/wp\/v2\/event\/38075","targetHints":{"allow":["GET"]}}],"collection":[{"href":"https:\/\/nouveau.maisonmallet.com\/back05_01\/index.php?rest_route=\/wp\/v2\/event"}],"about":[{"href":"https:\/\/nouveau.maisonmallet.com\/back05_01\/index.php?rest_route=\/wp\/v2\/types\/event"}],"wp:featuredmedia":[{"embeddable":true,"href":"https:\/\/nouveau.maisonmallet.com\/back05_01\/index.php?rest_route=\/wp\/v2\/media\/38096"}],"wp:attachment":[{"href":"https:\/\/nouveau.maisonmallet.com\/back05_01\/index.php?rest_route=%2Fwp%2Fv2%2Fmedia&parent=38075"}],"wp:term":[{"taxonomy":"event_cat","embeddable":true,"href":"https:\/\/nouveau.maisonmallet.com\/back05_01\/index.php?rest_route=%2Fwp%2Fv2%2Fevent_cat&post=38075"}],"curies":[{"name":"wp","href":"https:\/\/api.w.org\/{rel}","templated":true}]}}