{"id":39516,"date":"2023-03-27T15:30:30","date_gmt":"2023-03-27T19:30:30","guid":{"rendered":"https:\/\/nouveau.maisonmallet.com\/?post_type=event&#038;p=39516"},"modified":"2023-03-28T15:36:10","modified_gmt":"2023-03-28T19:36:10","slug":"modele-nom-prenom-73","status":"publish","type":"event","link":"https:\/\/nouveau.maisonmallet.com\/back05_01\/?event=modele-nom-prenom-73","title":{"rendered":"M\u00c9THOT, Carl"},"content":{"rendered":"<p>Le Complexe Thanatologique Mallet &amp; fils a le regret de vous annoncer le d\u00e9c\u00e8s de<\/p>\n<p>&nbsp;<\/p>\n<p>&nbsp;<\/p>\n<p>Carl M\u00e9thot<\/p>\n<p>1981 \u2013 2023<\/p>\n<p>&nbsp;<\/p>\n<p>\u00c0 Sept-\u00celes, le 4 mars 2023, est d\u00e9c\u00e9d\u00e9 \u00e0 l\u2019\u00e2ge de 41 ans, monsieur Carl M\u00e9thot fils de monsieur Fernand M\u00e9thot et de madame Gertrude Rousseau domicili\u00e9 \u00e0 Sept-\u00celes.<\/p>\n<p>La c\u00e9r\u00e9monie comm\u00e9morative de monsieur Carl M\u00e9thot aura lieu le dimanche 7 mai 2023 \u00e0 15 h 15 \u00e0 la chapelle du Complexe Thanatologique Mallet &amp; fils du 585, Boul. Laure \u00e0 Sept-\u00celes.<\/p>\n<p>Selon ses volont\u00e9s, il a \u00e9t\u00e9 confi\u00e9 au cr\u00e9matorium de la Maison Mallet &amp; fils pour cr\u00e9mation.<\/p>\n<p>La famille re\u00e7oit parents et amis le dimanche 7 mai 2023 de 13 h \u00e0 16 h au Complexe Thanatologique Mallet &amp; fils du 585 Boul. Laure \u00e0 Sept-\u00celes.<\/p>\n<p>Il laisse dans le deuil ses parents son p\u00e8re monsieur Fernand M\u00e9thot, sa m\u00e8re madame Gertrude Rousseua, son fr\u00e8re S\u00e9bastien, sa ni\u00e8ce Vanessa ainsi que ses oncles, ses tantes, ses cousins, ses cousines et de nombreux ami(e)s.<\/p>\n<p>Vos marques de sympathie peuvent se traduire par un don \u00e0 Diab\u00e8te Qu\u00e9bec <a href=\"http:\/\/www.diabete.qc.ca\">www.diabete.qc.ca<\/a><\/p>\n<p>La famille a confi\u00e9 les arrangements aux services professionnels de la Maison Mallet &amp; fils du 585 Boul. Laure \u00e0 Sept-\u00celes, maintenant reconnue Distinction et membre de la Corporation des Thanatologues du Qu\u00e9bec.<\/p>\n<p>Vous pouvez consulter cet avis de d\u00e9c\u00e8s sur le\u00a0: <a href=\"https:\/\/nouveau.maisonmallet.com\">www.maisonmallet.com<\/a><\/p>\n<p>Ceux et celles qui le d\u00e9sirent, peuvent y envoyer des messages de sympathie.<\/p>\n<hr \/>\n<p>Envoyer vos condol\u00e9ances<\/p>\n<p>[contact-form to=\u00a0\u00bbsebastienmethot@gmail.com\u00a0\u00bb subject=\u00a0\u00bbCondol\u00e9ances Carl M\u00e9thot\u00a0\u00bb][contact-field label=\u00a0\u00bbVotre nom\u00a0\u00bb type=\u00a0\u00bbname\u00a0\u00bb required=\u00a0\u00bb1&Prime;][contact-field label=\u00a0\u00bbVotre courriel\u00a0\u00bb type=\u00a0\u00bbemail\u00a0\u00bb required=\u00a0\u00bb1&Prime;][contact-field label=\u00a0\u00bbCondol\u00e9ances\u00a0\u00bb type=\u00a0\u00bbtextarea\u00a0\u00bb][\/contact-form]<\/p>\n","protected":false},"featured_media":39528,"template":"","event_cat":[6],"class_list":["post-39516","event","type-event","status-publish","has-post-thumbnail","hentry","event_cat-maison-mallet-et-fils-inc"],"_links":{"self":[{"href":"https:\/\/nouveau.maisonmallet.com\/back05_01\/index.php?rest_route=\/wp\/v2\/event\/39516","targetHints":{"allow":["GET"]}}],"collection":[{"href":"https:\/\/nouveau.maisonmallet.com\/back05_01\/index.php?rest_route=\/wp\/v2\/event"}],"about":[{"href":"https:\/\/nouveau.maisonmallet.com\/back05_01\/index.php?rest_route=\/wp\/v2\/types\/event"}],"wp:featuredmedia":[{"embeddable":true,"href":"https:\/\/nouveau.maisonmallet.com\/back05_01\/index.php?rest_route=\/wp\/v2\/media\/39528"}],"wp:attachment":[{"href":"https:\/\/nouveau.maisonmallet.com\/back05_01\/index.php?rest_route=%2Fwp%2Fv2%2Fmedia&parent=39516"}],"wp:term":[{"taxonomy":"event_cat","embeddable":true,"href":"https:\/\/nouveau.maisonmallet.com\/back05_01\/index.php?rest_route=%2Fwp%2Fv2%2Fevent_cat&post=39516"}],"curies":[{"name":"wp","href":"https:\/\/api.w.org\/{rel}","templated":true}]}}