{"id":39917,"date":"2023-04-20T22:43:17","date_gmt":"2023-04-21T02:43:17","guid":{"rendered":"https:\/\/nouveau.maisonmallet.com\/?post_type=event&#038;p=39917"},"modified":"2023-04-23T22:39:01","modified_gmt":"2023-04-24T02:39:01","slug":"levesque-rachelle","status":"publish","type":"event","link":"https:\/\/nouveau.maisonmallet.com\/back05_01\/?event=levesque-rachelle","title":{"rendered":"L\u00c9VESQUE, Rachelle"},"content":{"rendered":"<p>Le Complexe Thanatologique Mallet &amp; fils a le regret de vous annoncer le d\u00e9c\u00e8s de<\/p>\n<p>&nbsp;<\/p>\n<p>Rachelle L\u00e9vesque<\/p>\n<p>1946 &#8211; 2023<\/p>\n<p>&nbsp;<\/p>\n<p>Au CHU Fleurimont, le 11 avril 2023, \u00e0 l\u2019\u00e2ge de 76 ans est d\u00e9c\u00e9d\u00e9e madame Rachelle L\u00e9veque, \u00e9pouse de monsieur Ren\u00e9 C\u00f4t\u00e9, demeurant \u00e0 Magog.<\/p>\n<p>Elle \u00e9tait la fille de Fernande St-Laurent et de Joseph L\u00e9vesque.<\/p>\n<p>Outre son \u00e9poux, elle laisse dans le deuil ses fils\u00a0: Pascal (Josianne Lacroix) et Fr\u00e9d\u00e9ric ainsi que ses petits-enfants\u00a0: Victorya et Thomas.<\/p>\n<p>Elle laisse \u00e9galement ses s\u0153urs et ses fr\u00e8res: Nicole (Jean-Claude Couturier), Marjolaine (R\u00e9ginald Desrosiers), Jocelyne, Sandra (Alain Lagarde), Claude (H\u00e9l\u00e8ne Hall\u00e9), Feu Guy, Harold (Dani\u00e8le Le Beau); ses belles-s\u0153urs et ses beaux-fr\u00e8res; ainsi que plusieurs ni\u00e8ces, neveux, cousines, cousins, autres parents et amis.<\/p>\n<p><strong>\u00a0<\/strong>La famille vous accueillera le samedi 8 juillet 2023 de 12 h 30 \u00e0 14 h 30 au Complexe fun\u00e9raire Ledoux afin de recevoir vos t\u00e9moignages de sympathie. Une c\u00e9r\u00e9monie suivra \u00e0 14 h 30 en la chapelle du complexe, un go\u00fbter suivra au bistro du complexe par la suite.<\/p>\n<p>La famille d\u00e9sire remercier tout le personnel du CHSC de Magog, la M\u00e9decine d\u2019un jour de l\u2019h\u00f4pital H\u00f4tel Dieu, le d\u00e9partement de chimioth\u00e9rapie du CHUS Fleurimont et les m\u00e9decins pour les tr\u00e8s bons soins prodigu\u00e9s.<\/p>\n<p>Vos t\u00e9moignages de sympathie peuvent se traduire par un don \u00e0 la Soci\u00e9t\u00e9 du Cancer.<\/p>\n<p>La famille a confi\u00e9 les arrangements fun\u00e9raires aux services professionnels du Complexe fun\u00e9raire Ledoux du 155, rue Sherbrooke \u00e0 Magog, T\u00e9l\u00a0: (819) 843-4473, T\u00e9l\u00e9c.\u00a0: (819) 843-4563, <a href=\"mailto:info@ledouxmagog.com\">info@ledouxmagog.com<\/a><\/p>\n<p>Vous pouvez consulter cet avis de d\u00e9c\u00e8s, sur le <a href=\"http:\/\/www.ledouxmagog.com\">www.ledouxmagog.com<\/a><\/p>\n<p>Ceux et celles qui le d\u00e9sirent, peuvent y envoyer des t\u00e9moignages de sympathie.<\/p>\n<hr \/>\n<p>Envoyer vos condol\u00e9ances<\/p>\n<p>[contact-form to=\u00a0\u00bbcrene@cgocable.ca\u00a0\u00bb subject=\u00a0\u00bbCondol\u00e9ances Rachelle L\u00e9vesque\u00a0\u00bb][contact-field label=\u00a0\u00bbVotre nom\u00a0\u00bb type=\u00a0\u00bbname\u00a0\u00bb required=\u00a0\u00bb1&Prime;][contact-field label=\u00a0\u00bbVotre courriel\u00a0\u00bb type=\u00a0\u00bbemail\u00a0\u00bb required=\u00a0\u00bb1&Prime;][contact-field label=\u00a0\u00bbCondol\u00e9ances\u00a0\u00bb type=\u00a0\u00bbtextarea\u00a0\u00bb][\/contact-form]<\/p>\n","protected":false},"featured_media":39927,"template":"","event_cat":[6],"class_list":["post-39917","event","type-event","status-publish","has-post-thumbnail","hentry","event_cat-maison-mallet-et-fils-inc"],"_links":{"self":[{"href":"https:\/\/nouveau.maisonmallet.com\/back05_01\/index.php?rest_route=\/wp\/v2\/event\/39917","targetHints":{"allow":["GET"]}}],"collection":[{"href":"https:\/\/nouveau.maisonmallet.com\/back05_01\/index.php?rest_route=\/wp\/v2\/event"}],"about":[{"href":"https:\/\/nouveau.maisonmallet.com\/back05_01\/index.php?rest_route=\/wp\/v2\/types\/event"}],"wp:featuredmedia":[{"embeddable":true,"href":"https:\/\/nouveau.maisonmallet.com\/back05_01\/index.php?rest_route=\/wp\/v2\/media\/39927"}],"wp:attachment":[{"href":"https:\/\/nouveau.maisonmallet.com\/back05_01\/index.php?rest_route=%2Fwp%2Fv2%2Fmedia&parent=39917"}],"wp:term":[{"taxonomy":"event_cat","embeddable":true,"href":"https:\/\/nouveau.maisonmallet.com\/back05_01\/index.php?rest_route=%2Fwp%2Fv2%2Fevent_cat&post=39917"}],"curies":[{"name":"wp","href":"https:\/\/api.w.org\/{rel}","templated":true}]}}