{"id":41076,"date":"2023-06-13T16:01:49","date_gmt":"2023-06-13T20:01:49","guid":{"rendered":"https:\/\/nouveau.maisonmallet.com\/?post_type=event&#038;p=41076"},"modified":"2023-06-14T16:12:41","modified_gmt":"2023-06-14T20:12:41","slug":"vollant-constance","status":"publish","type":"event","link":"https:\/\/nouveau.maisonmallet.com\/back05_01\/?event=vollant-constance","title":{"rendered":"VOLLANT, Constance"},"content":{"rendered":"<p>Le Complexe Thanatologique Mallet &amp; fils a le regret de vous annoncer le d\u00e9c\u00e8s de<\/p>\n<p>&nbsp;<\/p>\n<p>Constance Vollant<\/p>\n<p>1965 \u2013 2023<\/p>\n<p>&nbsp;<\/p>\n<p>\u00c0 Sept-\u00celes, le 8 juin 2023, est d\u00e9c\u00e9d\u00e9e \u00e0 l\u2019\u00e2ge de 57 ans, madame Constance Vollant fille de feu Eug\u00e8ne Vollant et de feu Esther Jourdain domicili\u00e9e \u00e0 Mani-utenam.<\/p>\n<p>Les fun\u00e9railles de madame Constance Vollant auront lieu le jeudi 15 juin 2023 \u00e0 14 h en l\u2019\u00e9glise Notre-Dame du Cap situ\u00e9e au 139, rue de l\u2019\u00c9glise \u00e0 Mani-utenam et de l\u00e0 au cimeti\u00e8re de Mani-utenam.<\/p>\n<p>La famille re\u00e7oit parents et amis le mercredi 14 juin 2023 de 13 h \u00e0 16 h et de 19 h \u00e0 22 h. Le jeudi 15 juin 2023 jours des fun\u00e9railles \u00e0 compter de 12 h 30 \u00e0 l\u2019\u00e9glise Notre-Dame du Cape de Mani-utenam.<\/p>\n<p>Elle laisse dans le deuil sa fille Sheila (Marc Andr\u00e9 Fontaine), son fils Uishtapish, sa petite-fille Brooklyn-Kuniss, ses petits-fils\u00a0: Orion, Nanuq et Jaxx ainsi que ses s\u0153urs\u00a0: Marie-Anna et Sandra (Tommy Vollant), ses neveux, ses ni\u00e8ces, ses oncles, ses tantes, ses cousins, ses cousines et de nombreux ami(e)s.<\/p>\n<p>La famille a confi\u00e9 la direction des fun\u00e9railles aux services professionnels de la Maison Mallet &amp; fils du 585, Boul. Laure \u00e0 Sept-\u00celes, maintenant reconnue Distinction et membre de la Corporation des Thanatologues du Qu\u00e9bec.<\/p>\n<p>Vous pouvez consulter cet avis de d\u00e9c\u00e8s sur le <a href=\"https:\/\/nouveau.maisonmallet.com\">www.maisonmallet.com<\/a><\/p>\n<p>Ceux et celles qui le d\u00e9sirent, peuvent y envoyer des messages de condol\u00e9ances.<\/p>\n<hr \/>\n<p>Envoyer vos condol\u00e9ances<\/p>\n<p>[contact-form to=\u00a0\u00bbsheilavollantpilot@gmail.com\u00a0\u00bb subject=\u00a0\u00bbCondol\u00e9ances Constance Vollant\u00a0\u00bb][contact-field label=\u00a0\u00bbVotre nom\u00a0\u00bb type=\u00a0\u00bbname\u00a0\u00bb required=\u00a0\u00bb1&Prime;][contact-field label=\u00a0\u00bbVotre courriel\u00a0\u00bb type=\u00a0\u00bbemail\u00a0\u00bb required=\u00a0\u00bb1&Prime;][contact-field label=\u00a0\u00bbCondol\u00e9ances\u00a0\u00bb type=\u00a0\u00bbtextarea\u00a0\u00bb][\/contact-form]<\/p>\n","protected":false},"featured_media":41081,"template":"","event_cat":[6],"class_list":["post-41076","event","type-event","status-publish","has-post-thumbnail","hentry","event_cat-maison-mallet-et-fils-inc"],"_links":{"self":[{"href":"https:\/\/nouveau.maisonmallet.com\/back05_01\/index.php?rest_route=\/wp\/v2\/event\/41076","targetHints":{"allow":["GET"]}}],"collection":[{"href":"https:\/\/nouveau.maisonmallet.com\/back05_01\/index.php?rest_route=\/wp\/v2\/event"}],"about":[{"href":"https:\/\/nouveau.maisonmallet.com\/back05_01\/index.php?rest_route=\/wp\/v2\/types\/event"}],"wp:featuredmedia":[{"embeddable":true,"href":"https:\/\/nouveau.maisonmallet.com\/back05_01\/index.php?rest_route=\/wp\/v2\/media\/41081"}],"wp:attachment":[{"href":"https:\/\/nouveau.maisonmallet.com\/back05_01\/index.php?rest_route=%2Fwp%2Fv2%2Fmedia&parent=41076"}],"wp:term":[{"taxonomy":"event_cat","embeddable":true,"href":"https:\/\/nouveau.maisonmallet.com\/back05_01\/index.php?rest_route=%2Fwp%2Fv2%2Fevent_cat&post=41076"}],"curies":[{"name":"wp","href":"https:\/\/api.w.org\/{rel}","templated":true}]}}