{"id":41138,"date":"2023-06-20T16:58:20","date_gmt":"2023-06-20T20:58:20","guid":{"rendered":"https:\/\/nouveau.maisonmallet.com\/?post_type=event&#038;p=41138"},"modified":"2023-06-21T17:02:25","modified_gmt":"2023-06-21T21:02:25","slug":"regis-sylvie","status":"publish","type":"event","link":"https:\/\/nouveau.maisonmallet.com\/back05_01\/?event=regis-sylvie","title":{"rendered":"R\u00c9GIS, Sylvie"},"content":{"rendered":"<p>Le Complexe Thanatologique Mallet &amp; fils a le regret de vous annoncer le d\u00e9c\u00e8s de<\/p>\n<p>&nbsp;<\/p>\n<p>Sylvie R\u00e9gis<\/p>\n<p>1972 \u2013 2023<\/p>\n<p>&nbsp;<\/p>\n<p>\u00c0 Sept-\u00celes, le 16 juin 2023, est d\u00e9c\u00e9d\u00e9e \u00e0 l\u2019\u00e2ge de 51 ans, madame Sylvie R\u00e9gis fille de feu Philias R\u00e9gis et de feu Marie Rose Kaltush domicili\u00e9e \u00e0 Uashat.<\/p>\n<p>Les fun\u00e9railles de madame Sylvie R\u00e9gis auront lieu le jeudi 22 juin 2023 \u00e0 10 h en l\u2019\u00e9glise Kateri Tekakwitha, situ\u00e9e au 1035, avenue Dequen \u00e0 Uashat et de l\u00e0 au cimeti\u00e8re de Uashat.<\/p>\n<p>La famille re\u00e7oit parents et amis le mardi 20 juin 2023 \u00e0 compter de de 19 h au 1021, rue Pashin \u00e0 Uashat.<\/p>\n<p>Elle laisse dans le deuil ses fils\u00a0: Anthony (Roxanne Fontaine), Alexis Meredith Vollant McKenzie), ses petites-filles\u00a0: Aniss, Maniss et Maninu, ses petits-fils\u00a0: St\u00e9phan et Simon ainsi que ses fr\u00e8res, ses s\u0153urs, ses beaux-fr\u00e8res, ses belles-s\u0153urs, ses neveux, ses ni\u00e8ces, ses oncles, ses tantes, ses cousins, ses cousines et de nombreux ami(e)s.<\/p>\n<p>La famille a confi\u00e9 la direction des fun\u00e9railles aux services professionnels de la Maison Mallet &amp; fils du 585, Boul. Laure \u00e0 Sept-\u00celes, maintenant reconnue Distinction et membre de la Corporation des Thanatologues du Qu\u00e9bec.<\/p>\n<p>Vous pouvez consulter cet avis de d\u00e9c\u00e8s sur le <a href=\"https:\/\/nouveau.maisonmallet.com\">www.maisonmallet.com<\/a><\/p>\n<p>Ceux et celles qui le d\u00e9sirent, peuvent y envoyer des messages de condol\u00e9ances.<\/p>\n<p>&nbsp;<\/p>\n<hr \/>\n<p>Envoyer vos condol\u00e9ances<\/p>\n<p>[contact-form to=\u00a0\u00bbanthonyregis82@hotmail.com\u00a0\u00bb subject=\u00a0\u00bbCondol\u00e9ances Sylvie R\u00e9gis\u00a0\u00bb][contact-field label=\u00a0\u00bbVotre nom\u00a0\u00bb type=\u00a0\u00bbname\u00a0\u00bb required=\u00a0\u00bb1&Prime;][contact-field label=\u00a0\u00bbVotre courriel\u00a0\u00bb type=\u00a0\u00bbemail\u00a0\u00bb required=\u00a0\u00bb1&Prime;][contact-field label=\u00a0\u00bbCondol\u00e9ances\u00a0\u00bb type=\u00a0\u00bbtextarea\u00a0\u00bb][\/contact-form]<\/p>\n","protected":false},"featured_media":41142,"template":"","event_cat":[6],"class_list":["post-41138","event","type-event","status-publish","has-post-thumbnail","hentry","event_cat-maison-mallet-et-fils-inc"],"_links":{"self":[{"href":"https:\/\/nouveau.maisonmallet.com\/back05_01\/index.php?rest_route=\/wp\/v2\/event\/41138","targetHints":{"allow":["GET"]}}],"collection":[{"href":"https:\/\/nouveau.maisonmallet.com\/back05_01\/index.php?rest_route=\/wp\/v2\/event"}],"about":[{"href":"https:\/\/nouveau.maisonmallet.com\/back05_01\/index.php?rest_route=\/wp\/v2\/types\/event"}],"wp:featuredmedia":[{"embeddable":true,"href":"https:\/\/nouveau.maisonmallet.com\/back05_01\/index.php?rest_route=\/wp\/v2\/media\/41142"}],"wp:attachment":[{"href":"https:\/\/nouveau.maisonmallet.com\/back05_01\/index.php?rest_route=%2Fwp%2Fv2%2Fmedia&parent=41138"}],"wp:term":[{"taxonomy":"event_cat","embeddable":true,"href":"https:\/\/nouveau.maisonmallet.com\/back05_01\/index.php?rest_route=%2Fwp%2Fv2%2Fevent_cat&post=41138"}],"curies":[{"name":"wp","href":"https:\/\/api.w.org\/{rel}","templated":true}]}}