{"id":41256,"date":"2023-06-28T18:23:48","date_gmt":"2023-06-28T22:23:48","guid":{"rendered":"https:\/\/nouveau.maisonmallet.com\/?post_type=event&#038;p=41256"},"modified":"2023-06-29T18:30:44","modified_gmt":"2023-06-29T22:30:44","slug":"poulin-lucie","status":"publish","type":"event","link":"https:\/\/nouveau.maisonmallet.com\/back05_01\/?event=poulin-lucie","title":{"rendered":"POULIN, Lucie"},"content":{"rendered":"<p>Le Complexe Thanatologique Mallet &amp; fils a le regret de vous annoncer le d\u00e9c\u00e8s de<\/p>\n<p>&nbsp;<\/p>\n<p>Lucie Poulin<\/p>\n<p>1945 &#8211; 2023<\/p>\n<p>&nbsp;<\/p>\n<p>\u00c0 Sept-\u00celes (maison \u00c9lyme des Sables), le 19 juin 2023, est d\u00e9c\u00e9d\u00e9e \u00e0 l\u2019\u00e2ge de 78 ans, madame Lucie Poulin fille de feu Ren\u00e9 Poulin et de feu Lucette Gagnon domicili\u00e9e \u00e0 Sept-\u00celes.<\/p>\n<p>Les rituels fun\u00e9raires de madame Lucie Poulin seront c\u00e9l\u00e9br\u00e9s, le samedi 12 ao\u00fbt 2023 \u00e0 11 h au cimeti\u00e8re familiale de la Pointe \u00e0 Poulin \u00e0 Baie-Trinit\u00e9.<\/p>\n<p>Selon ses volont\u00e9s, elle a \u00e9t\u00e9 confi\u00e9e au cr\u00e9matorium de la Maison Mallet &amp; fils pour cr\u00e9mation.<\/p>\n<p>Elle laisse dans le deuil ses filles\u00a0: Marie-Jos\u00e9e (Bruno Poulin), Chantal (Henry Perez) et Marie-H\u00e9l\u00e8ne (Martin Cossette), leur p\u00e8re monsieur Jacques Bergeron, ses petits-fils\u00a0: Gabriel, Ludovic et Alexandre, ses petites-filles\u00a0: Ga\u00eblle et Jasmine ainsi que sa s\u0153ur Rena, sa belle-s\u0153ur Micheline Laviolette, ses ni\u00e8ces\u00a0: Lucie Parent (Yanick Raymond) et Dominique Poulin-Gagnon (Robin C\u00f4t\u00e9), ses cousins, ses cousines et de nombreux ami(e)s.<\/p>\n<p>Elle \u00e9tait la s\u0153ur de feu Gilles.<\/p>\n<p>Vos marques de sympathie peuvent se traduire par un don \u00e0 l\u2019\u00c9lyme des Sables <a href=\"http:\/\/www.elymedessables.com\">www.elymedessables.com<\/a> et ou \u00e0 La fondation r\u00e9gionale h\u00f4pital Sept-\u00celes <a href=\"http:\/\/www.fondationsept-iles.qc.ca\">www.fondationsept-iles.qc.ca<\/a><\/p>\n<p>La famille a confi\u00e9 les arrangements fun\u00e9raires aux services professionnels de la maison Mallet &amp; fils du 585, boul. Laure \u00e0 Sept-\u00celes, membre de la Corporation des Thanatologues du Qu\u00e9bec.<\/p>\n<p>Vous pouvez consulter cet avis de d\u00e9c\u00e8s, sur le <a href=\"https:\/\/nouveau.maisonmallet.com\">www.maisonmallet.com<\/a><\/p>\n<p>Ceux et celles qui le d\u00e9sirent, peuvent y envoyer des messages de sympathie.<\/p>\n<p>&nbsp;<\/p>\n<hr \/>\n<p>Envoyer vos condol\u00e9ances<\/p>\n<p>[contact-form to=\u00a0\u00bbmhbergeron21@hotmail.com\u00a0\u00bb subject=\u00a0\u00bbCondol\u00e9ances Lucie\u00a0\u00bb][contact-field label=\u00a0\u00bbVotre nom\u00a0\u00bb type=\u00a0\u00bbname\u00a0\u00bb required=\u00a0\u00bb1&Prime;][contact-field label=\u00a0\u00bbVotre courriel\u00a0\u00bb type=\u00a0\u00bbemail\u00a0\u00bb required=\u00a0\u00bb1&Prime;][contact-field label=\u00a0\u00bbCondol\u00e9ances\u00a0\u00bb type=\u00a0\u00bbtextarea\u00a0\u00bb][\/contact-form]<\/p>\n","protected":false},"featured_media":41283,"template":"","event_cat":[6],"class_list":["post-41256","event","type-event","status-publish","has-post-thumbnail","hentry","event_cat-maison-mallet-et-fils-inc"],"_links":{"self":[{"href":"https:\/\/nouveau.maisonmallet.com\/back05_01\/index.php?rest_route=\/wp\/v2\/event\/41256","targetHints":{"allow":["GET"]}}],"collection":[{"href":"https:\/\/nouveau.maisonmallet.com\/back05_01\/index.php?rest_route=\/wp\/v2\/event"}],"about":[{"href":"https:\/\/nouveau.maisonmallet.com\/back05_01\/index.php?rest_route=\/wp\/v2\/types\/event"}],"wp:featuredmedia":[{"embeddable":true,"href":"https:\/\/nouveau.maisonmallet.com\/back05_01\/index.php?rest_route=\/wp\/v2\/media\/41283"}],"wp:attachment":[{"href":"https:\/\/nouveau.maisonmallet.com\/back05_01\/index.php?rest_route=%2Fwp%2Fv2%2Fmedia&parent=41256"}],"wp:term":[{"taxonomy":"event_cat","embeddable":true,"href":"https:\/\/nouveau.maisonmallet.com\/back05_01\/index.php?rest_route=%2Fwp%2Fv2%2Fevent_cat&post=41256"}],"curies":[{"name":"wp","href":"https:\/\/api.w.org\/{rel}","templated":true}]}}