{"id":41282,"date":"2023-06-29T22:15:02","date_gmt":"2023-06-30T02:15:02","guid":{"rendered":"https:\/\/nouveau.maisonmallet.com\/?post_type=event&#038;p=41282"},"modified":"2023-06-30T22:20:39","modified_gmt":"2023-07-01T02:20:39","slug":"bourque-lisette","status":"publish","type":"event","link":"https:\/\/nouveau.maisonmallet.com\/back05_01\/?event=bourque-lisette","title":{"rendered":"BOURQUE, Lisette"},"content":{"rendered":"<p>La Maison L.J.G. Mallet a le regret de vous annoncer le d\u00e9c\u00e8s de<\/p>\n<p>&nbsp;<\/p>\n<p>Lisette Bourque<\/p>\n<p>1952 &#8211; 2023<\/p>\n<p>&nbsp;<\/p>\n<p>\u00c0 Havre-Saint-Pierre, le 24 juin 2023, est d\u00e9c\u00e9d\u00e9e \u00e0 l\u2019\u00e2ge de 70 ans, madame Lisette Bourque \u00e9pouse de monsieur Ghislain Cormier et domicili\u00e9e \u00e0 Havre-Saint-Pierre.<\/p>\n<p>Les fun\u00e9railles de madame Lisette Bourque auront lieu le samedi 8 juillet 2023 \u00e0 14 h en l\u2019\u00c9glise Saint-Pierre de Havre-Saint-Pierre et de l\u00e0 au cimeti\u00e8re de l`endroit.<\/p>\n<p>Selon ses volont\u00e9s, elle a \u00e9t\u00e9 confi\u00e9e au cr\u00e9matorium de la maison L.J.G. Mallet pour cr\u00e9mation.<\/p>\n<p>La famille re\u00e7oit parents et amis le samedi 8 juillet 2023 jour des fun\u00e9railles \u00e0 compter de 13 h \u00e0 l\u2019\u00c9glise Saint-Pierre de Havre-Saint-Pierre.<\/p>\n<p>Elle laisse dans le deuil outre son \u00e9poux monsieur Ghislain Cormier, son fils Dany, sa fille Karina (Camil Barriault), ses petits-fils\u00a0: Dylan et Jakob, sa petite-fille Coralie ainsi que ses fr\u00e8res, ses s\u0153urs, ses beaux-fr\u00e8res, ses belles-s\u0153urs, ses neveux, ses ni\u00e8ces, ses cousins, ses cousines\u00a0et\u00a0de nombreux amis.<\/p>\n<p>Elle \u00e9tait la m\u00e8re de feu St\u00e9phane.<\/p>\n<p>La famille a confi\u00e9 la direction des fun\u00e9railles aux services professionnels de la Maison L.J.G. Mallet du 1429, rue du Canot \u00e0 Havre-St-Pierre, maintenant reconnue Distinction et membre de la Corporation des thanatologues du Qu\u00e9bec.<\/p>\n<p>Vous pouvez consulter cet avis de d\u00e9c\u00e8s, sur le <a href=\"https:\/\/nouveau.maisonmallet.com\">www.maisonmallet.com<\/a><\/p>\n<p>Ceux et celles qui le d\u00e9sirent, peuvent y envoyer des messages de sympathie.<\/p>\n<hr \/>\n<p>Envoyer vos condol\u00e9ances<\/p>\n<p>[contact-form to=\u00a0\u00bbkarina_cormier@hotmail.com\u00a0\u00bb subject=\u00a0\u00bbCondol\u00e9ances Lisette Bourque\u00a0\u00bb][contact-field label=\u00a0\u00bbVotre nom\u00a0\u00bb type=\u00a0\u00bbname\u00a0\u00bb required=\u00a0\u00bb1&Prime;][contact-field label=\u00a0\u00bbVotre courriel\u00a0\u00bb type=\u00a0\u00bbemail\u00a0\u00bb required=\u00a0\u00bb1&Prime;][contact-field label=\u00a0\u00bbCondol\u00e9ances\u00a0\u00bb type=\u00a0\u00bbtextarea\u00a0\u00bb][\/contact-form]<\/p>\n","protected":false},"featured_media":41352,"template":"","event_cat":[7],"class_list":["post-41282","event","type-event","status-publish","has-post-thumbnail","hentry","event_cat-maison-l-j-g-mallet-inc"],"_links":{"self":[{"href":"https:\/\/nouveau.maisonmallet.com\/back05_01\/index.php?rest_route=\/wp\/v2\/event\/41282","targetHints":{"allow":["GET"]}}],"collection":[{"href":"https:\/\/nouveau.maisonmallet.com\/back05_01\/index.php?rest_route=\/wp\/v2\/event"}],"about":[{"href":"https:\/\/nouveau.maisonmallet.com\/back05_01\/index.php?rest_route=\/wp\/v2\/types\/event"}],"wp:featuredmedia":[{"embeddable":true,"href":"https:\/\/nouveau.maisonmallet.com\/back05_01\/index.php?rest_route=\/wp\/v2\/media\/41352"}],"wp:attachment":[{"href":"https:\/\/nouveau.maisonmallet.com\/back05_01\/index.php?rest_route=%2Fwp%2Fv2%2Fmedia&parent=41282"}],"wp:term":[{"taxonomy":"event_cat","embeddable":true,"href":"https:\/\/nouveau.maisonmallet.com\/back05_01\/index.php?rest_route=%2Fwp%2Fv2%2Fevent_cat&post=41282"}],"curies":[{"name":"wp","href":"https:\/\/api.w.org\/{rel}","templated":true}]}}