{"id":41456,"date":"2023-07-05T10:33:18","date_gmt":"2023-07-05T14:33:18","guid":{"rendered":"https:\/\/nouveau.maisonmallet.com\/?post_type=event&#038;p=41456"},"modified":"2023-07-07T18:08:21","modified_gmt":"2023-07-07T22:08:21","slug":"larouche-michele","status":"publish","type":"event","link":"https:\/\/nouveau.maisonmallet.com\/back05_01\/?event=larouche-michele","title":{"rendered":"LAROUCHE, Mich\u00e8le"},"content":{"rendered":"<p>Le Complexe Thanatologique Mallet &amp; fils a le regret de vous annoncer le d\u00e9c\u00e8s de<\/p>\n<p>&nbsp;<\/p>\n<p>Mich\u00e8le Larouche<\/p>\n<p>1956 \u2013 2023<\/p>\n<p>&nbsp;<\/p>\n<p>&nbsp;<\/p>\n<p>\u00c0 Port-Cartier, le 29 juin 2023, est d\u00e9c\u00e9d\u00e9e \u00e0 l\u2019\u00e2ge de 66 ans, madame Mich\u00e8le Larouche \u00e9pouse de Robin Bezeau et domicili\u00e9e \u00e0 Rivi\u00e8re Pentec\u00f4te.<\/p>\n<p>Selon ses volont\u00e9s, elle a \u00e9t\u00e9 confi\u00e9e au cr\u00e9matorium de la Maison Mallet &amp; fils pour cr\u00e9mation.<\/p>\n<p>La famille re\u00e7oit parents et amis le dimanche 9 juillet 2023 de 13 h \u00e0 16 h a la salle de l`Age d`Or de Rivi\u00e8re Pentec\u00f4te.<\/p>\n<p>Elle laisse dans le deuil outre son \u00e9poux monsieur Robin Bezeau, sa m\u00e8re madame R\u00e9jeanne Saindon, ses filles : Isabelle (Dave Beaudin) et Karine (Steve Bezeau), ses belles-filles : Louise et Chantale, ses petits-enfants : Kimberley (Yohann McKenzie), Jennifer, Danick, \u00c9milie (Steven Paquet), Marc-Olivier,Anne-Sophie (Francis Audet), Patrick et Sylvianne, ses arri\u00e8res petits-enfants : Jayden, Olivia-Rose et Logan, ses fr\u00e8res et ses s\u0153urs : Line (Bernard Jourdain), Claude (Claudette Jean), Serge (feu H\u00e9l\u00e8ne Poulin), Kathy (Marcel Laforest),Robin (Rebecca Claveau), feu Pierrot (H\u00e9l\u00e8ne Potvin) et Nathalie (Richard Tremblay), sa belle-s\u0153ur Colette (Francis Fortin), ses beaux-fr\u00e8res : Romain (Caroline Imbeault), Rino (Dawn Bezeau), Renaud (Nathalie Jean), Renato (Cathy Bezeau) et Bobby ainsi que ses neveux, ses ni\u00e8ces, ses oncles, ses tantes, ses cousins, ses cousines, et de nombreux ami(e)s.<\/p>\n<p>La famille a confi\u00e9 les arrangements aux services professionnels de la Maison Mallet &amp; fils du 585 Boul. Laure \u00e0 Sept-\u00celes, maintenant reconnue Distinction et membre de la Corporation des Thanatologues du Qu\u00e9bec.<\/p>\n<p>Vous pouvez consulter cet avis de d\u00e9c\u00e8s sur le\u00a0: <a href=\"https:\/\/nouveau.maisonmallet.com\">www.maisonmallet.com<\/a><\/p>\n<p>Ceux et celles qui le d\u00e9sirent, peuvent y envoyer des messages de sympathie.<\/p>\n<p>&nbsp;<\/p>\n<hr \/>\n<p>Envoyer vos condol\u00e9ances<\/p>\n<p>[contact-form to=\u00a0\u00bbtremblaykarine@outlook.fr\u00a0\u00bb subject=\u00a0\u00bbCondol\u00e9ances Mich\u00e8le Larouche\u00a0\u00bb][contact-field label=\u00a0\u00bbVotre nom\u00a0\u00bb type=\u00a0\u00bbname\u00a0\u00bb required=\u00a0\u00bb1&Prime;][contact-field label=\u00a0\u00bbVotre courriel\u00a0\u00bb type=\u00a0\u00bbemail\u00a0\u00bb required=\u00a0\u00bb1&Prime;][contact-field label=\u00a0\u00bbCondol\u00e9ances\u00a0\u00bb type=\u00a0\u00bbtextarea\u00a0\u00bb][\/contact-form]<\/p>\n","protected":false},"featured_media":41475,"template":"","event_cat":[6],"class_list":["post-41456","event","type-event","status-publish","has-post-thumbnail","hentry","event_cat-maison-mallet-et-fils-inc"],"_links":{"self":[{"href":"https:\/\/nouveau.maisonmallet.com\/back05_01\/index.php?rest_route=\/wp\/v2\/event\/41456","targetHints":{"allow":["GET"]}}],"collection":[{"href":"https:\/\/nouveau.maisonmallet.com\/back05_01\/index.php?rest_route=\/wp\/v2\/event"}],"about":[{"href":"https:\/\/nouveau.maisonmallet.com\/back05_01\/index.php?rest_route=\/wp\/v2\/types\/event"}],"wp:featuredmedia":[{"embeddable":true,"href":"https:\/\/nouveau.maisonmallet.com\/back05_01\/index.php?rest_route=\/wp\/v2\/media\/41475"}],"wp:attachment":[{"href":"https:\/\/nouveau.maisonmallet.com\/back05_01\/index.php?rest_route=%2Fwp%2Fv2%2Fmedia&parent=41456"}],"wp:term":[{"taxonomy":"event_cat","embeddable":true,"href":"https:\/\/nouveau.maisonmallet.com\/back05_01\/index.php?rest_route=%2Fwp%2Fv2%2Fevent_cat&post=41456"}],"curies":[{"name":"wp","href":"https:\/\/api.w.org\/{rel}","templated":true}]}}