{"id":42128,"date":"2023-05-24T12:44:09","date_gmt":"2023-05-24T16:44:09","guid":{"rendered":"https:\/\/nouveau.maisonmallet.com\/?post_type=event&#038;p=42128"},"modified":"2024-01-17T21:39:59","modified_gmt":"2024-01-18T02:39:59","slug":"beaudin-yvon","status":"publish","type":"event","link":"https:\/\/nouveau.maisonmallet.com\/back05_01\/?event=beaudin-yvon","title":{"rendered":"BEAUDIN, Yvon"},"content":{"rendered":"<p>Le Complexe Thanatologique Mallet &amp; fils a le regret de vous annoncer le d\u00e9c\u00e8s de<\/p>\n<p>&nbsp;<\/p>\n<p>Yvon Beaudin<\/p>\n<p>1961 \u2013 2023<\/p>\n<p>&nbsp;<\/p>\n<p>&nbsp;<\/p>\n<p>\u00c0 Pointe-aux-Anglais, le 24 mai 2023, est d\u00e9c\u00e9d\u00e9 \u00e0 l\u2019\u00e2ge de 61 ans, monsieur Yvon Beaudin conjoint de madame Marie-Claude Thibeault et domicili\u00e9 \u00e0 Pointe-aux-Anglais.<\/p>\n<p>Les fun\u00e9railles de monsieur Yvon Beaudin auront lieu le samedi 5 ao\u00fbt 2023 \u00e0 14 h en l\u2019\u00c9glise St-Paul de Pointe-aux-Anglais.<\/p>\n<p>Selon ses volont\u00e9s, il a \u00e9t\u00e9 confi\u00e9 au cr\u00e9matorium de la Maison Mallet &amp; fils pour cr\u00e9mation.<\/p>\n<p>La famille re\u00e7oit parents et amis le samedi 5 ao\u00fbt 2023 jour des fun\u00e9railles \u00e0 compter de 12 h \u00e0 l`\u00e9glise St-Paul de Pointe-aux-Anglais.<\/p>\n<p>Il laisse dans le deuil outre sa conjointe madame Marie-Claude Thibeault ainsi que son fils Samuel Thibeault (Annie Deroy), sa m\u00e8re madame Madeleine Jean (feu Philibert Beaudin), ses enfants\u00a0: Karine, Bruce et Jordan, ses fr\u00e8res\u00a0: Roger (Oviette Gauthier) et Rock (Jos\u00e9e Lejeune) son petit-fils Jacob ainsi que ses beaux-fr\u00e8res, ses belles-s\u0153urs, ses neveux, ses ni\u00e8ces, ses cousins, ses cousines et de nombreux ami(e)s.<\/p>\n<p>La famille a confi\u00e9 les arrangements aux services professionnels de la Maison Mallet &amp; fils du 585 Boul. Laure \u00e0 Sept-\u00celes, maintenant reconnue Distinction et membre de la Corporation des Thanatologues du Qu\u00e9bec.<\/p>\n<p>Vous pouvez consulter cet avis de d\u00e9c\u00e8s, sur le <a href=\"https:\/\/nouveau.maisonmallet.com\">www.maisonmallet.com<\/a><\/p>\n<p>Ceux et celle qui le d\u00e9sirent, peuvent y envoyer des messages de sympathie.<\/p>\n<p>&nbsp;<\/p>\n<hr \/>\n<p>Envoyer vos condol\u00e9ances<\/p>\n<p>[contact-form to=\u00a0\u00bbyvon52@hotmail.fr\u00a0\u00bb subject=\u00a0\u00bbCondol\u00e9ances Yvon Beaudin\u00a0\u00bb][contact-field label=\u00a0\u00bbVotre nom\u00a0\u00bb type=\u00a0\u00bbname\u00a0\u00bb required=\u00a0\u00bb1&Prime;][contact-field label=\u00a0\u00bbVotre courriel\u00a0\u00bb type=\u00a0\u00bbemail\u00a0\u00bb required=\u00a0\u00bb1&Prime;][contact-field label=\u00a0\u00bbCondol\u00e9ances\u00a0\u00bb type=\u00a0\u00bbtextarea\u00a0\u00bb][\/contact-form]<\/p>\n","protected":false},"featured_media":42145,"template":"","event_cat":[6],"class_list":["post-42128","event","type-event","status-publish","has-post-thumbnail","hentry","event_cat-maison-mallet-et-fils-inc"],"_links":{"self":[{"href":"https:\/\/nouveau.maisonmallet.com\/back05_01\/index.php?rest_route=\/wp\/v2\/event\/42128","targetHints":{"allow":["GET"]}}],"collection":[{"href":"https:\/\/nouveau.maisonmallet.com\/back05_01\/index.php?rest_route=\/wp\/v2\/event"}],"about":[{"href":"https:\/\/nouveau.maisonmallet.com\/back05_01\/index.php?rest_route=\/wp\/v2\/types\/event"}],"wp:featuredmedia":[{"embeddable":true,"href":"https:\/\/nouveau.maisonmallet.com\/back05_01\/index.php?rest_route=\/wp\/v2\/media\/42145"}],"wp:attachment":[{"href":"https:\/\/nouveau.maisonmallet.com\/back05_01\/index.php?rest_route=%2Fwp%2Fv2%2Fmedia&parent=42128"}],"wp:term":[{"taxonomy":"event_cat","embeddable":true,"href":"https:\/\/nouveau.maisonmallet.com\/back05_01\/index.php?rest_route=%2Fwp%2Fv2%2Fevent_cat&post=42128"}],"curies":[{"name":"wp","href":"https:\/\/api.w.org\/{rel}","templated":true}]}}