{"id":42144,"date":"2023-07-22T10:26:22","date_gmt":"2023-07-22T14:26:22","guid":{"rendered":"https:\/\/nouveau.maisonmallet.com\/?post_type=event&#038;p=42144"},"modified":"2024-01-17T21:39:16","modified_gmt":"2024-01-18T02:39:16","slug":"bernier-guy-andre","status":"publish","type":"event","link":"https:\/\/nouveau.maisonmallet.com\/back05_01\/?event=bernier-guy-andre","title":{"rendered":"BERNIER, Guy Andr\u00e9"},"content":{"rendered":"<p>Le Complexe Thanatologique Mallet &amp; fils a le regret de vous annoncer le d\u00e9c\u00e8s de<\/p>\n<p>&nbsp;<\/p>\n<p>Guy Andr\u00e9 Bernier<\/p>\n<p>1953\u20132023<\/p>\n<p>&nbsp;<\/p>\n<p>&nbsp;<\/p>\n<p>\u00c0 Qu\u00e9bec, le 22 juillet 2023, est d\u00e9c\u00e9d\u00e9 \u00e0 l\u2019\u00e2ge de 70 ans monsieur Guy Andr\u00e9 Bernier \u00e9poux de madame Carmelle Fournier et domicili\u00e9 \u00e0 Port-Cartier.<\/p>\n<p>Les fun\u00e9railles de monsieur Guy Andr\u00e9 Bernier auront lieu le vendredi 4 ao\u00fbt 2023 \u00e0 14 h, en l\u2019\u00e9glise Sacr\u00e9-C\u0153ur de Port-Cartier.<\/p>\n<p>Selon ses volont\u00e9s, il a \u00e9t\u00e9 confi\u00e9 au cr\u00e9matorium de la Maison Mallet &amp; fils pour cr\u00e9mation.<\/p>\n<p>La famille re\u00e7oit parents et amis le vendredi 4 ao\u00fbt 2023 jour des fun\u00e9railles \u00e0 compter de 13 h \u00e0 l\u2019\u00e9glise Sacr\u00e9-C\u0153ur situ\u00e9e au 38, rue Parent \u00e0 Port-Cartier.<\/p>\n<p>Il laisse dans le deuil son \u00e9pouse madame Carmelle Fournier, ses enfants : Jean-Fran\u00e7ois (M\u00e9lanie Lavoie) et S\u00e9bastien (M\u00e9lanie C\u00f4t\u00e9), ses petits-enfants : Marie-\u00c8ve, Charles, Camille et Florence, sa s\u0153ur Ginette (Yvon Leli\u00e8vre), son fr\u00e8re Andr\u00e9 (Odette Maloney), sa belle-m\u00e8re Alvina No\u00ebl, ses beaux-fr\u00e8res : R\u00e9jean (Danielle Tremblay) et Ga\u00e9tan, sa belle-s\u0153ur Monik (Pierre Lepage), une bonne amie de la famille Nathalie H\u00e9bert, ainsi que ses neveux et ses ni\u00e8ces : Martin Leli\u00e8vre, R\u00e9mi Leli\u00e8vre, Guy Leli\u00e8vre, Johanne Bernier, Nathalie Bernier, Jade Fournier, Genevi\u00e8ve Lepage, V\u00e9ronique Lepage et Maggie H\u00e9bert Fournier ainsi que de nombreux ami(e)s.<\/p>\n<p>La famille a confi\u00e9 la direction des fun\u00e9railles aux services professionnels de la maison Mallet &amp; fils du 57, route 138 \u00e0 Port-Cartier, maintenant reconnue Distinction et membre de la Corporation des Thanatologues du Qu\u00e9bec<\/p>\n<p>Vous pouvez consulter cet avis de d\u00e9c\u00e8s, sur le <a href=\"https:\/\/nouveau.maisonmallet.com\">www.maisonmallet.com<\/a><\/p>\n<p>Ceux et celles qui le d\u00e9sirent, peuvent y envoyer des messages de sympathie.<\/p>\n<p>&nbsp;<\/p>\n<hr \/>\n<p>Envoyer vos condol\u00e9ances<\/p>\n<p>[contact-form to=\u00a0\u00bbcarmelle.fournier@live.ca\u00a0\u00bb subject=\u00a0\u00bbCondol\u00e9ances Guy Andr\u00e9 Bernier\u00a0\u00bb][contact-field label=\u00a0\u00bbVotre nom\u00a0\u00bb type=\u00a0\u00bbname\u00a0\u00bb required=\u00a0\u00bb1&Prime;][contact-field label=\u00a0\u00bbVotre courriel\u00a0\u00bb type=\u00a0\u00bbemail\u00a0\u00bb required=\u00a0\u00bb1&Prime;][contact-field label=\u00a0\u00bbCondol\u00e9ances\u00a0\u00bb type=\u00a0\u00bbtextarea\u00a0\u00bb][\/contact-form]<\/p>\n","protected":false},"featured_media":42239,"template":"","event_cat":[6],"class_list":["post-42144","event","type-event","status-publish","has-post-thumbnail","hentry","event_cat-maison-mallet-et-fils-inc"],"_links":{"self":[{"href":"https:\/\/nouveau.maisonmallet.com\/back05_01\/index.php?rest_route=\/wp\/v2\/event\/42144","targetHints":{"allow":["GET"]}}],"collection":[{"href":"https:\/\/nouveau.maisonmallet.com\/back05_01\/index.php?rest_route=\/wp\/v2\/event"}],"about":[{"href":"https:\/\/nouveau.maisonmallet.com\/back05_01\/index.php?rest_route=\/wp\/v2\/types\/event"}],"wp:featuredmedia":[{"embeddable":true,"href":"https:\/\/nouveau.maisonmallet.com\/back05_01\/index.php?rest_route=\/wp\/v2\/media\/42239"}],"wp:attachment":[{"href":"https:\/\/nouveau.maisonmallet.com\/back05_01\/index.php?rest_route=%2Fwp%2Fv2%2Fmedia&parent=42144"}],"wp:term":[{"taxonomy":"event_cat","embeddable":true,"href":"https:\/\/nouveau.maisonmallet.com\/back05_01\/index.php?rest_route=%2Fwp%2Fv2%2Fevent_cat&post=42144"}],"curies":[{"name":"wp","href":"https:\/\/api.w.org\/{rel}","templated":true}]}}