{"id":42404,"date":"2023-04-13T10:59:14","date_gmt":"2023-04-13T14:59:14","guid":{"rendered":"https:\/\/nouveau.maisonmallet.com\/?post_type=event&#038;p=42404"},"modified":"2024-01-17T21:35:59","modified_gmt":"2024-01-18T02:35:59","slug":"gallant-noel","status":"publish","type":"event","link":"https:\/\/nouveau.maisonmallet.com\/back05_01\/?event=gallant-noel","title":{"rendered":"GALLANT, No\u00ebl"},"content":{"rendered":"<p>La Maison L.J.G. Mallet a le regret de vous annoncer le d\u00e9c\u00e8s de<\/p>\n<p>&nbsp;<\/p>\n<p>No\u00ebl Gallant<\/p>\n<p>1948 \u2013 2023<\/p>\n<p>&nbsp;<\/p>\n<p>\u00c0 Aguanish, le 13 avril 2023, est d\u00e9c\u00e9d\u00e9 \u00e0 l\u2019\u00e2ge de 74 ans, monsieur No\u00ebl Gallant fils de feu Hector Gallant et de feu Ad\u00e9la Vigneault domicili\u00e9 \u00e0 Aguanish.<\/p>\n<p>Les fun\u00e9railles de monsieur No\u00ebl Gallant auront lieu le samedi 12 ao\u00fbt 2023 \u00e0 11 h en l\u2019\u00e9glise Marie-M\u00e8re-de-l\u2019\u00c9glise d\u2019Aguanish.<\/p>\n<p>Selon ses volont\u00e9s, il a \u00e9t\u00e9 confi\u00e9 au cr\u00e9matorium de la Maison L.J.G. Mallet pour cr\u00e9mation.<\/p>\n<p>Il laisse dans le deuil sa fille Claudia (Joel Leblanc), son petit-fils Alex (Koryne L\u00e9veill\u00e9) ainsi que ses s\u0153urs : Denise (feu Lucien), Yolande (Lucien), Louisette (Donald), No\u00eblla et Nicole (Pierre), ses fr\u00e8res : Gaby, Langis (Germaine), Ga\u00e9tan (Antoinette) et Jean-Yves (Denise), son beau-fr\u00e8re Lionel, ses neveux, ses ni\u00e8ces et de nombreux ami(e)s.<\/p>\n<p>Il \u00e9tait le fr\u00e8re feu Louise.<\/p>\n<p>La famille a confi\u00e9 les arrangements aux services professionnels de la Maison L.J.G. Mallet du 1429, rue du Canot \u00e0 Havre-St-Pierre, maintenant reconnue Distinction et membre de la Corporation des Thanatologues du Qu\u00e9bec.<\/p>\n<p>Vous pouvez consulter cet avis de d\u00e9c\u00e8s, sur le <a href=\"https:\/\/nouveau.maisonmallet.com\">www.maisonmallet.com<\/a><\/p>\n<p>Ceux et celles qui le d\u00e9sirent, peuvent y envoyer des messages de sympathie.<\/p>\n<hr \/>\n<p>Envoyer vos condol\u00e9ances<\/p>\n<p>[contact-form to=\u00a0\u00bbclag0809@gmail.com\u00a0\u00bb subject=\u00a0\u00bbCondol\u00e9ances Noel Gallant\u00a0\u00bb][contact-field label=\u00a0\u00bbVotre nom\u00a0\u00bb type=\u00a0\u00bbname\u00a0\u00bb required=\u00a0\u00bb1&Prime;][contact-field label=\u00a0\u00bbVotre courriel\u00a0\u00bb type=\u00a0\u00bbemail\u00a0\u00bb required=\u00a0\u00bb1&Prime;][contact-field label=\u00a0\u00bbCondol\u00e9ances\u00a0\u00bb type=\u00a0\u00bbtextarea\u00a0\u00bb][\/contact-form]<\/p>\n","protected":false},"featured_media":42451,"template":"","event_cat":[7],"class_list":["post-42404","event","type-event","status-publish","has-post-thumbnail","hentry","event_cat-maison-l-j-g-mallet-inc"],"_links":{"self":[{"href":"https:\/\/nouveau.maisonmallet.com\/back05_01\/index.php?rest_route=\/wp\/v2\/event\/42404","targetHints":{"allow":["GET"]}}],"collection":[{"href":"https:\/\/nouveau.maisonmallet.com\/back05_01\/index.php?rest_route=\/wp\/v2\/event"}],"about":[{"href":"https:\/\/nouveau.maisonmallet.com\/back05_01\/index.php?rest_route=\/wp\/v2\/types\/event"}],"wp:featuredmedia":[{"embeddable":true,"href":"https:\/\/nouveau.maisonmallet.com\/back05_01\/index.php?rest_route=\/wp\/v2\/media\/42451"}],"wp:attachment":[{"href":"https:\/\/nouveau.maisonmallet.com\/back05_01\/index.php?rest_route=%2Fwp%2Fv2%2Fmedia&parent=42404"}],"wp:term":[{"taxonomy":"event_cat","embeddable":true,"href":"https:\/\/nouveau.maisonmallet.com\/back05_01\/index.php?rest_route=%2Fwp%2Fv2%2Fevent_cat&post=42404"}],"curies":[{"name":"wp","href":"https:\/\/api.w.org\/{rel}","templated":true}]}}