{"id":42603,"date":"2023-08-11T17:12:28","date_gmt":"2023-08-11T21:12:28","guid":{"rendered":"https:\/\/nouveau.maisonmallet.com\/?post_type=event&#038;p=42603"},"modified":"2024-01-17T21:30:04","modified_gmt":"2024-01-18T02:30:04","slug":"regis-antonio","status":"publish","type":"event","link":"https:\/\/nouveau.maisonmallet.com\/back05_01\/?event=regis-antonio","title":{"rendered":"R\u00c9GIS, Antonio"},"content":{"rendered":"<p>Le Complexe Thanatologique Mallet &amp; fils a le regret de vous annoncer le d\u00e9c\u00e8s de<\/p>\n<p>&nbsp;<\/p>\n<p>Antonio R\u00e9gis<\/p>\n<p>1953 \u2013 2023<\/p>\n<p>&nbsp;<\/p>\n<p>&nbsp;<\/p>\n<p>\u00c0 Sept-\u00celes, le 11 ao\u00fbt 2023, est d\u00e9c\u00e9d\u00e9 \u00e0 l\u2019\u00e2ge de 70 ans, monsieur Antonio R\u00e9gis \u00e9poux de feu Doris Vollant et domicili\u00e9 \u00e0 Uashat.<\/p>\n<p>Les fun\u00e9railles de monsieur Antonio R\u00e9gis auront lieu le mercredi 16 ao\u00fbt 2023 \u00e0 10 h en l\u2019\u00e9glise Notre-Dame du Cap situ\u00e9e au 139, rue de l\u2019\u00c9glise \u00e0 Mani-utenam et de l\u00e0 au cimeti\u00e8re de Mani-utenam.<\/p>\n<p>La famille re\u00e7oit parents et amis le lundi 14 ao\u00fbt 2023 de 19 h \u00e0 22 h, le mardi 15 ao\u00fbt 2023 de 13 h \u00e0 16 h et de 19 h \u00e0 22 h, le mercredi 16 ao\u00fbt 2023 jours des fun\u00e9railles \u00e0 compter de 8 h 30 \u00e0 l\u2019\u00e9glise Notre-Dame du Cape de Mani-utenam.<\/p>\n<p>Il laisse dans le deuil ses enfants\u00a0: Karine (Jean-Yves), Edith (Shannon), Charlotte (Jimmy), Steve (\u00c9rica) et Pinip (Kassandra), ses petits-enfants, son arri\u00e8re-petit-fils, ses fr\u00e8res, ses s\u0153urs ainsi que ses beaux-fr\u00e8res, ses belles-s\u0153urs, ses neveux, ses ni\u00e8ces et de nombreux ami(e)s.<\/p>\n<p>La famille a confi\u00e9 la direction des fun\u00e9railles aux services professionnels de la Maison Mallet &amp; fils du 585, Boul. Laure \u00e0 Sept-\u00celes, maintenant reconnue Distinction et membre de la Corporation des Thanatologues du Qu\u00e9bec.<\/p>\n<p>Vous pouvez consulter cet avis de d\u00e9c\u00e8s sur le <a href=\"https:\/\/nouveau.maisonmallet.com\">www.maisonmallet.com<\/a><\/p>\n<p>Ceux et celles qui le d\u00e9sirent, peuvent y envoyer des messages de condol\u00e9ances.<\/p>\n<p>&nbsp;<\/p>\n<hr \/>\n<p>Envoyer vos condol\u00e9ances<\/p>\n<p>[contact-form to=\u00a0\u00bbcharlotte.mckenzie@ckau.com\u00a0\u00bb subject=\u00a0\u00bbCondol\u00e9ances Antonio R\u00e9gis\u00a0\u00bb][contact-field label=\u00a0\u00bbVotre nom\u00a0\u00bb type=\u00a0\u00bbname\u00a0\u00bb required=\u00a0\u00bb1&Prime;][contact-field label=\u00a0\u00bbVotre courriel\u00a0\u00bb type=\u00a0\u00bbemail\u00a0\u00bb required=\u00a0\u00bb1&Prime;][contact-field label=\u00a0\u00bbCondol\u00e9ances\u00a0\u00bb type=\u00a0\u00bbtextarea\u00a0\u00bb][\/contact-form]<\/p>\n","protected":false},"featured_media":42664,"template":"","event_cat":[6],"class_list":["post-42603","event","type-event","status-publish","has-post-thumbnail","hentry","event_cat-maison-mallet-et-fils-inc"],"_links":{"self":[{"href":"https:\/\/nouveau.maisonmallet.com\/back05_01\/index.php?rest_route=\/wp\/v2\/event\/42603","targetHints":{"allow":["GET"]}}],"collection":[{"href":"https:\/\/nouveau.maisonmallet.com\/back05_01\/index.php?rest_route=\/wp\/v2\/event"}],"about":[{"href":"https:\/\/nouveau.maisonmallet.com\/back05_01\/index.php?rest_route=\/wp\/v2\/types\/event"}],"wp:featuredmedia":[{"embeddable":true,"href":"https:\/\/nouveau.maisonmallet.com\/back05_01\/index.php?rest_route=\/wp\/v2\/media\/42664"}],"wp:attachment":[{"href":"https:\/\/nouveau.maisonmallet.com\/back05_01\/index.php?rest_route=%2Fwp%2Fv2%2Fmedia&parent=42603"}],"wp:term":[{"taxonomy":"event_cat","embeddable":true,"href":"https:\/\/nouveau.maisonmallet.com\/back05_01\/index.php?rest_route=%2Fwp%2Fv2%2Fevent_cat&post=42603"}],"curies":[{"name":"wp","href":"https:\/\/api.w.org\/{rel}","templated":true}]}}