{"id":43094,"date":"2023-08-24T15:06:36","date_gmt":"2023-08-24T19:06:36","guid":{"rendered":"https:\/\/nouveau.maisonmallet.com\/?post_type=event&#038;p=43094"},"modified":"2024-01-17T21:19:42","modified_gmt":"2024-01-18T02:19:42","slug":"nadeau-berangere","status":"publish","type":"event","link":"https:\/\/nouveau.maisonmallet.com\/back05_01\/?event=nadeau-berangere","title":{"rendered":"NADEAU, B\u00e9rang\u00e8re"},"content":{"rendered":"<p>La Maison L.J.G. Mallet a le regret de vous annoncer le d\u00e9c\u00e8s de<\/p>\n<p>&nbsp;<\/p>\n<p>B\u00e9rang\u00e8re Nadeau<\/p>\n<p>1936 \u2013 2023<\/p>\n<p>&nbsp;<\/p>\n<p>\u00c0 Havre-Saint-Pierre, le 24 ao\u00fbt 2023, est d\u00e9c\u00e9d\u00e9e \u00e0 l\u2019\u00e2ge de 87 ans, madame B\u00e9rang\u00e8re Nadeau \u00e9pouse de feu Laurent C\u00f4t\u00e9, fille de feu L\u00e9onard Nadeau et de feu Ad\u00e9la Monger, domicili\u00e9e \u00e0 Havre-Saint-Pierre.<\/p>\n<p>Les fun\u00e9railles de madame B\u00e9rang\u00e8re Nadeau auront lieu\u00a0le lundi 4 septembre 2023 \u00e0 11 h\u00a0en l\u2019\u00e9glise Saint-Pierre de Havre-Saint-Pierre et de l\u00e0 au cimeti\u00e8re de l\u2019endroit.<\/p>\n<p>Selon ses volont\u00e9s, elle a \u00e9t\u00e9 confi\u00e9e au cr\u00e9matorium de la Maison L.J.G. Mallet pour cr\u00e9mation.<\/p>\n<p>La famille re\u00e7oit parents et amis\u00a0le lundi 4 septembre 2023 jour des fun\u00e9railles \u00e0 compter\u00a0de 10 h \u00e0 l\u2019\u00e9glise Saint-Pierre de Havre-Saint-Pierre.<\/p>\n<p>Elle laisse dans le deuil ses enfants : Robert (Chantal Imbeault et sa fille Marjorie (Hugo)), Gervais, Guylaine (\u00c9tienne Barriault) et Suzie (Serge Poirier), ses petits-enfants : J\u00e9r\u00e9my (Harley) et Joannie (Simon) ainsi que ses fr\u00e8res : Aur\u00e8le (Liliane Marcoux), Robert (Elmyre Monger), Denys (Nelly Grenon), Camil (Linda Bernard) et Viateur (Anne Fortier) ses neveux, ses ni\u00e8ces, son oncle, ses tantes, ses cousins, ses cousines et de nombreux ami(e)s.<\/p>\n<p>Elle \u00e9tait la m\u00e8re de feu Guy C\u00f4t\u00e9.<\/p>\n<p>Vos marques de sympathies peuvent se traduire par un don \u00e0 la Fondation du Centre de sant\u00e9 de la Minganie.<\/p>\n<p>La famille a confi\u00e9 la direction des fun\u00e9railles aux services professionnels de la Maison L.J.G. Mallet du 1429, rue du Canot \u00e0 Havre-Saint-Pierre, maintenant reconnue Distinction et membre de la Corporation des Thanatologues du Qu\u00e9bec.<\/p>\n<p>Vous pouvez consulter cet avis de d\u00e9c\u00e8s sur le\u00a0<a href=\"https:\/\/nouveau.maisonmallet.com\/\">www.maisonmallet.com<\/a><\/p>\n<p>Ceux et celles qui le d\u00e9sirent, peuvent y envoyer des messages de sympathie.<\/p>\n<hr \/>\n<p>Envoyer vos condol\u00e9ances<\/p>\n<p>[contact-form to=\u00a0\u00bbfamillebnadeaucote@gmail.com\u00a0\u00bb subject=\u00a0\u00bbCondol\u00e9ances B\u00e9rang\u00e8re Nadeau\u00a0\u00bb][contact-field label=\u00a0\u00bbVotre nom\u00a0\u00bb type=\u00a0\u00bbname\u00a0\u00bb required=\u00a0\u00bb1&Prime;][contact-field label=\u00a0\u00bbVotre courriel\u00a0\u00bb type=\u00a0\u00bbemail\u00a0\u00bb required=\u00a0\u00bb1&Prime;][contact-field label=\u00a0\u00bbCondol\u00e9ances\u00a0\u00bb type=\u00a0\u00bbtextarea\u00a0\u00bb][\/contact-form]<\/p>\n","protected":false},"featured_media":43159,"template":"","event_cat":[7],"class_list":["post-43094","event","type-event","status-publish","has-post-thumbnail","hentry","event_cat-maison-l-j-g-mallet-inc"],"_links":{"self":[{"href":"https:\/\/nouveau.maisonmallet.com\/back05_01\/index.php?rest_route=\/wp\/v2\/event\/43094","targetHints":{"allow":["GET"]}}],"collection":[{"href":"https:\/\/nouveau.maisonmallet.com\/back05_01\/index.php?rest_route=\/wp\/v2\/event"}],"about":[{"href":"https:\/\/nouveau.maisonmallet.com\/back05_01\/index.php?rest_route=\/wp\/v2\/types\/event"}],"wp:featuredmedia":[{"embeddable":true,"href":"https:\/\/nouveau.maisonmallet.com\/back05_01\/index.php?rest_route=\/wp\/v2\/media\/43159"}],"wp:attachment":[{"href":"https:\/\/nouveau.maisonmallet.com\/back05_01\/index.php?rest_route=%2Fwp%2Fv2%2Fmedia&parent=43094"}],"wp:term":[{"taxonomy":"event_cat","embeddable":true,"href":"https:\/\/nouveau.maisonmallet.com\/back05_01\/index.php?rest_route=%2Fwp%2Fv2%2Fevent_cat&post=43094"}],"curies":[{"name":"wp","href":"https:\/\/api.w.org\/{rel}","templated":true}]}}