{"id":43521,"date":"2023-09-15T22:45:50","date_gmt":"2023-09-16T02:45:50","guid":{"rendered":"https:\/\/nouveau.maisonmallet.com\/?post_type=event&#038;p=43521"},"modified":"2024-01-17T21:10:14","modified_gmt":"2024-01-18T02:10:14","slug":"pitre-paul-donald","status":"publish","type":"event","link":"https:\/\/nouveau.maisonmallet.com\/back05_01\/?event=pitre-paul-donald","title":{"rendered":"PITRE, Paul Donald"},"content":{"rendered":"<p>Le Complexe Thanatologique Mallet &amp; fils a le regret de vous annoncer le d\u00e9c\u00e8s de<\/p>\n<p>&nbsp;<\/p>\n<p>Paul Donald Pitre<\/p>\n<p>1949 \u2013 2023<\/p>\n<p>&nbsp;<\/p>\n<p>&nbsp;<\/p>\n<p>Entour\u00e9 de sa famille, Paul Pitre est d\u00e9c\u00e9d\u00e9 paisiblement \u00e0 Pincourt le vendredi 15 septembre 2023. Il avait 73 ans.<\/p>\n<p>Il laisse dans le deuil son \u00e9pouse d\u00e9vou\u00e9e depuis 52 ans, Sharon Kelly, ses deux fils Jason (Anne-Marie) et Stephane (Catherine), ainsi que ses chers petits-enfants Annabelle, Madison, Samuel et Sophie. Il laisse \u00e9galement derri\u00e8re lui ses s\u0153urs Jacqueline (Jean-Yves), Nycole (Andr\u00e9), Reine, Lise (Pierre), Louise, et ses fr\u00e8res Jacques (Claude) et Serge (Christiane) et pr\u00e9d\u00e9c\u00e9d\u00e9 par sa s\u0153ur Monique.<\/p>\n<p>Paul \u00e9tait un mari et un p\u00e8re aimant, dot\u00e9 d&rsquo;un sens de l&rsquo;humour unique et d&rsquo;un c\u0153ur loyal. Ses passions pour la p\u00eache, le golf et l\u2019aviation lui ont permis de vivre de belles exp\u00e9riences qu&rsquo;il a partag\u00e9es avec de nombreux amis et membres de sa famille tout au long de sa vie. Son amour de la vie et sa joie de partager laisseront une empreinte ind\u00e9l\u00e9bile dans nos c\u0153urs.<\/p>\n<p>Une c\u00e9l\u00e9bration de la vie de Paul aura lieu le dimanche 24 septembre 2023 de 13h00 \u00e0 15h30 au\u00a0<a href=\"https:\/\/maps.app.goo.gl\/2ABcxzirbGXwChdt7\">Complexe fun\u00e9raire du Belv\u00e9d\u00e8re<\/a>\u00a0situ\u00e9 au 22025, route Transcanadienne, Senneville, QC H9X 0B2. Au lieu de fleurs, les dons peuvent \u00eatre faits \u00e0 l&rsquo;unit\u00e9 d&rsquo;oncologie de l&rsquo;h\u00f4pital Lakeshore\u00a0<a href=\"https:\/\/fondationlakeshore.ca\/fr\/donner\/\">https:\/\/fondationlakeshore.ca\/fr\/donner\/<\/a>\u00a0et s\u00e9lectionner \u00ab\u00a0<strong>Oncologie<\/strong>\u00a0\u00bb.<\/p>\n<p>Vous pouvez consulter cet avis de d\u00e9c\u00e8s sur le\u00a0: <a href=\"https:\/\/nouveau.maisonmallet.com\">www.maisonmallet.com<\/a><\/p>\n<p>Ceux et celles qui le d\u00e9sirent, peuvent y envoyer des messages de sympathie.<\/p>\n<p>&nbsp;<\/p>\n<p>&nbsp;<\/p>\n<hr \/>\n<p>Envoyer vos condol\u00e9ances<\/p>\n<p>[contact-form to=\u00a0\u00bbksharon2551@gmail.com\u00a0\u00bb subject=\u00a0\u00bbCondol\u00e9ances Paul Donald Pitre\u00a0\u00bb][contact-field label=\u00a0\u00bbVotre nom\u00a0\u00bb type=\u00a0\u00bbname\u00a0\u00bb required=\u00a0\u00bb1&Prime;][contact-field label=\u00a0\u00bbVotre courriel\u00a0\u00bb type=\u00a0\u00bbemail\u00a0\u00bb required=\u00a0\u00bb1&Prime;][contact-field label=\u00a0\u00bbCondol\u00e9ances\u00a0\u00bb type=\u00a0\u00bbtextarea\u00a0\u00bb][\/contact-form]<\/p>\n","protected":false},"featured_media":43545,"template":"","event_cat":[6],"class_list":["post-43521","event","type-event","status-publish","has-post-thumbnail","hentry","event_cat-maison-mallet-et-fils-inc"],"_links":{"self":[{"href":"https:\/\/nouveau.maisonmallet.com\/back05_01\/index.php?rest_route=\/wp\/v2\/event\/43521","targetHints":{"allow":["GET"]}}],"collection":[{"href":"https:\/\/nouveau.maisonmallet.com\/back05_01\/index.php?rest_route=\/wp\/v2\/event"}],"about":[{"href":"https:\/\/nouveau.maisonmallet.com\/back05_01\/index.php?rest_route=\/wp\/v2\/types\/event"}],"wp:featuredmedia":[{"embeddable":true,"href":"https:\/\/nouveau.maisonmallet.com\/back05_01\/index.php?rest_route=\/wp\/v2\/media\/43545"}],"wp:attachment":[{"href":"https:\/\/nouveau.maisonmallet.com\/back05_01\/index.php?rest_route=%2Fwp%2Fv2%2Fmedia&parent=43521"}],"wp:term":[{"taxonomy":"event_cat","embeddable":true,"href":"https:\/\/nouveau.maisonmallet.com\/back05_01\/index.php?rest_route=%2Fwp%2Fv2%2Fevent_cat&post=43521"}],"curies":[{"name":"wp","href":"https:\/\/api.w.org\/{rel}","templated":true}]}}