{"id":43841,"date":"2023-10-05T08:46:34","date_gmt":"2023-10-05T12:46:34","guid":{"rendered":"https:\/\/nouveau.maisonmallet.com\/?post_type=event&#038;p=43841"},"modified":"2023-11-11T11:57:38","modified_gmt":"2023-11-11T16:57:38","slug":"deschenes-rejean","status":"publish","type":"event","link":"https:\/\/nouveau.maisonmallet.com\/back05_01\/?event=deschenes-rejean","title":{"rendered":"DESCH\u00caNES, R\u00e9jean"},"content":{"rendered":"<p>Le Complexe Thanatologique Mallet &amp; fils a le regret de vous annoncer le d\u00e9c\u00e8s de<\/p>\n<p>&nbsp;<\/p>\n<p>R\u00e9jean Desch\u00eanes<\/p>\n<p>1953 \u2013 2023<\/p>\n<p>&nbsp;<\/p>\n<p>\u00c0 Port-Cartier, le 5 octobre 2023, est d\u00e9c\u00e9d\u00e9 \u00e0 l\u2019\u00e2ge de 70 ans, monsieur R\u00e9jean Desch\u00eanes \u00e9poux de madame Ir\u00e8ne Rancourt et domicili\u00e9 \u00e0 Port-Cartier.<\/p>\n<p>Les fun\u00e9railles de monsieur R\u00e9jean Desch\u00eanes auront lieu le samedi 14 octobre 2023 \u00e0 14 h en l\u2019\u00e9glise St-Janvier situ\u00e9e au 223, rue St-Janvier \u00e0 Weedon et de l\u00e0 au columbarium familial.<\/p>\n<p>Selon ses volont\u00e9s, il a \u00e9t\u00e9 confi\u00e9 au cr\u00e9matorium de la Maison Mallet &amp; fils pour cr\u00e9mation.<\/p>\n<p>A Port-Cartier<\/p>\n<p>La famille re\u00e7oit parents et amis le mardi 10 octobre 2023 de 19 h \u00e0 22 h au Complexe Thanatologique Mallet &amp; fils du 57, route 138 \u00e0 Port-Cartier.<\/p>\n<p>A Weedon<\/p>\n<p>La famille re\u00e7oit parents et amis le samedi jour de fun\u00e9railles \u00e0 compter de 12 h \u00e0 l\u2019\u00e9glise St-Janvier de Weedon.<\/p>\n<p>Il laisse dans le deuil outre son \u00e9pouse madame Ir\u00e8ne Rancourt, ses filles\u00a0: Isabelle (Carl Tremblay) et Joanie, sa petite-fille B\u00e9atrice, ses petits-fils\u00a0: William et Jacob.<\/p>\n<p>Il \u00e9tait le fr\u00e8re de\u00a0: feu Jacques, Linda et Rock (Louisa Heppel).<\/p>\n<p>Il \u00e9tait le gendre de madame Jeanne d\u2019Arc Rousseau (feu Roger Rancourt).<\/p>\n<p>Il \u00e9tait le beau-fr\u00e8re de\u00a0: Gilles (Ghisline Lapointe), feu Lucie (Guy Bourque), R\u00e9al (Micheline Rodrigue), Suzanne (Denis Lapointe), Simon, Donald, Micheline et Annie (Marco Par\u00e9).<\/p>\n<p>Il laisse \u00e9galement dans le deuil ses neveux, ses ni\u00e8ces, ses oncles, ses tantes, ses cousins, ses cousines et de nombreux ami(e)s.<\/p>\n<p>Vos marques de sympathie peuvent se traduire par un don \u00e0 la Soci\u00e9t\u00e9 Canadienne du cancer <a href=\"http:\/\/www.cancer.ca\">www.cancer.ca<\/a><\/p>\n<p>La famille a confi\u00e9 les arrangements fun\u00e9raires aux services professionnels de la maison Mallet &amp; fils du 57, route 138 \u00e0 Port-Cartier, maintenant reconnue Distinction et membre de la Corporation des Thanatologues du Qu\u00e9bec.<\/p>\n<p>Vous pouvez consulter cet avis de d\u00e9c\u00e8s, sur le <a href=\"https:\/\/nouveau.maisonmallet.com\">www.maisonmallet.com<\/a><\/p>\n<p>Ceux et celles qui le d\u00e9sirent, peuvent y envoyer des messages de sympathie.<\/p>\n<hr \/>\n<p>Envoyer vos condol\u00e9ances<\/p>\n<p>[contact-form to=\u00a0\u00bbirene-rejean@hotmail.fr\u00a0\u00bb subject=\u00a0\u00bbCondol\u00e9ances R\u00e9jean Desch\u00eanes\u00a0\u00bb][contact-field label=\u00a0\u00bbVotre nom\u00a0\u00bb type=\u00a0\u00bbname\u00a0\u00bb required=\u00a0\u00bb1&Prime;][contact-field label=\u00a0\u00bbVotre courriel\u00a0\u00bb type=\u00a0\u00bbemail\u00a0\u00bb required=\u00a0\u00bb1&Prime;][contact-field label=\u00a0\u00bbCondol\u00e9ances\u00a0\u00bb type=\u00a0\u00bbtextarea\u00a0\u00bb][\/contact-form]<\/p>\n","protected":false},"featured_media":43906,"template":"","event_cat":[6],"class_list":["post-43841","event","type-event","status-publish","has-post-thumbnail","hentry","event_cat-maison-mallet-et-fils-inc"],"_links":{"self":[{"href":"https:\/\/nouveau.maisonmallet.com\/back05_01\/index.php?rest_route=\/wp\/v2\/event\/43841","targetHints":{"allow":["GET"]}}],"collection":[{"href":"https:\/\/nouveau.maisonmallet.com\/back05_01\/index.php?rest_route=\/wp\/v2\/event"}],"about":[{"href":"https:\/\/nouveau.maisonmallet.com\/back05_01\/index.php?rest_route=\/wp\/v2\/types\/event"}],"wp:featuredmedia":[{"embeddable":true,"href":"https:\/\/nouveau.maisonmallet.com\/back05_01\/index.php?rest_route=\/wp\/v2\/media\/43906"}],"wp:attachment":[{"href":"https:\/\/nouveau.maisonmallet.com\/back05_01\/index.php?rest_route=%2Fwp%2Fv2%2Fmedia&parent=43841"}],"wp:term":[{"taxonomy":"event_cat","embeddable":true,"href":"https:\/\/nouveau.maisonmallet.com\/back05_01\/index.php?rest_route=%2Fwp%2Fv2%2Fevent_cat&post=43841"}],"curies":[{"name":"wp","href":"https:\/\/api.w.org\/{rel}","templated":true}]}}