{"id":44078,"date":"2023-10-17T15:50:35","date_gmt":"2023-10-17T19:50:35","guid":{"rendered":"https:\/\/nouveau.maisonmallet.com\/?post_type=event&#038;p=44078"},"modified":"2023-11-11T11:56:42","modified_gmt":"2023-11-11T16:56:42","slug":"jourdain-jean-claude","status":"publish","type":"event","link":"https:\/\/nouveau.maisonmallet.com\/back05_01\/?event=jourdain-jean-claude","title":{"rendered":"JOURDAIN, Jean-Claude"},"content":{"rendered":"<p>Le Complexe Thanatologique Mallet &amp; fils a le regret de vous annoncer le d\u00e9c\u00e8s de<\/p>\n<p>Jean-Claude Jourdain<\/p>\n<p>1954 \u2013 2023<\/p>\n<p>&nbsp;<\/p>\n<p>&nbsp;<\/p>\n<p>\u00c0 Uashat, le 17 octobre 2023, est d\u00e9c\u00e9d\u00e9 \u00e0 l\u2019\u00e2ge de 69 ans, monsieur Jean-Claude Jourdain \u00e9poux de madame Evelyne Andr\u00e9 et domicili\u00e9 \u00e0 Uashat.<\/p>\n<p>Les fun\u00e9railles de monsieur Jean-Claude Jourdain auront lieu le mercredi 25 octobre 2023 \u00e0 10 h en l\u2019\u00e9glise Kateri Tekakwitha, situ\u00e9e au 1035, avenue Dequen \u00e0 Uashat et de l\u00e0 au cimeti\u00e8re de Uashat.<\/p>\n<p>La famille re\u00e7oit parents et amis le mardi 24 octobre 2023 de 13 h \u00e0 16 h et de 19 h \u00e0 22 h, le mercredi 25 octobre 2023 jour des fun\u00e9railles \u00e0 compter de 8 h 30 au Complexe Thanatologique Mallet &amp; fils du 585 Boul. Laure \u00e0 Sept-\u00celes.<\/p>\n<p>Il laisse dans le deuil outre son \u00e9pouse madame Evelyne Andr\u00e9, sa fille Louise (Ronny), ses petits-enfants\u00a0: Kyana, Menutan et Ussinapeu ainsi que son fr\u00e8re Sylvestre, ses s\u0153urs\u00a0: Henriette et Nathalie, ses beaux-fr\u00e8res, ses belles-s\u0153urs, ses neveux, ses ni\u00e8ces, ses cousins, ses cousines, ses filleuls, \u00a0et de nombreux ami(e)s.<\/p>\n<p>La famille a confi\u00e9 la direction des fun\u00e9railles aux services professionnels de la Maison Mallet &amp; fils du 585, Boul. Laure \u00e0 Sept-\u00celes, maintenant reconnue Distinction et membre de la Corporation des Thanatologues du Qu\u00e9bec.<\/p>\n<p>Vous pouvez consulter cet avis de d\u00e9c\u00e8s sur le <a href=\"https:\/\/nouveau.maisonmallet.com\">www.maisonmallet.com<\/a><\/p>\n<p>Ceux et celles qui le d\u00e9sirent, peuvent y envoyer des messages de condol\u00e9ances.<\/p>\n<p>&nbsp;<\/p>\n<p>&nbsp;<\/p>\n<hr \/>\n<p>Envoyer vos condol\u00e9ances<\/p>\n<p>[contact-form to=\u00a0\u00bbnuish_andre@hotmail.com\u00a0\u00bb subject=\u00a0\u00bbCondol\u00e9ances Jean-Claude Jourdain\u00a0\u00bb][contact-field label=\u00a0\u00bbVotre nom\u00a0\u00bb type=\u00a0\u00bbname\u00a0\u00bb required=\u00a0\u00bb1&Prime;][contact-field label=\u00a0\u00bbVotre courriel\u00a0\u00bb type=\u00a0\u00bbemail\u00a0\u00bb required=\u00a0\u00bb1&Prime;][contact-field label=\u00a0\u00bbCondol\u00e9ances\u00a0\u00bb type=\u00a0\u00bbtextarea\u00a0\u00bb][\/contact-form]<\/p>\n","protected":false},"featured_media":44101,"template":"","event_cat":[6],"class_list":["post-44078","event","type-event","status-publish","has-post-thumbnail","hentry","event_cat-maison-mallet-et-fils-inc"],"_links":{"self":[{"href":"https:\/\/nouveau.maisonmallet.com\/back05_01\/index.php?rest_route=\/wp\/v2\/event\/44078","targetHints":{"allow":["GET"]}}],"collection":[{"href":"https:\/\/nouveau.maisonmallet.com\/back05_01\/index.php?rest_route=\/wp\/v2\/event"}],"about":[{"href":"https:\/\/nouveau.maisonmallet.com\/back05_01\/index.php?rest_route=\/wp\/v2\/types\/event"}],"wp:featuredmedia":[{"embeddable":true,"href":"https:\/\/nouveau.maisonmallet.com\/back05_01\/index.php?rest_route=\/wp\/v2\/media\/44101"}],"wp:attachment":[{"href":"https:\/\/nouveau.maisonmallet.com\/back05_01\/index.php?rest_route=%2Fwp%2Fv2%2Fmedia&parent=44078"}],"wp:term":[{"taxonomy":"event_cat","embeddable":true,"href":"https:\/\/nouveau.maisonmallet.com\/back05_01\/index.php?rest_route=%2Fwp%2Fv2%2Fevent_cat&post=44078"}],"curies":[{"name":"wp","href":"https:\/\/api.w.org\/{rel}","templated":true}]}}