{"id":44151,"date":"2023-10-21T08:50:01","date_gmt":"2023-10-21T12:50:01","guid":{"rendered":"https:\/\/nouveau.maisonmallet.com\/?post_type=event&#038;p=44151"},"modified":"2023-11-11T11:59:04","modified_gmt":"2023-11-11T16:59:04","slug":"fontaine-marguerite","status":"publish","type":"event","link":"https:\/\/nouveau.maisonmallet.com\/back05_01\/?event=fontaine-marguerite","title":{"rendered":"FONTAINE, Marguerite"},"content":{"rendered":"<p>Le Complexe Thanatologique Mallet &amp; fils a le regret de vous annoncer le d\u00e9c\u00e8s de<\/p>\n<p>&nbsp;<\/p>\n<p>Marguerite Fontaine<\/p>\n<p>1964 \u2013 2023<\/p>\n<p>&nbsp;<\/p>\n<p>\u00c0 Mani utenam, le 21 octobre 2023, est d\u00e9c\u00e9d\u00e9e \u00e0 l\u2019\u00e2ge de 59 ans, madame Marguerite Fontaine fille de feu Paul-\u00c9mile Fontaine et de feu Madeleine J\u00e9r\u00f4me domicili\u00e9e \u00e0 Mani utenam.<\/p>\n<p>Les fun\u00e9railles de madame Marguerite Fontaine auront lieu le samedi 28 octobre 2023 \u00e0 13 h en l\u2019\u00e9glise Aiamieutshuap Ka Shukaitatshet, situ\u00e9e au 128, boul. des Montagnais \u00e0 Uashat et de l\u00e0 au cr\u00e9matorium de la Maison Mallet &amp; fils pour cr\u00e9mation.<\/p>\n<p>La famille re\u00e7oit parents et amis le jeudi 26 octobre 2023 \u00e0 compter de de 19 h au 54, rue Mani-Nuish \u00e0 Mani utenam.<\/p>\n<p>Elle laisse dans le deuil ses fils\u00a0: S\u00e9bastien (Alexandra St-Onge) et Anthony (France Gr\u00e9goire), sa fille Marika (Julien Fontaine), ses douze petits-enfants ainsi que ses s\u0153urs\u00a0: Christiane (Francis Ambroise), Fran\u00e7oise (Andr\u00e9 McKenzie), Gabrielle et Maya (Jean-Charles Mark), son fr\u00e8re Fernand (Julie Rock), ses neveux, ses ni\u00e8ces, ses oncles, ses tantes, ses cousins, ses cousines et de nombreux ami(e)s.<\/p>\n<p>Elle \u00e9tait la s\u0153ur de feu Richard.<\/p>\n<p>La famille a confi\u00e9 la direction des fun\u00e9railles aux services professionnels de la Maison Mallet &amp; fils du 585, Boul. Laure \u00e0 Sept-\u00celes, maintenant reconnue Distinction et membre de la Corporation des Thanatologues du Qu\u00e9bec.<\/p>\n<p>Vous pouvez consulter cet avis de d\u00e9c\u00e8s sur le <a href=\"https:\/\/nouveau.maisonmallet.com\">www.maisonmallet.com<\/a><\/p>\n<p>Ceux et celles qui le d\u00e9sirent, peuvent y envoyer des messages de condol\u00e9ances.<\/p>\n<hr \/>\n<p>Envoyer vos condol\u00e9ances<\/p>\n<p>[contact-form to=\u00a0\u00bbalicefontaine29@hotmail.com\u00a0\u00bb subject=\u00a0\u00bbCondol\u00e9ances Marguerite Fontaine\u00a0\u00bb][contact-field label=\u00a0\u00bbVotre nom\u00a0\u00bb type=\u00a0\u00bbname\u00a0\u00bb required=\u00a0\u00bb1&Prime;][contact-field label=\u00a0\u00bbVotre courriel\u00a0\u00bb type=\u00a0\u00bbemail\u00a0\u00bb required=\u00a0\u00bb1&Prime;][contact-field label=\u00a0\u00bbCondol\u00e9ances\u00a0\u00bb type=\u00a0\u00bbtextarea\u00a0\u00bb][\/contact-form]<\/p>\n","protected":false},"featured_media":44161,"template":"","event_cat":[6],"class_list":["post-44151","event","type-event","status-publish","has-post-thumbnail","hentry","event_cat-maison-mallet-et-fils-inc"],"_links":{"self":[{"href":"https:\/\/nouveau.maisonmallet.com\/back05_01\/index.php?rest_route=\/wp\/v2\/event\/44151","targetHints":{"allow":["GET"]}}],"collection":[{"href":"https:\/\/nouveau.maisonmallet.com\/back05_01\/index.php?rest_route=\/wp\/v2\/event"}],"about":[{"href":"https:\/\/nouveau.maisonmallet.com\/back05_01\/index.php?rest_route=\/wp\/v2\/types\/event"}],"wp:featuredmedia":[{"embeddable":true,"href":"https:\/\/nouveau.maisonmallet.com\/back05_01\/index.php?rest_route=\/wp\/v2\/media\/44161"}],"wp:attachment":[{"href":"https:\/\/nouveau.maisonmallet.com\/back05_01\/index.php?rest_route=%2Fwp%2Fv2%2Fmedia&parent=44151"}],"wp:term":[{"taxonomy":"event_cat","embeddable":true,"href":"https:\/\/nouveau.maisonmallet.com\/back05_01\/index.php?rest_route=%2Fwp%2Fv2%2Fevent_cat&post=44151"}],"curies":[{"name":"wp","href":"https:\/\/api.w.org\/{rel}","templated":true}]}}