{"id":44244,"date":"2023-10-30T08:55:31","date_gmt":"2023-10-30T12:55:31","guid":{"rendered":"https:\/\/nouveau.maisonmallet.com\/?post_type=event&#038;p=44244"},"modified":"2023-11-11T12:02:41","modified_gmt":"2023-11-11T17:02:41","slug":"andre-elizabeth","status":"publish","type":"event","link":"https:\/\/nouveau.maisonmallet.com\/back05_01\/?event=andre-elizabeth","title":{"rendered":"ANDR\u00c9, Elizabeth"},"content":{"rendered":"<p>Le Complexe Thanatologique Mallet &amp; fils a le regret de vous annoncer le d\u00e9c\u00e8s de<\/p>\n<p>&nbsp;<\/p>\n<p>Elizabeth Andr\u00e9<\/p>\n<p>1933 \u2013 2023<\/p>\n<p>&nbsp;<\/p>\n<p>\u00c0 Mani-utenam, le 30 octobre 2023, est d\u00e9c\u00e9d\u00e9e \u00e0 l\u2019\u00e2ge de 89 ans, madame Elizabeth Andr\u00e9 \u00e9pouse de feu Adhemar Fontaine et domicili\u00e9e \u00e0 Mani-utenam.<\/p>\n<p>Les fun\u00e9railles de madame Elizabeth Andr\u00e9 auront lieu le samedi 4 novembre 2023 \u00e0 10 h en l\u2019\u00e9glise Notre-Dame du Cap situ\u00e9e au 139, rue de l\u2019\u00c9glise \u00e0 Mani-utenam et de l\u00e0 au cimeti\u00e8re de l`endroit.<\/p>\n<p>La famille re\u00e7oit parents et amis le jeudi 2 novembre 2023 \u00e0 compter de 12 h au 102, rue Montagnais \u00e0 Mani-utenam.<\/p>\n<p>Elle laisse dans le deuil ses enfants\u00a0: Bertrand (Marie-Luce), Francis (Marie), Lucien (Isabelle), St\u00e9phane (Juliette), Mathieu et Ga\u00e9tanne, ses petits-enfants, ses arri\u00e8re-petits-enfants ainsi que son fr\u00e8re, ses s\u0153urs, ses beaux-fr\u00e8res, ses belles-s\u0153urs, ses neveux, ses ni\u00e8ces, ses cousins, ses cousines et de nombreux ami(e)s.<\/p>\n<p>La famille a confi\u00e9 la direction des fun\u00e9railles aux services professionnels de la Maison Mallet &amp; fils du 585, Boul. Laure \u00e0 Sept-\u00celes, maintenant reconnue Distinction et membre de la Corporation des Thanatologues du Qu\u00e9bec.<\/p>\n<p>Vous pouvez consulter cet avis de d\u00e9c\u00e8s sur le <a href=\"https:\/\/nouveau.maisonmallet.com\">www.maisonmallet.com<\/a><\/p>\n<p>Ceux et celles qui le d\u00e9sirent, peuvent y envoyer des messages de condol\u00e9ances.<\/p>\n<hr \/>\n<p>Envoyer vos condol\u00e9ances<\/p>\n<p>[contact-form to=\u00a0\u00bbissya9@hotmail.com\u00a0\u00bb subject=\u00a0\u00bbCondol\u00e9ances Elizabeth Andr\u00e9\u00a0\u00bb][contact-field label=\u00a0\u00bbVotre nom\u00a0\u00bb type=\u00a0\u00bbname\u00a0\u00bb required=\u00a0\u00bb1&Prime;][contact-field label=\u00a0\u00bbVotre courriel\u00a0\u00bb type=\u00a0\u00bbemail\u00a0\u00bb required=\u00a0\u00bb1&Prime;][contact-field label=\u00a0\u00bbCondol\u00e9ances\u00a0\u00bb type=\u00a0\u00bbtextarea\u00a0\u00bb][\/contact-form]<\/p>\n","protected":false},"featured_media":44282,"template":"","event_cat":[6],"class_list":["post-44244","event","type-event","status-publish","has-post-thumbnail","hentry","event_cat-maison-mallet-et-fils-inc"],"_links":{"self":[{"href":"https:\/\/nouveau.maisonmallet.com\/back05_01\/index.php?rest_route=\/wp\/v2\/event\/44244","targetHints":{"allow":["GET"]}}],"collection":[{"href":"https:\/\/nouveau.maisonmallet.com\/back05_01\/index.php?rest_route=\/wp\/v2\/event"}],"about":[{"href":"https:\/\/nouveau.maisonmallet.com\/back05_01\/index.php?rest_route=\/wp\/v2\/types\/event"}],"wp:featuredmedia":[{"embeddable":true,"href":"https:\/\/nouveau.maisonmallet.com\/back05_01\/index.php?rest_route=\/wp\/v2\/media\/44282"}],"wp:attachment":[{"href":"https:\/\/nouveau.maisonmallet.com\/back05_01\/index.php?rest_route=%2Fwp%2Fv2%2Fmedia&parent=44244"}],"wp:term":[{"taxonomy":"event_cat","embeddable":true,"href":"https:\/\/nouveau.maisonmallet.com\/back05_01\/index.php?rest_route=%2Fwp%2Fv2%2Fevent_cat&post=44244"}],"curies":[{"name":"wp","href":"https:\/\/api.w.org\/{rel}","templated":true}]}}