{"id":44618,"date":"2023-11-01T08:10:57","date_gmt":"2023-11-01T12:10:57","guid":{"rendered":"https:\/\/nouveau.maisonmallet.com\/?post_type=event&#038;p=44618"},"modified":"2024-01-17T21:02:19","modified_gmt":"2024-01-18T02:02:19","slug":"dufour-eric","status":"publish","type":"event","link":"https:\/\/nouveau.maisonmallet.com\/back05_01\/?event=dufour-eric","title":{"rendered":"DUFOUR, \u00c9ric"},"content":{"rendered":"<p>Le Complexe Thanatologique Mallet &amp; fils a le regret de vous annoncer le d\u00e9c\u00e8s de<\/p>\n<p>&nbsp;<\/p>\n<p>\u00c9ric Dufour<\/p>\n<p>1968 \u2013 2023<\/p>\n<p>&nbsp;<\/p>\n<p>&nbsp;<\/p>\n<p>\u00c0 Qu\u00e9bec, le 1<sup>er<\/sup> novembre 2023, est d\u00e9c\u00e9d\u00e9 \u00e0 l&rsquo;\u00e2ge de 55 ans, monsieur \u00c9ric Dufour conjoint de madame Val\u00e9rie Beaulieu et domicili\u00e9 \u00e0 Sept-\u00celes.<\/p>\n<p>Selon ses volont\u00e9s, il a \u00e9t\u00e9 confi\u00e9 aux bons soins de la Maison Mallet &amp; fils.<\/p>\n<p>La famille re\u00e7oit parents et amis le samedi 25 novembre 2023 de 13 h \u00e0 16 h au Complexe Thanatologique Mallet &amp; fils du 585 Boul. Laure \u00e0 Sept-\u00celes.<\/p>\n<p>Il laisse dans le deuil outre sa conjointe madame Val\u00e9rie Beaulieu, son fils Cedric Dufour, son p\u00e8re monsieur Roger Dufour, sa m\u00e8re madame C\u00e9line Labrie, son fr\u00e8re Christian Dufour (Karen Jonhson), son \u00e9galement affect\u00e9s pas son d\u00e9part son filleul Alexandre Dufour-Costa, son chat Thom Dufour, ses oncles, ses tantes, ses cousins, ses cousines et de nombreux amis(e)s et connaissances.<\/p>\n<p>Il \u00e9tait le fr\u00e8re de feu Mario Dufour.<\/p>\n<p>La famille a confi\u00e9 les arrangements aux services professionnels de la Maison Mallet &amp; fils du 585 Boul. Laure \u00e0 Sept-\u00celes, maintenant reconnue Distinction et membre de la Corporation des Thanatologues du Qu\u00e9bec.<\/p>\n<p>Vous pouvez consulter cet avis de d\u00e9c\u00e8s sur le : <a href=\"https:\/\/nouveau.maisonmallet.com\/\">www.maisonmallet.com<\/a><\/p>\n<p>Ceux et celles qui le d\u00e9sirent, peuvent y envoyer des messages de sympathie.<\/p>\n<hr \/>\n<p>Envoyer vos condol\u00e9ances<\/p>\n<p>[contact-form to=\u00a0\u00bbgarfield_113@hotmail.com\u00a0\u00bb subject=\u00a0\u00bbCondol\u00e9ances Eric Dufour\u00a0\u00bb][contact-field label=\u00a0\u00bbVotre nom\u00a0\u00bb type=\u00a0\u00bbname\u00a0\u00bb required=\u00a0\u00bb1&Prime;][contact-field label=\u00a0\u00bbVotre courriel\u00a0\u00bb type=\u00a0\u00bbemail\u00a0\u00bb required=\u00a0\u00bb1&Prime;][contact-field label=\u00a0\u00bbCondol\u00e9ances\u00a0\u00bb type=\u00a0\u00bbtextarea\u00a0\u00bb][\/contact-form]<\/p>\n","protected":false},"featured_media":44663,"template":"","event_cat":[6],"class_list":["post-44618","event","type-event","status-publish","has-post-thumbnail","hentry","event_cat-maison-mallet-et-fils-inc"],"_links":{"self":[{"href":"https:\/\/nouveau.maisonmallet.com\/back05_01\/index.php?rest_route=\/wp\/v2\/event\/44618","targetHints":{"allow":["GET"]}}],"collection":[{"href":"https:\/\/nouveau.maisonmallet.com\/back05_01\/index.php?rest_route=\/wp\/v2\/event"}],"about":[{"href":"https:\/\/nouveau.maisonmallet.com\/back05_01\/index.php?rest_route=\/wp\/v2\/types\/event"}],"wp:featuredmedia":[{"embeddable":true,"href":"https:\/\/nouveau.maisonmallet.com\/back05_01\/index.php?rest_route=\/wp\/v2\/media\/44663"}],"wp:attachment":[{"href":"https:\/\/nouveau.maisonmallet.com\/back05_01\/index.php?rest_route=%2Fwp%2Fv2%2Fmedia&parent=44618"}],"wp:term":[{"taxonomy":"event_cat","embeddable":true,"href":"https:\/\/nouveau.maisonmallet.com\/back05_01\/index.php?rest_route=%2Fwp%2Fv2%2Fevent_cat&post=44618"}],"curies":[{"name":"wp","href":"https:\/\/api.w.org\/{rel}","templated":true}]}}