{"id":45041,"date":"2023-12-07T16:51:03","date_gmt":"2023-12-07T21:51:03","guid":{"rendered":"https:\/\/nouveau.maisonmallet.com\/?post_type=event&#038;p=45041"},"modified":"2024-01-17T20:53:31","modified_gmt":"2024-01-18T01:53:31","slug":"cormier-jean-claude","status":"publish","type":"event","link":"https:\/\/nouveau.maisonmallet.com\/back05_01\/?event=cormier-jean-claude","title":{"rendered":"CORMIER, Jean-Claude"},"content":{"rendered":"<p>La Maison L.J.G. Mallet a le regret de vous annoncer le d\u00e9c\u00e8s de<\/p>\n<p>&nbsp;<\/p>\n<p>Jean-Claude Cormier<\/p>\n<p>1953 \u2013 2023<\/p>\n<p>&nbsp;<\/p>\n<p>\u00c0 Havre Saint-Pierre, le 7 d\u00e9cembre 2023, est d\u00e9c\u00e9d\u00e9 \u00e0 l\u2019\u00e2ge de 70 ans, monsieur Jean-Claude Cormier \u00e9poux de madame Raymonde Cyr et domicili\u00e9 \u00e0 Havre Saint-Pierre.<\/p>\n<p>Les fun\u00e9railles de monsieur Jean-Claude Cormier auront lieu le samedi 16 d\u00e9cembre 2023 \u00e0 11 h en l\u2019\u00e9glise Saint-Pierre de Havre Saint-Pierre et de l\u00e0 au cimeti\u00e8re de l\u2019endroit.<\/p>\n<p>Selon ses volont\u00e9s il a \u00e9t\u00e9 confi\u00e9 au cr\u00e9matorium la Maison L.J.G. Mallet pour cr\u00e9mation.<\/p>\n<p>La famille re\u00e7oit parents et amis le vendredi 15 d\u00e9cembre 2023 de 19 h \u00e0 22 h. Le samedi 16 d\u00e9cembre 2023 jour des fun\u00e9railles \u00e0 compter de 10 h au salon de la Maison L.J.G. Mallet situ\u00e9 au 1429, rue du Canot \u00e0 Havre Saint-Pierre.<\/p>\n<p>Il laisse dans le deuil outre son \u00e9pouse, madame Raymonde Cyr, ses enfants\u00a0: Denis (Dany Poirier) et Luc (Alexandre Lauzon), ses fr\u00e8res\u00a0: Cl\u00e9ment (Pauline) et Carol, ses s\u0153urs\u00a0: France (Yves Charlebois) et Germaine (Paul Boudreau) ainsi que ses beaux-fr\u00e8res, ses belles-s\u0153urs, ses neveux, ses ni\u00e8ces, ses tantes, ses oncles, ses cousins, ses cousines et de nombreux amis.<\/p>\n<p>Il \u00e9tait le fils de feu Patrice Cormier et de feu Blandine Fournier, le fr\u00e8re de feu Lise (Jacques Pelletier).<\/p>\n<p>Vos marques de sympathie peuvent se traduire par un don \u00e0 op\u00e9ration enfants soleil.<\/p>\n<p>La famille a confi\u00e9 la direction des fun\u00e9railles aux services professionnels de la Maison L.J.G. Mallet du 1429, rue du Canot \u00e0 Havre Saint-Pierre, maintenant reconnue Distinction et membre de la Corporation des Thanatologues du Qu\u00e9bec.<\/p>\n<p>&nbsp;<\/p>\n<p>Vous pouvez consulter cet avis de d\u00e9c\u00e8s, sur le site web \u00e0 l\u2019adresse\u00a0 <a href=\"https:\/\/nouveau.maisonmallet.com\">www.maisonmallet.com<\/a><\/p>\n<p>Ceux et celles qui le d\u00e9sirent, peuvent y envoyer des messages de sympathie.<\/p>\n<hr \/>\n<p>Envoyer vos condol\u00e9ances<\/p>\n<p>[contact-form to=\u00a0\u00bbraymonde.cyr@hotmail.com\u00a0\u00bb subject=\u00a0\u00bbCondol\u00e9ances Jean-Claude Cormier\u00a0\u00bb][contact-field label=\u00a0\u00bbVotre nom\u00a0\u00bb type=\u00a0\u00bbname\u00a0\u00bb required=\u00a0\u00bb1&Prime;][contact-field label=\u00a0\u00bbVotre courriel\u00a0\u00bb type=\u00a0\u00bbemail\u00a0\u00bb required=\u00a0\u00bb1&Prime;][contact-field label=\u00a0\u00bbCondol\u00e9ances\u00a0\u00bb type=\u00a0\u00bbtextarea\u00a0\u00bb][\/contact-form]<\/p>\n","protected":false},"featured_media":45046,"template":"","event_cat":[7],"class_list":["post-45041","event","type-event","status-publish","has-post-thumbnail","hentry","event_cat-maison-l-j-g-mallet-inc"],"_links":{"self":[{"href":"https:\/\/nouveau.maisonmallet.com\/back05_01\/index.php?rest_route=\/wp\/v2\/event\/45041","targetHints":{"allow":["GET"]}}],"collection":[{"href":"https:\/\/nouveau.maisonmallet.com\/back05_01\/index.php?rest_route=\/wp\/v2\/event"}],"about":[{"href":"https:\/\/nouveau.maisonmallet.com\/back05_01\/index.php?rest_route=\/wp\/v2\/types\/event"}],"wp:featuredmedia":[{"embeddable":true,"href":"https:\/\/nouveau.maisonmallet.com\/back05_01\/index.php?rest_route=\/wp\/v2\/media\/45046"}],"wp:attachment":[{"href":"https:\/\/nouveau.maisonmallet.com\/back05_01\/index.php?rest_route=%2Fwp%2Fv2%2Fmedia&parent=45041"}],"wp:term":[{"taxonomy":"event_cat","embeddable":true,"href":"https:\/\/nouveau.maisonmallet.com\/back05_01\/index.php?rest_route=%2Fwp%2Fv2%2Fevent_cat&post=45041"}],"curies":[{"name":"wp","href":"https:\/\/api.w.org\/{rel}","templated":true}]}}