{"id":4509,"date":"2019-08-14T18:10:42","date_gmt":"2019-08-14T22:10:42","guid":{"rendered":"https:\/\/nouveau.maisonmallet.com\/?post_type=event&#038;p=4509"},"modified":"2019-08-17T18:22:20","modified_gmt":"2019-08-17T22:22:20","slug":"mckenzie-marcelle20021953","status":"publish","type":"event","link":"https:\/\/nouveau.maisonmallet.com\/back05_01\/?event=mckenzie-marcelle20021953","title":{"rendered":"MCKENZIE, Marcelle"},"content":{"rendered":"<p>1953 &#8211; 2019<\/p>\n<p>MCKENZIE, Marcelle<\/p>\n<p>&nbsp;<\/p>\n<p>\u00c0 Sept-\u00celes (maison \u00c9lyme des sables), le 14 ao\u00fbt 2019, est d\u00e9c\u00e9d\u00e9e l\u2019\u00e2ge de 66 ans, madame Marcelle McKenzie fille de feu Francis McKenzie et de madame Louisa Pinette et domicili\u00e9e \u00e0 Mani-Utenam.<\/p>\n<p>Les fun\u00e9railles de madame Marcelle McKenzie auront lieu le lundi 19 ao\u00fbt 2019 \u00e0 14 h en l\u2019\u00e9glise Notre-Dame du Cap situ\u00e9e au 139, rue de l\u2019\u00c9glise \u00e0 Mani-Utenam et de l\u00e0 au cimeti\u00e8re de Mani-Utenam.<\/p>\n<p>La famille re\u00e7oit parents et amis le samedi 17 ao\u00fbt 2019 \u00e0 compter de 17 h au 169, rue de l\u2019\u00c9glise \u00e0 Mani-Utenam.<\/p>\n<p>Elle laisse dans le deuil ses enfants\u00a0: Jimmy, Line, Anne, Raoul et Debby, sa m\u00e8re madame Louisa Pinette (feu Francis McKenzie), ses fr\u00e8res\u00a0: Jacques, R\u00e9al et Serge, sa s\u0153ur Isabelle, ses petits-enfants ainsi que ses arri\u00e8re arri\u00e8re-petits-enfants, ses beaux-fr\u00e8res, ses belles-s\u0153urs, ses oncles, ses tantes, ses neveux, ses ni\u00e8ces, et de nombreux ami(e)s.<\/p>\n<p>La famille a confi\u00e9 la direction des fun\u00e9railles aux services professionnels de la Maison Mallet &amp; fils du 585, boul. Laure \u00e0 Sept-\u00celes, maintenant reconnue Distinction et membre de la Corporation des Thanatologues du Qu\u00e9bec.<\/p>\n<p>Vous pouvez consulter cet avis de d\u00e9c\u00e8s, sur le <a href=\"https:\/\/nouveau.maisonmallet.com\/back05_01\/\">www.maisonmallet.com<\/a><\/p>\n<p>Ceux et celles qui le d\u00e9sirent, peuvent y envoyer des messages de sympathie.<\/p>\n<p>&nbsp;<\/p>\n<p>&nbsp;<\/p>\n<p>&nbsp;<\/p>\n<p>&nbsp;<\/p>\n<hr \/>\n<p>Envoyer vos condol\u00e9ances<\/p>\n<p>[contact-form to=\u00a0\u00bbraoulstonge37@hotmail.com\u00a0\u00bb subject=\u00a0\u00bbCondol\u00e9ances Marcelle McKenzie\u00a0\u00bb][contact-field label=\u00a0\u00bbVotre nom\u00a0\u00bb type=\u00a0\u00bbname\u00a0\u00bb required=\u00a0\u00bb1&Prime;][contact-field label=\u00a0\u00bbVotre courriel\u00a0\u00bb type=\u00a0\u00bbemail\u00a0\u00bb required=\u00a0\u00bb1&Prime;][contact-field label=\u00a0\u00bbCondol\u00e9ances\u00a0\u00bb type=\u00a0\u00bbtextarea\u00a0\u00bb][\/contact-form]<\/p>\n","protected":false},"featured_media":4511,"template":"","event_cat":[6],"class_list":["post-4509","event","type-event","status-publish","has-post-thumbnail","hentry","event_cat-maison-mallet-et-fils-inc"],"_links":{"self":[{"href":"https:\/\/nouveau.maisonmallet.com\/back05_01\/index.php?rest_route=\/wp\/v2\/event\/4509","targetHints":{"allow":["GET"]}}],"collection":[{"href":"https:\/\/nouveau.maisonmallet.com\/back05_01\/index.php?rest_route=\/wp\/v2\/event"}],"about":[{"href":"https:\/\/nouveau.maisonmallet.com\/back05_01\/index.php?rest_route=\/wp\/v2\/types\/event"}],"wp:featuredmedia":[{"embeddable":true,"href":"https:\/\/nouveau.maisonmallet.com\/back05_01\/index.php?rest_route=\/wp\/v2\/media\/4511"}],"wp:attachment":[{"href":"https:\/\/nouveau.maisonmallet.com\/back05_01\/index.php?rest_route=%2Fwp%2Fv2%2Fmedia&parent=4509"}],"wp:term":[{"taxonomy":"event_cat","embeddable":true,"href":"https:\/\/nouveau.maisonmallet.com\/back05_01\/index.php?rest_route=%2Fwp%2Fv2%2Fevent_cat&post=4509"}],"curies":[{"name":"wp","href":"https:\/\/api.w.org\/{rel}","templated":true}]}}