{"id":4525,"date":"2019-08-21T15:37:41","date_gmt":"2019-08-21T19:37:41","guid":{"rendered":"https:\/\/nouveau.maisonmallet.com\/?post_type=event&#038;p=4525"},"modified":"2019-08-21T15:37:41","modified_gmt":"2019-08-21T19:37:41","slug":"cimetiere-2019","status":"publish","type":"event","link":"https:\/\/nouveau.maisonmallet.com\/back05_01\/?event=cimetiere-2019","title":{"rendered":"C\u00e9l\u00e9bration des d\u00e9funts"},"content":{"rendered":"<p>&nbsp;<\/p>\n<p>Le dimanche 25 ao\u00fbt 2019<\/p>\n<p>&nbsp;<\/p>\n<p>Dimanche le 25 ao\u00fbt 2019, au Cimeti\u00e8re Catholique de Sept-\u00celes, il y aura une c\u00e9l\u00e9bration de la parole \u00e0 14 h pour nos d\u00e9funts et d\u00e9funtes.<\/p>\n<p>Venez vous regrouper autour de la croix dans le cimeti\u00e8re o\u00f9 se d\u00e9roulera la c\u00e9r\u00e9monie.<\/p>\n<p>Tous les parents et amis de nos d\u00e9funts et d\u00e9funtes sont invit\u00e9s.<\/p>\n<p>En cas de mauvais temps la c\u00e9l\u00e9bration sera remise au dimanche 1er septembre 2019 \u00e0 14 h.<\/p>\n<p>&nbsp;<\/p>\n<hr \/>\n<p>Envoyer vos condol\u00e9ances<\/p>\n<p>[contact-form to=\u00a0\u00bbmarc@maisonmallet.com\u00a0\u00bb subject=\u00a0\u00bbCondol\u00e9ances cimeti\u00e8re catholique de Sept-\u00celes\u00a0\u00bb][contact-field label=\u00a0\u00bbVotre nom\u00a0\u00bb type=\u00a0\u00bbname\u00a0\u00bb required=\u00a0\u00bb1&Prime;][contact-field label=\u00a0\u00bbVotre courriel\u00a0\u00bb type=\u00a0\u00bbemail\u00a0\u00bb required=\u00a0\u00bb1&Prime;][contact-field label=\u00a0\u00bbCondol\u00e9ances\u00a0\u00bb type=\u00a0\u00bbtextarea\u00a0\u00bb][\/contact-form]<\/p>\n","protected":false},"featured_media":4624,"template":"","event_cat":[6],"class_list":["post-4525","event","type-event","status-publish","has-post-thumbnail","hentry","event_cat-maison-mallet-et-fils-inc"],"_links":{"self":[{"href":"https:\/\/nouveau.maisonmallet.com\/back05_01\/index.php?rest_route=\/wp\/v2\/event\/4525","targetHints":{"allow":["GET"]}}],"collection":[{"href":"https:\/\/nouveau.maisonmallet.com\/back05_01\/index.php?rest_route=\/wp\/v2\/event"}],"about":[{"href":"https:\/\/nouveau.maisonmallet.com\/back05_01\/index.php?rest_route=\/wp\/v2\/types\/event"}],"wp:featuredmedia":[{"embeddable":true,"href":"https:\/\/nouveau.maisonmallet.com\/back05_01\/index.php?rest_route=\/wp\/v2\/media\/4624"}],"wp:attachment":[{"href":"https:\/\/nouveau.maisonmallet.com\/back05_01\/index.php?rest_route=%2Fwp%2Fv2%2Fmedia&parent=4525"}],"wp:term":[{"taxonomy":"event_cat","embeddable":true,"href":"https:\/\/nouveau.maisonmallet.com\/back05_01\/index.php?rest_route=%2Fwp%2Fv2%2Fevent_cat&post=4525"}],"curies":[{"name":"wp","href":"https:\/\/api.w.org\/{rel}","templated":true}]}}