{"id":45335,"date":"2023-12-11T21:02:17","date_gmt":"2023-12-12T02:02:17","guid":{"rendered":"https:\/\/nouveau.maisonmallet.com\/?post_type=event&#038;p=45335"},"modified":"2024-02-03T21:02:45","modified_gmt":"2024-02-04T02:02:45","slug":"tremblay-roland","status":"publish","type":"event","link":"https:\/\/nouveau.maisonmallet.com\/back05_01\/?event=tremblay-roland","title":{"rendered":"TREMBLAY, Roland"},"content":{"rendered":"<p>La Maison L.J.G. Mallet a le regret de vous annoncer le d\u00e9c\u00e8s de<\/p>\n<p>&nbsp;<\/p>\n<p>Roland Tremblay<\/p>\n<p>1940 \u2013 2023<\/p>\n<p>&nbsp;<\/p>\n<p>\u00c0 Sept-\u00celes (maison \u00c9lyme des sables), le 11 d\u00e9cembre 2023, est d\u00e9c\u00e9d\u00e9 \u00e0 l\u2019\u00e2ge de 82 ans, monsieur Roland Tremblay fils de feu Aim\u00e9 Tremblay et de feu Claudia Bond domicili\u00e9 \u00e0 Rivi\u00e8re-au-Tonnerre.<\/p>\n<p>Les rituelles fun\u00e9raires de monsieur Roland Tremblay auront lieu en toute intimit\u00e9.<\/p>\n<p>Selon ses volont\u00e9s, il a \u00e9t\u00e9 confi\u00e9 au cr\u00e9matorium de la maison L.J.G. Mallet pour cr\u00e9mation.<\/p>\n<p>Il laisse dans le deuil ses filles\u00a0: Mona et Rina, son fils Jean, ses petits-fils\u00a0: Kevin, Bobby, Keven, Christopher, Jonathan et Dannick, ses petites-filles\u00a0: Jenny et Catherine, ses cinq arri\u00e8re-petits-enfants ainsi que ses fr\u00e8res, ses s\u0153urs, ses beaux-fr\u00e8res, ses belles-s\u0153urs, ses neveux, ses ni\u00e8ces, ses cousins, ses cousines et de nombreux ami(e)s.<\/p>\n<p>La famille a confi\u00e9 les arrangements aux services professionnels de la Maison L.J.G. Mallet du 1429, rue du Canot \u00e0 Havre Saint-Pierre, maintenant reconnue Distinction et membre de la Corporation des Thanatologues du Qu\u00e9bec.<\/p>\n<p>Vous pouvez consulter cet avis de d\u00e9c\u00e8s, sur le\u00a0<a href=\"https:\/\/nouveau.maisonmallet.com\">www.maisonmallet.com<\/a><\/p>\n<p>Ceux et celles qui le d\u00e9sirent, peuvent y envoyer des messages de sympathie.<\/p>\n<hr \/>\n<p>Envoyer vos condol\u00e9ances<\/p>\n<p>[contact-form to=\u00a0\u00bbrinatremblay01@gmail.com\u00a0\u00bb subject=\u00a0\u00bbCondol\u00e9ances Roland Tremblay\u00a0\u00bb][contact-field label=\u00a0\u00bbVotre nom\u00a0\u00bb type=\u00a0\u00bbname\u00a0\u00bb required=\u00a0\u00bb1&Prime;][contact-field label=\u00a0\u00bbVotre courriel\u00a0\u00bb type=\u00a0\u00bbemail\u00a0\u00bb required=\u00a0\u00bb1&Prime;][contact-field label=\u00a0\u00bbCondol\u00e9ances\u00a0\u00bb type=\u00a0\u00bbtextarea\u00a0\u00bb][\/contact-form]<\/p>\n","protected":false},"featured_media":45337,"template":"","event_cat":[7],"class_list":["post-45335","event","type-event","status-publish","has-post-thumbnail","hentry","event_cat-maison-l-j-g-mallet-inc"],"_links":{"self":[{"href":"https:\/\/nouveau.maisonmallet.com\/back05_01\/index.php?rest_route=\/wp\/v2\/event\/45335","targetHints":{"allow":["GET"]}}],"collection":[{"href":"https:\/\/nouveau.maisonmallet.com\/back05_01\/index.php?rest_route=\/wp\/v2\/event"}],"about":[{"href":"https:\/\/nouveau.maisonmallet.com\/back05_01\/index.php?rest_route=\/wp\/v2\/types\/event"}],"wp:featuredmedia":[{"embeddable":true,"href":"https:\/\/nouveau.maisonmallet.com\/back05_01\/index.php?rest_route=\/wp\/v2\/media\/45337"}],"wp:attachment":[{"href":"https:\/\/nouveau.maisonmallet.com\/back05_01\/index.php?rest_route=%2Fwp%2Fv2%2Fmedia&parent=45335"}],"wp:term":[{"taxonomy":"event_cat","embeddable":true,"href":"https:\/\/nouveau.maisonmallet.com\/back05_01\/index.php?rest_route=%2Fwp%2Fv2%2Fevent_cat&post=45335"}],"curies":[{"name":"wp","href":"https:\/\/api.w.org\/{rel}","templated":true}]}}