{"id":45338,"date":"2023-12-16T17:44:57","date_gmt":"2023-12-16T22:44:57","guid":{"rendered":"https:\/\/nouveau.maisonmallet.com\/?post_type=event&#038;p=45338"},"modified":"2024-01-17T20:47:58","modified_gmt":"2024-01-18T01:47:58","slug":"beland-jeannot","status":"publish","type":"event","link":"https:\/\/nouveau.maisonmallet.com\/back05_01\/?event=beland-jeannot","title":{"rendered":"B\u00c9LAND, Jeannot"},"content":{"rendered":"<p>Le Complexe Thanatologique Mallet &amp; fils a le regret de vous annoncer le d\u00e9c\u00e8s de<\/p>\n<p>&nbsp;<\/p>\n<p>Jeannot B\u00e9land<\/p>\n<p>1940 \u2013 2023<\/p>\n<p>&nbsp;<\/p>\n<p>\u00c0 Port-Cartier, le 16 d\u00e9cembre 2023, est d\u00e9c\u00e9d\u00e9 \u00e0 l\u2019\u00e2ge de 83 ans, monsieur Jeannot B\u00e9land conjoint de madame Raymonde Boudreau et domicili\u00e9 \u00e0 Port-Cartier.<\/p>\n<p>Selon ses volont\u00e9s, il a \u00e9t\u00e9 confi\u00e9 au cr\u00e9matorium de la maison Mallet &amp; fils pour cr\u00e9mation.<\/p>\n<p>La famille re\u00e7oit parents et amis le vendredi 29 d\u00e9cembre 2023 de 13 h \u00e0 16 h au Complexe Thanatologique Mallet &amp; fils du 57, route 138 \u00e0 Port-Cartier.<\/p>\n<p>Il laisse dans le deuil outre sa conjointe madame Raymonde Boudreau, sa fille Nadyne (Robert Bisson), son beau-fils Tony (Chantal Servant), ses petits-enfants\u00a0: Samuel, Roxane (Jonathan Cyr Mercier), \u00c9my (Frank Valois), Maxime (Biridiana Martinez) et Juliette, ses six arri\u00e8re-petits-enfants ainsi que sa s\u0153ur Diane (Jean-Yves Vandal), ses beaux-fr\u00e8res, ses belles-s\u0153urs, ses neveux, ses ni\u00e8ces, ses cousins, ses cousines et de nombreux ami(e)s.<\/p>\n<p>Vos marques de sympathie peuvent se traduire par un don \u00e0 l\u2019Association Pulmonaire Qu\u00e9bec <a href=\"http:\/\/www.pq.poumon.ca\">www.pq.poumon.ca<\/a><\/p>\n<p>La famille a confi\u00e9 les arrangements aux services professionnels de la Maison Mallet &amp; fils du 585 Boul. Laure \u00e0 Sept-\u00celes, maintenant reconnue Distinction et membre de la Corporation des Thanatologues du Qu\u00e9bec.<\/p>\n<p>Vous pouvez consulter cet avis de d\u00e9c\u00e8s sur le\u00a0: <a href=\"https:\/\/nouveau.maisonmallet.com\">www.maisonmallet.com<\/a><\/p>\n<p>Ceux et celles qui le d\u00e9sirent, peuvent y envoyer des messages de sympathie.<\/p>\n<hr \/>\n<p>Envoyer vos condol\u00e9ances<\/p>\n<p>[contact-form to=\u00a0\u00bbnadynebeland@icloud.com\u00a0\u00bb subject=\u00a0\u00bbCondol\u00e9ances Jeannot B\u00e9land\u00a0\u00bb][contact-field label=\u00a0\u00bbVotre nom\u00a0\u00bb type=\u00a0\u00bbname\u00a0\u00bb required=\u00a0\u00bb1&Prime;][contact-field label=\u00a0\u00bbVotre courriel\u00a0\u00bb type=\u00a0\u00bbemail\u00a0\u00bb required=\u00a0\u00bb1&Prime;][contact-field label=\u00a0\u00bbCondol\u00e9ances\u00a0\u00bb type=\u00a0\u00bbtextarea\u00a0\u00bb][\/contact-form]<\/p>\n","protected":false},"featured_media":45375,"template":"","event_cat":[6],"class_list":["post-45338","event","type-event","status-publish","has-post-thumbnail","hentry","event_cat-maison-mallet-et-fils-inc"],"_links":{"self":[{"href":"https:\/\/nouveau.maisonmallet.com\/back05_01\/index.php?rest_route=\/wp\/v2\/event\/45338","targetHints":{"allow":["GET"]}}],"collection":[{"href":"https:\/\/nouveau.maisonmallet.com\/back05_01\/index.php?rest_route=\/wp\/v2\/event"}],"about":[{"href":"https:\/\/nouveau.maisonmallet.com\/back05_01\/index.php?rest_route=\/wp\/v2\/types\/event"}],"wp:featuredmedia":[{"embeddable":true,"href":"https:\/\/nouveau.maisonmallet.com\/back05_01\/index.php?rest_route=\/wp\/v2\/media\/45375"}],"wp:attachment":[{"href":"https:\/\/nouveau.maisonmallet.com\/back05_01\/index.php?rest_route=%2Fwp%2Fv2%2Fmedia&parent=45338"}],"wp:term":[{"taxonomy":"event_cat","embeddable":true,"href":"https:\/\/nouveau.maisonmallet.com\/back05_01\/index.php?rest_route=%2Fwp%2Fv2%2Fevent_cat&post=45338"}],"curies":[{"name":"wp","href":"https:\/\/api.w.org\/{rel}","templated":true}]}}