{"id":45719,"date":"2024-01-07T10:12:27","date_gmt":"2024-01-07T15:12:27","guid":{"rendered":"https:\/\/nouveau.maisonmallet.com\/?post_type=event&#038;p=45719"},"modified":"2024-02-03T20:59:36","modified_gmt":"2024-02-04T01:59:36","slug":"gasse-pier-andre","status":"publish","type":"event","link":"https:\/\/nouveau.maisonmallet.com\/back05_01\/?event=gasse-pier-andre","title":{"rendered":"GASSE, Pier-Andr\u00e9"},"content":{"rendered":"<p>La Maison L.J.G. Mallet a le regret de vous annoncer le d\u00e9c\u00e8s de<\/p>\n<p>Pier-Andr\u00e9 Gasse<\/p>\n<p>1944 \u2013 2024<\/p>\n<p>&nbsp;<\/p>\n<p>&nbsp;<\/p>\n<p>\u00c0 Havre Saint-Pierre, le 7 janvier 2024, est d\u00e9c\u00e9d\u00e9 \u00e0 l\u2019\u00e2ge de 79 ans, monsieur Pier-Andr\u00e9 Gasse \u00e9poux de madame Carole Paquet et domicili\u00e9 \u00e0 Havre Saint-Pierre.<\/p>\n<p>Selon ses volont\u00e9s, il a \u00e9t\u00e9 confi\u00e9 au cr\u00e9matorium de la maison L.J.G. Mallet pour cr\u00e9mation.<\/p>\n<p>Il laisse dans le deuil outre son \u00e9pouse madame Carole Paquet, ses enfants : Erique (Isabelle Jodoin), Marion (Yves Baribeau) et Manuel (Anne-Karine Tremblay), ses petits-enfants, son arri\u00e8re-petite-fille, ses fr\u00e8res, ses s\u0153urs, ses beaux-fr\u00e8res, ses belles-s\u0153urs ainsi que ses neveux, ses ni\u00e8ces, ses cousins, ses cousines et de nombreux ami(e)s.<\/p>\n<p>La famille a confi\u00e9 les arrangements aux services professionnels de la Maison L.J.G. Mallet du 1429, rue du Canot \u00e0 Havre Saint Pierre, maintenant reconnue Distinction et membre de la Corporation des Thanatologues du Qu\u00e9bec.<\/p>\n<p>Vous pouvez consulter cet avis de d\u00e9c\u00e8s, sur le <a href=\"https:\/\/nouveau.maisonmallet.com\">www.maisonmallet.com<\/a><\/p>\n<p>Ceux et celles qui le d\u00e9sirent, peuvent y envoyer des messages de sympathie.<\/p>\n<p>&nbsp;<\/p>\n<hr \/>\n<p>Envoyer vos condol\u00e9ances<\/p>\n<p>[contact-form to=\u00a0\u00bblanordica5@gmail.com\u00a0\u00bb subject=\u00a0\u00bbCondol\u00e9ances Pier-Andr\u00e9 Gasse\u00a0\u00bb][contact-field label=\u00a0\u00bbVotre nom\u00a0\u00bb type=\u00a0\u00bbname\u00a0\u00bb required=\u00a0\u00bb1&Prime;][contact-field label=\u00a0\u00bbVotre courriel\u00a0\u00bb type=\u00a0\u00bbemail\u00a0\u00bb required=\u00a0\u00bb1&Prime;][contact-field label=\u00a0\u00bbCondol\u00e9ances\u00a0\u00bb type=\u00a0\u00bbtextarea\u00a0\u00bb][\/contact-form]<\/p>\n","protected":false},"featured_media":45756,"template":"","event_cat":[7],"class_list":["post-45719","event","type-event","status-publish","has-post-thumbnail","hentry","event_cat-maison-l-j-g-mallet-inc"],"_links":{"self":[{"href":"https:\/\/nouveau.maisonmallet.com\/back05_01\/index.php?rest_route=\/wp\/v2\/event\/45719","targetHints":{"allow":["GET"]}}],"collection":[{"href":"https:\/\/nouveau.maisonmallet.com\/back05_01\/index.php?rest_route=\/wp\/v2\/event"}],"about":[{"href":"https:\/\/nouveau.maisonmallet.com\/back05_01\/index.php?rest_route=\/wp\/v2\/types\/event"}],"wp:featuredmedia":[{"embeddable":true,"href":"https:\/\/nouveau.maisonmallet.com\/back05_01\/index.php?rest_route=\/wp\/v2\/media\/45756"}],"wp:attachment":[{"href":"https:\/\/nouveau.maisonmallet.com\/back05_01\/index.php?rest_route=%2Fwp%2Fv2%2Fmedia&parent=45719"}],"wp:term":[{"taxonomy":"event_cat","embeddable":true,"href":"https:\/\/nouveau.maisonmallet.com\/back05_01\/index.php?rest_route=%2Fwp%2Fv2%2Fevent_cat&post=45719"}],"curies":[{"name":"wp","href":"https:\/\/api.w.org\/{rel}","templated":true}]}}