{"id":45782,"date":"2024-01-12T16:27:18","date_gmt":"2024-01-12T21:27:18","guid":{"rendered":"https:\/\/nouveau.maisonmallet.com\/?post_type=event&#038;p=45782"},"modified":"2024-02-03T21:04:43","modified_gmt":"2024-02-04T02:04:43","slug":"lapointe-ghislaine","status":"publish","type":"event","link":"https:\/\/nouveau.maisonmallet.com\/back05_01\/?event=lapointe-ghislaine","title":{"rendered":"LAPOINTE, Ghislaine"},"content":{"rendered":"<p>Le Complexe Thanatologique Mallet &amp; fils a le regret de vous annoncer le d\u00e9c\u00e8s de<\/p>\n<p>&nbsp;<\/p>\n<p>Ghislaine Lapointe<\/p>\n<p>1944 \u2013 2024<\/p>\n<p>&nbsp;<\/p>\n<p>\u00c0 Sept-\u00celes (r\u00e9sidence Gustave Gauvreau), le 12 janvier 2024, est d\u00e9c\u00e9d\u00e9e \u00e0 l\u2019\u00e2ge de 79 ans, madame Ghislaine Lapointe fille de feu Adalbert Lapointe et de feu Yvonne St-Pierre domicili\u00e9e \u00e0 Sept-\u00celes.<\/p>\n<p>Selon ses volont\u00e9s, elle a \u00e9t\u00e9 confi\u00e9e au cr\u00e9matorium de la maison Mallet &amp; fils pour cr\u00e9mation.<\/p>\n<p>La famille re\u00e7oit parents et amis le mercredi 17 janvier 2024 de 13 h \u00e0 16 h au Complexe Thanatologique Mallet &amp; fils du 585, boul. Laure Sept-\u00celes.<\/p>\n<p>Elle laisse dans le deuil son fils Pierre, sa fille Annie, ses petites-filles\u00a0: Catherine (Maxim Otis-Tremblay), \u00c9millie et Dalie ainsi que ses s\u0153urs\u00a0: Mariette (feu Robert Ross), Jocelyne (feu Yvan Duchesne), ses neveux, ses ni\u00e8ces, ses cousins, ses cousines et de nombreux ami(e)s.<\/p>\n<p>Elle \u00e9tait la s\u0153ur de feu Ghislain (feu Arlette Quessy).<\/p>\n<p>Vos marques de sympathie peuvent se traduire par un don \u00e0 la soci\u00e9t\u00e9 Canadienne de la scl\u00e9rose en plaques <a href=\"http:\/\/www.spcanada.ca\">www.spcanada.ca<\/a><\/p>\n<p>La famille a confi\u00e9 les arrangements aux services professionnels de la Maison Mallet &amp; fils du 585 Boul. Laure \u00e0 Sept-\u00celes, maintenant reconnue Distinction et membre de la Corporation des Thanatologues du Qu\u00e9bec.<\/p>\n<p>Vous pouvez consulter cet avis de d\u00e9c\u00e8s sur le\u00a0: <a href=\"https:\/\/nouveau.maisonmallet.com\">www.maisonmallet.com<\/a><\/p>\n<p>Ceux et celles qui le d\u00e9sirent, peuvent y envoyer des messages de sympathie.<\/p>\n<hr \/>\n<p>Envoyer vos condol\u00e9ances<\/p>\n<p>[contact-form to=\u00a0\u00bbccf076@gmail.com\u00a0\u00bb subject=\u00a0\u00bbCondol\u00e9ances Ghislaine Lapointe\u00a0\u00bb][contact-field label=\u00a0\u00bbVotre nom\u00a0\u00bb type=\u00a0\u00bbname\u00a0\u00bb required=\u00a0\u00bb1&Prime;][contact-field label=\u00a0\u00bbVotre courriel\u00a0\u00bb type=\u00a0\u00bbemail\u00a0\u00bb required=\u00a0\u00bb1&Prime;][contact-field label=\u00a0\u00bbCondol\u00e9ances\u00a0\u00bb type=\u00a0\u00bbtextarea\u00a0\u00bb][\/contact-form]<\/p>\n","protected":false},"featured_media":45894,"template":"","event_cat":[6],"class_list":["post-45782","event","type-event","status-publish","has-post-thumbnail","hentry","event_cat-maison-mallet-et-fils-inc"],"_links":{"self":[{"href":"https:\/\/nouveau.maisonmallet.com\/back05_01\/index.php?rest_route=\/wp\/v2\/event\/45782","targetHints":{"allow":["GET"]}}],"collection":[{"href":"https:\/\/nouveau.maisonmallet.com\/back05_01\/index.php?rest_route=\/wp\/v2\/event"}],"about":[{"href":"https:\/\/nouveau.maisonmallet.com\/back05_01\/index.php?rest_route=\/wp\/v2\/types\/event"}],"wp:featuredmedia":[{"embeddable":true,"href":"https:\/\/nouveau.maisonmallet.com\/back05_01\/index.php?rest_route=\/wp\/v2\/media\/45894"}],"wp:attachment":[{"href":"https:\/\/nouveau.maisonmallet.com\/back05_01\/index.php?rest_route=%2Fwp%2Fv2%2Fmedia&parent=45782"}],"wp:term":[{"taxonomy":"event_cat","embeddable":true,"href":"https:\/\/nouveau.maisonmallet.com\/back05_01\/index.php?rest_route=%2Fwp%2Fv2%2Fevent_cat&post=45782"}],"curies":[{"name":"wp","href":"https:\/\/api.w.org\/{rel}","templated":true}]}}