{"id":46214,"date":"2024-01-22T16:40:41","date_gmt":"2024-01-22T21:40:41","guid":{"rendered":"https:\/\/nouveau.maisonmallet.com\/?post_type=event&#038;p=46214"},"modified":"2024-07-01T11:53:42","modified_gmt":"2024-07-01T15:53:42","slug":"charbonneau-manon","status":"publish","type":"event","link":"https:\/\/nouveau.maisonmallet.com\/back05_01\/?event=charbonneau-manon","title":{"rendered":"CHARBONNEAU, Manon"},"content":{"rendered":"<p>Le complexe Thanatologique Mallet &amp; fils a le regret de vous annoncer le d\u00e9c\u00e8s de<\/p>\n<p><strong>Manon Charbonneau MD FRCP DFCPA<\/strong><\/p>\n<p>&nbsp;<\/p>\n<p>Au CHUM, le 22 janvier 2024, est d\u00e9c\u00e9d\u00e9e Dre Manon Charbonneau \u00e0 l\u2019\u00e2ge de 61 ans et 8 mois. Elle laisse dans le deuil son mari, Daniel Lefebvre, ses enfants Luc-Maxime (Am\u00e9lie Marceau) et V\u00e9ronique (Stephan Brussolo), son p\u00e8re Georges (feu Jeannine Dagenais), sa s\u0153ur Martine (Andr\u00e9 Lozeau), ses belles-s\u0153urs Sophie-Lyne et Jos\u00e9e, ses neveux et ni\u00e8ces Anne-Julie Lozeau (William Verreault), Jean-Philippe Lozeau (\u00c9milie Lavertue), Marc-Olivier Lozeau (Sarah Girard-Bernard) et Isabelle Lefebvre (Jonathan Monette), ainsi que ses petit-neveu et petites ni\u00e8ces, ses nombreux ami(e)s et coll\u00e8gues.<\/p>\n<p>&nbsp;<\/p>\n<p>Elle a \u00e9tudi\u00e9 \u00e0 l\u2019Universit\u00e9 de Montr\u00e9al, compl\u00e9tant sa formation en psychiatrie en 1990 et s\u2019est \u00e9tablie imm\u00e9diatement \u00e0 Sept-\u00celes. Dre Charbonneau y a exerc\u00e9 jusqu&rsquo;en 2022, tant en centre hospitalier qu\u2019en cabinet priv\u00e9, prodiguant ses soins en psychiatrie adulte et p\u00e9diatrique. Parall\u00e8lement, elle s&rsquo;est impliqu\u00e9e activement dans la promotion de la sant\u00e9 mentale au sein des communaut\u00e9s des Premi\u00e8res Nations de la C\u00f4te-Nord.<\/p>\n<p>&nbsp;<\/p>\n<p>Au cours de sa carri\u00e8re, Manon a occup\u00e9 des postes cl\u00e9s, dont celui de vice-pr\u00e9sidente, au sein de l&rsquo;Association des M\u00e9decins Psychiatres du Qu\u00e9bec (AMPQ), a pr\u00e9sid\u00e9 l&rsquo;Association des Psychiatres du Canada (APC) en 2007-2008, et a si\u00e9g\u00e9 \u00e0 deux reprises au conseil d\u2019administration de la Commission de la sant\u00e9 mentale du Canada. En tant qu&rsquo;ambassadrice de Bell \u00ab Cause pour la Cause \u00bb en 2019, Manon a partag\u00e9 son exp\u00e9rience personnelle de surmonter deux \u00e9pisodes d\u00e9pressifs. \u00c0 titre de professeure adjointe de clinique \u00e0 l&rsquo;Universit\u00e9 de Montr\u00e9al, elle a laiss\u00e9 son empreinte \u00e0 travers des publications scientifiques et la formation de nombreux externes et r\u00e9sidents en psychiatrie lors de stages en r\u00e9gion.<\/p>\n<p>&nbsp;<\/p>\n<p>Manon a d\u00e9vou\u00e9 une part significative de sa vie \u00e0 lutter contre la stigmatisation et la discrimination auxquelles les patients souffrant de troubles mentaux sont confront\u00e9s. Son initiative et son d\u00e9vouement ont \u00e9t\u00e9 largement reconnus par ses pairs, malgr\u00e9 son \u00e9loignement g\u00e9ographique. La Dre Charbonneau a re\u00e7u deux fois le Prix du D\u00e9veloppement Professionnel de l\u2019AMPQ et, en 2020, a re\u00e7u une mention \u00e9logieuse du pr\u00e9sident de l&rsquo;APC pour sa contribution \u00e0 la lutte contre la stigmatisation. Elle d\u00e9tenait, de plus, le titre de <em>Distinguish<\/em> <em>Fellow<\/em> de l\u2019APC.<\/p>\n<p>&nbsp;<\/p>\n<p>Au-del\u00e0 de son parcours professionnel exceptionnel, ceux qui ont eu la chance de croiser le chemin de Manon se souviendront de son \u00e2me vibrante dont la vivacit\u00e9, la chaleur et la g\u00e9n\u00e9rosit\u00e9 ont touch\u00e9 chacun de nous. Que ce soit en explorant les quatre coins du monde, en choisissant ses (nombreux) v\u00eatements avec raffinement, en taquinant le saumon ou en contemplant la mer qu&rsquo;elle aimait tant, Manon a v\u00e9cu sa vie avec passion.<\/p>\n<p>&nbsp;<\/p>\n<p>La perte de Manon laisse un vide profond dans nos vies, mais ses souvenirs resteront grav\u00e9s dans nos c\u0153urs. Nous rendons hommage \u00e0 une personne exceptionnelle qui a laiss\u00e9 une empreinte ind\u00e9l\u00e9bile sur ceux et celles qui ont eu la chance de la conna\u00eetre.<\/p>\n<p>&nbsp;<\/p>\n<p>Vous \u00eates invit\u00e9s \u00e0 rendre hommage \u00e0 Manon et \u00e0 soutenir ses proches lors de deux c\u00e9l\u00e9brations. La premi\u00e8re aura lieu \u00e0 Sept-\u00celes, le samedi 3 f\u00e9vrier 2024 de 13h \u00e0 16h et de 19h \u00e0 22h, \u00e0 la maison fun\u00e9raire Mallet &amp; Fils, situ\u00e9 au 585 Boulevard Laure, G4R 1X6.<\/p>\n<p>La seconde se tiendra \u00e0 Montr\u00e9al, le Dimanche 18 f\u00e9vrier 2024 de 10h \u00e0 13h, au Complexe fun\u00e9raire Mont-Royal, situ\u00e9 au 1297 Chemin de la For\u00eat, Outremont. S\u2019ensuivra sur place une c\u00e9r\u00e9monie religieuse \u00e0 13h.<\/p>\n<p>Merci du fond du c\u0153ur \u00e0 tous ceux et celles qui ont aim\u00e9 Manon, qui ont embelli sa vie, et qui l\u2019ont rendue plus douce. Ils se reconna\u00eetront. Un merci particulier \u00e0 son amie d\u2019enfance, Manon Paquin, complice avec elle jusqu\u2019\u00e0 la fin, et \u00e0 l\u2019\u00e9quipe soignante des services d\u2019oncologie et des soins palliatifs du CHUM. Si vous d\u00e9sirez honorer la m\u00e9moire de Manon, un don \u00e0 des initiatives en sant\u00e9 mentale serait appr\u00e9ci\u00e9.<\/p>\n<p>&nbsp;<\/p>\n<ul>\n<li>Humain Avant Tout\u00a0: <a href=\"https:\/\/humainavanttout.com\">https:\/\/humainavanttout.com<\/a><\/li>\n<li>Association Canadienne en Sant\u00e9 Mentale : https:\/\/cmha.ca<\/li>\n<li>Sant\u00e9 mentale Qu\u00e9bec \u2013 C\u00f4te-Nord\u00a0: <a href=\"http:\/\/www.smqcn.ca\/fr\/\">http:\/\/www.smqcn.ca\/fr\/<\/a><\/li>\n<li>Maison Tshimishtin\u00a0: https:\/\/www.facebook.com\/p\/Tshimishtin-100079468407872\/<\/li>\n<\/ul>\n<p>&nbsp;<\/p>\n<hr \/>\n<p>Envoyer vos condol\u00e9ances<\/p>\n<p>[contact-form to=\u00a0\u00bbdalefebv@cgocable.ca\u00a0\u00bb subject=\u00a0\u00bbCondol\u00e9ances Manon Charbonneau\u00a0\u00bb][contact-field label=\u00a0\u00bbVotre nom\u00a0\u00bb type=\u00a0\u00bbname\u00a0\u00bb required=\u00a0\u00bb1&Prime;][contact-field label=\u00a0\u00bbVotre courriel\u00a0\u00bb type=\u00a0\u00bbemail\u00a0\u00bb required=\u00a0\u00bb1&Prime;][contact-field label=\u00a0\u00bbCondol\u00e9ances\u00a0\u00bb type=\u00a0\u00bbtextarea\u00a0\u00bb][\/contact-form]<\/p>\n","protected":false},"featured_media":46249,"template":"","event_cat":[6],"class_list":["post-46214","event","type-event","status-publish","has-post-thumbnail","hentry","event_cat-maison-mallet-et-fils-inc"],"_links":{"self":[{"href":"https:\/\/nouveau.maisonmallet.com\/back05_01\/index.php?rest_route=\/wp\/v2\/event\/46214","targetHints":{"allow":["GET"]}}],"collection":[{"href":"https:\/\/nouveau.maisonmallet.com\/back05_01\/index.php?rest_route=\/wp\/v2\/event"}],"about":[{"href":"https:\/\/nouveau.maisonmallet.com\/back05_01\/index.php?rest_route=\/wp\/v2\/types\/event"}],"wp:featuredmedia":[{"embeddable":true,"href":"https:\/\/nouveau.maisonmallet.com\/back05_01\/index.php?rest_route=\/wp\/v2\/media\/46249"}],"wp:attachment":[{"href":"https:\/\/nouveau.maisonmallet.com\/back05_01\/index.php?rest_route=%2Fwp%2Fv2%2Fmedia&parent=46214"}],"wp:term":[{"taxonomy":"event_cat","embeddable":true,"href":"https:\/\/nouveau.maisonmallet.com\/back05_01\/index.php?rest_route=%2Fwp%2Fv2%2Fevent_cat&post=46214"}],"curies":[{"name":"wp","href":"https:\/\/api.w.org\/{rel}","templated":true}]}}