{"id":46964,"date":"2024-01-24T11:46:50","date_gmt":"2024-01-24T16:46:50","guid":{"rendered":"https:\/\/nouveau.maisonmallet.com\/?post_type=event&#038;p=46964"},"modified":"2024-07-01T11:42:08","modified_gmt":"2024-07-01T15:42:08","slug":"methot-marcella","status":"publish","type":"event","link":"https:\/\/nouveau.maisonmallet.com\/back05_01\/?event=methot-marcella","title":{"rendered":"M\u00c9THOT, Marcella"},"content":{"rendered":"<p>Le Complexe Thanatologique Mallet &amp; fils a le regret de vous annoncer le d\u00e9c\u00e8s de<\/p>\n<p>Marcella M\u00e9thot<\/p>\n<p>1960 \u2013 2024<\/p>\n<p>&nbsp;<\/p>\n<p>&nbsp;<\/p>\n<p>\u00c0 Rivi\u00e8re Pentec\u00f4te, le 24 janvier 2024, est d\u00e9c\u00e9d\u00e9e \u00e0 l\u2019\u00e2ge de 64 ans, madame Marcella M\u00e9thot fille de feu Suzanne M\u00e9thot et de feu Eliodore Gravel domicili\u00e9e \u00e0 Rivi\u00e8re Pentec\u00f4te.<\/p>\n<p>Les fun\u00e9railles de madame Marcella M\u00e9thot auront lieu le samedi 9 mars 2024 \u00e0 14 h en l\u2019\u00e9glise St-Esprit de Pentec\u00f4te.<\/p>\n<p>Selon ses volont\u00e9s, elle a \u00e9t\u00e9 confi\u00e9e au cr\u00e9matorium de la Maison Mallet &amp; fils pour cr\u00e9mation.<\/p>\n<p>Elle laisse dans le deuil ses filles\u00a0: Jenny (Andr\u00e9 Carbonneau), Vicky et Fanny (Peter Harrisson), son fils Tommy (Vanessa Beaupr\u00e9), ses petites-filles\u00a0: Camille (Jonathan Laberge), Livia et \u00c8va, ses petits-fils\u00a0: Olivier, William et Nathan ainsi que ses s\u0153urs\u00a0: Marilda (Robert Jodoin), Judith (Jean-Francois Leblanc) et Blandine (Daniel Aubertin), ses fr\u00e8res\u00a0: Bernard et St\u00e9phane (Fernande Monger), ses neveux, ses ni\u00e8ces, ses oncles, ses tantes, ses cousins, ses cousines, et de nombreux ami(e)s.<\/p>\n<p>La famille a confi\u00e9 les arrangements aux services professionnels de la Maison Mallet &amp; fils du 585 Boul. Laure \u00e0 Sept-\u00celes, maintenant reconnue Distinction et membre de la Corporation des Thanatologues du Qu\u00e9bec.<\/p>\n<p>Vous pouvez consulter cet avis de d\u00e9c\u00e8s sur le\u00a0: <a href=\"https:\/\/nouveau.maisonmallet.com\">www.maisonmallet.com<\/a><\/p>\n<p>Ceux et celles qui le d\u00e9sirent, peuvent y envoyer des messages de sympathie.<\/p>\n<p>&nbsp;<\/p>\n<hr \/>\n<p>Envoyer vos condol\u00e9ances<\/p>\n<p>[contact-form to=\u00a0\u00bbjen944@hotmail.com\u00a0\u00bb subject=\u00a0\u00bbCondol\u00e9ances Marcella M\u00e9thot\u00a0\u00bb][contact-field label=\u00a0\u00bbVotre nom\u00a0\u00bb type=\u00a0\u00bbname\u00a0\u00bb required=\u00a0\u00bb1&Prime;][contact-field label=\u00a0\u00bbVotre courriel\u00a0\u00bb type=\u00a0\u00bbemail\u00a0\u00bb required=\u00a0\u00bb1&Prime;][contact-field label=\u00a0\u00bbCondol\u00e9ances\u00a0\u00bb type=\u00a0\u00bbtextarea\u00a0\u00bb][\/contact-form]<\/p>\n","protected":false},"featured_media":46982,"template":"","event_cat":[6],"class_list":["post-46964","event","type-event","status-publish","has-post-thumbnail","hentry","event_cat-maison-mallet-et-fils-inc"],"_links":{"self":[{"href":"https:\/\/nouveau.maisonmallet.com\/back05_01\/index.php?rest_route=\/wp\/v2\/event\/46964","targetHints":{"allow":["GET"]}}],"collection":[{"href":"https:\/\/nouveau.maisonmallet.com\/back05_01\/index.php?rest_route=\/wp\/v2\/event"}],"about":[{"href":"https:\/\/nouveau.maisonmallet.com\/back05_01\/index.php?rest_route=\/wp\/v2\/types\/event"}],"wp:featuredmedia":[{"embeddable":true,"href":"https:\/\/nouveau.maisonmallet.com\/back05_01\/index.php?rest_route=\/wp\/v2\/media\/46982"}],"wp:attachment":[{"href":"https:\/\/nouveau.maisonmallet.com\/back05_01\/index.php?rest_route=%2Fwp%2Fv2%2Fmedia&parent=46964"}],"wp:term":[{"taxonomy":"event_cat","embeddable":true,"href":"https:\/\/nouveau.maisonmallet.com\/back05_01\/index.php?rest_route=%2Fwp%2Fv2%2Fevent_cat&post=46964"}],"curies":[{"name":"wp","href":"https:\/\/api.w.org\/{rel}","templated":true}]}}