{"id":47111,"date":"2024-02-18T14:32:07","date_gmt":"2024-02-18T19:32:07","guid":{"rendered":"https:\/\/nouveau.maisonmallet.com\/?post_type=event&#038;p=47111"},"modified":"2024-07-01T11:41:03","modified_gmt":"2024-07-01T15:41:03","slug":"boudreault-therese","status":"publish","type":"event","link":"https:\/\/nouveau.maisonmallet.com\/back05_01\/?event=boudreault-therese","title":{"rendered":"BOUDREAULT, Th\u00e9r\u00e8se"},"content":{"rendered":"<p>Le Complexe Thanatologique Mallet &amp; fils a le regret de vous annoncer le d\u00e9c\u00e8s de<\/p>\n<p>&nbsp;<\/p>\n<p>Th\u00e9r\u00e8se Boudreault<\/p>\n<p>1933 \u2013 2024<\/p>\n<p>&nbsp;<\/p>\n<p>\u00c0 Sept-\u00celes (maison \u00c9lyme des sables), le 18 f\u00e9vrier 2024, est d\u00e9c\u00e9d\u00e9e \u00e0 l\u2019\u00e2ge de 90 ans, madame Th\u00e9r\u00e8se Boudreault fille de feu Aristide Boudreault et de feu Henriette Poirier et domicili\u00e9e \u00e0 Sept-\u00celes.<\/p>\n<p>Les fun\u00e9railles de madame Th\u00e9r\u00e8se Boudreault auront lieu, le jeudi 22 f\u00e9vrier 2024 \u00e0 14 h en l\u2019\u00e9glise Marie-Immacul\u00e9e situ\u00e9e au 180, rue Papineau \u00e0 Sept-\u00celes.<\/p>\n<p>Selon ses volont\u00e9s, elle a \u00e9t\u00e9 confi\u00e9e au cr\u00e9matorium de la Maison Mallet &amp; fils pour cr\u00e9mation.<\/p>\n<p>La famille re\u00e7oit parents et amis le jeudi 22 f\u00e9vrier 2024 jour des fun\u00e9railles, \u00e0 compter de 12 h 30 au Complexe Thanatologique Mallet &amp; fils du 585, boul. Laure \u00e0 Sept-\u00celes.<\/p>\n<p>Elle laisse dans le deuil sa fille Linda (Claude Lapierre), ses petites-filles\u00a0: Alexandra (Simon Desrochers) et Julie, ses petits-fils\u00a0: Davis et Samuel, ses arri\u00e8re-petits-fils\u00a0: Liam et Jax, son arri\u00e8re-petite-fille Evely ainsi que fr\u00e8res, ses s\u0153urs, ses beaux-fr\u00e8res, ses belles-s\u0153urs, ses neveux, ses ni\u00e8ces et de nombreux ami(e)s.<\/p>\n<p>Vos marques de sympathie peuvent se traduire par un don \u00e0 l\u2019\u00c9lyme des sables <a href=\"http:\/\/www.elymedessables.com\">www.elymedessables.com<\/a><\/p>\n<p>La famille a confi\u00e9 la direction des fun\u00e9railles aux services professionnels de la Maison Mallet &amp; fils du 585, boul. Laure \u00e0 Sept-\u00celes, maintenant reconnue Distinction et membre de la Corporation des Thanatologues du Qu\u00e9bec.<\/p>\n<p>Vous pouvez consulter cet avis de d\u00e9c\u00e8s sur le <a href=\"https:\/\/nouveau.maisonmallet.com\">www.maisonmallet.com<\/a><\/p>\n<p>Ceux et celles qui le d\u00e9sirent, peuvent y envoyer des messages de sympathies.<\/p>\n<hr \/>\n<p>Envoyer vos condol\u00e9ances<\/p>\n<p>[contact-form to=\u00a0\u00bblinda.miousse@gmail.com\u00a0\u00bb subject=\u00a0\u00bbCondol\u00e9ances Th\u00e9r\u00e8se Boudreault\u00a0\u00bb][contact-field label=\u00a0\u00bbVotre nom\u00a0\u00bb type=\u00a0\u00bbname\u00a0\u00bb required=\u00a0\u00bb1&Prime;][contact-field label=\u00a0\u00bbVotre courriel\u00a0\u00bb type=\u00a0\u00bbemail\u00a0\u00bb required=\u00a0\u00bb1&Prime;][contact-field label=\u00a0\u00bbCondol\u00e9ances\u00a0\u00bb type=\u00a0\u00bbtextarea\u00a0\u00bb][\/contact-form]<\/p>\n","protected":false},"featured_media":47134,"template":"","event_cat":[6],"class_list":["post-47111","event","type-event","status-publish","has-post-thumbnail","hentry","event_cat-maison-mallet-et-fils-inc"],"_links":{"self":[{"href":"https:\/\/nouveau.maisonmallet.com\/back05_01\/index.php?rest_route=\/wp\/v2\/event\/47111","targetHints":{"allow":["GET"]}}],"collection":[{"href":"https:\/\/nouveau.maisonmallet.com\/back05_01\/index.php?rest_route=\/wp\/v2\/event"}],"about":[{"href":"https:\/\/nouveau.maisonmallet.com\/back05_01\/index.php?rest_route=\/wp\/v2\/types\/event"}],"wp:featuredmedia":[{"embeddable":true,"href":"https:\/\/nouveau.maisonmallet.com\/back05_01\/index.php?rest_route=\/wp\/v2\/media\/47134"}],"wp:attachment":[{"href":"https:\/\/nouveau.maisonmallet.com\/back05_01\/index.php?rest_route=%2Fwp%2Fv2%2Fmedia&parent=47111"}],"wp:term":[{"taxonomy":"event_cat","embeddable":true,"href":"https:\/\/nouveau.maisonmallet.com\/back05_01\/index.php?rest_route=%2Fwp%2Fv2%2Fevent_cat&post=47111"}],"curies":[{"name":"wp","href":"https:\/\/api.w.org\/{rel}","templated":true}]}}