{"id":48270,"date":"2024-03-09T16:12:33","date_gmt":"2024-03-09T21:12:33","guid":{"rendered":"https:\/\/nouveau.maisonmallet.com\/?post_type=event&#038;p=48270"},"modified":"2024-07-01T11:21:57","modified_gmt":"2024-07-01T15:21:57","slug":"levesque-lauraine","status":"publish","type":"event","link":"https:\/\/nouveau.maisonmallet.com\/back05_01\/?event=levesque-lauraine","title":{"rendered":"L\u00c9VESQUE, Lauraine"},"content":{"rendered":"<p>Le Complexe Thanatologique Mallet &amp; fils a le regret de vous annoncer le d\u00e9c\u00e8s de<\/p>\n<p>Lauraine L\u00e9vesque<\/p>\n<p>1948 \u2013 2024<\/p>\n<p>&nbsp;<\/p>\n<p>\u00c0 Sept-\u00celes, le 9 mars 2024, est d\u00e9c\u00e9d\u00e9e \u00e0 l\u2019\u00e2ge de 76 ans, madame Lauraine L\u00e9vesque \u00e9pouse en premi\u00e8res noces de feu G\u00e9rard Paris\u00e9e et en secondes noces de feu Maurice Gu\u00e9rin domicili\u00e9e \u00e0 Sept-\u00celes.<\/p>\n<p>La c\u00e9r\u00e9monie comm\u00e9morative de madame Lauraine L\u00e9vesque aura lieu le dimanche 17 mars 2024 \u00e0 15 h 30 \u00e0 la chapelle du Complexe Thanatologique Mallet &amp; fils du 585, Boul. Laure \u00e0 Sept-\u00celes.<\/p>\n<p>Selon ses volont\u00e9s, elle a \u00e9t\u00e9 confi\u00e9e au cr\u00e9matorium de la Maison Mallet &amp; fils pour cr\u00e9mation.<\/p>\n<p>La famille re\u00e7oit parents et amis le dimanche 17 mars 2024 de 13 h \u00e0 16 h au Complexe Thanatologique Mallet &amp; fils du 585 Boul. Laure \u00e0 Sept-\u00celes.<\/p>\n<p>Elle laisse dans le deuil ses fils\u00a0: Johnny (Carynne) et Martin, sa s\u0153ur Marie-Claire, ses fr\u00e8res\u00a0: Ga\u00e9tan, G\u00e9rald et Nelson, ses beaux-fr\u00e8res, ses belles-s\u0153urs, ses neveux, ses ni\u00e8ces ainsi que ses cousins, ses cousines et ses nombreux ami(e)s.<\/p>\n<p>Vos marques de sympathie peuvent se traduire par un don \u00e0 la soci\u00e9t\u00e9 Alzheimer C\u00f4te-Nord <a href=\"http:\/\/www.societealzheimercotenord.com\">www.societealzheimercotenord.com<\/a><\/p>\n<p>La famille a confi\u00e9 les arrangements aux services professionnels de la Maison Mallet &amp; fils du 585 Boul. Laure \u00e0 Sept-\u00celes, maintenant reconnue Distinction et membre de la Corporation des Thanatologues du Qu\u00e9bec.<\/p>\n<p>Vous pouvez consulter cet avis de d\u00e9c\u00e8s sur le\u00a0: <a href=\"https:\/\/nouveau.maisonmallet.com\">www.maisonmallet.com<\/a><\/p>\n<p>Ceux et celles qui le d\u00e9sirent, peuvent y envoyer des messages de sympathie.<\/p>\n<p>&nbsp;<\/p>\n<p>&nbsp;<\/p>\n<hr \/>\n<p>Envoyer vos condol\u00e9ances<\/p>\n<p>[contact-form to=\u00a0\u00bbjohnnybgood1616@gmail.com\u00a0\u00bb subject=\u00a0\u00bbCondol\u00e9ances Lauraine L\u00e9vesque\u00a0\u00bb][contact-field label=\u00a0\u00bbVotre nom\u00a0\u00bb type=\u00a0\u00bbname\u00a0\u00bb required=\u00a0\u00bb1&Prime;][contact-field label=\u00a0\u00bbVotre courriel\u00a0\u00bb type=\u00a0\u00bbemail\u00a0\u00bb required=\u00a0\u00bb1&Prime;][contact-field label=\u00a0\u00bbCondol\u00e9ances\u00a0\u00bb type=\u00a0\u00bbtextarea\u00a0\u00bb][\/contact-form]<\/p>\n","protected":false},"featured_media":48312,"template":"","event_cat":[6],"class_list":["post-48270","event","type-event","status-publish","has-post-thumbnail","hentry","event_cat-maison-mallet-et-fils-inc"],"_links":{"self":[{"href":"https:\/\/nouveau.maisonmallet.com\/back05_01\/index.php?rest_route=\/wp\/v2\/event\/48270","targetHints":{"allow":["GET"]}}],"collection":[{"href":"https:\/\/nouveau.maisonmallet.com\/back05_01\/index.php?rest_route=\/wp\/v2\/event"}],"about":[{"href":"https:\/\/nouveau.maisonmallet.com\/back05_01\/index.php?rest_route=\/wp\/v2\/types\/event"}],"wp:featuredmedia":[{"embeddable":true,"href":"https:\/\/nouveau.maisonmallet.com\/back05_01\/index.php?rest_route=\/wp\/v2\/media\/48312"}],"wp:attachment":[{"href":"https:\/\/nouveau.maisonmallet.com\/back05_01\/index.php?rest_route=%2Fwp%2Fv2%2Fmedia&parent=48270"}],"wp:term":[{"taxonomy":"event_cat","embeddable":true,"href":"https:\/\/nouveau.maisonmallet.com\/back05_01\/index.php?rest_route=%2Fwp%2Fv2%2Fevent_cat&post=48270"}],"curies":[{"name":"wp","href":"https:\/\/api.w.org\/{rel}","templated":true}]}}