{"id":4944,"date":"2019-09-13T19:58:57","date_gmt":"2019-09-13T23:58:57","guid":{"rendered":"https:\/\/nouveau.maisonmallet.com\/?post_type=event&#038;p=4944"},"modified":"2019-09-24T14:23:27","modified_gmt":"2019-09-24T18:23:27","slug":"noel-georgette28031939","status":"publish","type":"event","link":"https:\/\/nouveau.maisonmallet.com\/back05_01\/?event=noel-georgette28031939","title":{"rendered":"NO\u00cbL, Georgette (Clements)"},"content":{"rendered":"<p>1939 &#8211; 2019<\/p>\n<p>NO\u00cbL, Georgette (Clements)<\/p>\n<p>&nbsp;<\/p>\n<p>\u00c0 Sept-\u00celes (maison \u00c9lyme des sables), le 13 septembre 2019, est d\u00e9c\u00e9d\u00e9e \u00e0 l\u2019\u00e2ge de 80 ans, madame Georgette No\u00ebl \u00e9pouse de feu Alfred Clements et conjointe de monsieur No\u00ebl Blier domicili\u00e9e \u00e0 Sept-\u00celes.<\/p>\n<p>Les fun\u00e9railles de madame Georgette No\u00ebl Clements auront lieu le samedi 28 septembre 2019 \u00e0 10 h 30 en l\u2019\u00e9glise Marie-Immacul\u00e9e situ\u00e9e au 180, rue Papineau \u00e0 Sept-\u00celes et de l\u00e0 au cr\u00e9matorium de la maison Mallet &amp; fils pour cr\u00e9mation.<\/p>\n<p>La famille re\u00e7oit parents et amis le vendredi 27 septembre 2019 de 19 h \u00e0 22 h. Le samedi 28 septembre 2019 jour des fun\u00e9railles \u00e0 compter de 9 h au Complexe Thanatologique Mallet &amp; fils du 585 Boul. Laure \u00e0 Sept-\u00celes.<\/p>\n<p>Elle laisse dans le deuil outre son conjoint monsieur No\u00ebl Blier ses fils Denis (Nicole Bourgeois) et Dave (Myl\u00e8ne Barbeau), sa fille Maryse (Jean-Ren\u00e9 Tremblay), sa belle-fille Nancy (Roland Meloche), son beau-fils St\u00e9phane (Marie-\u00c9ve Gu\u00e9rin), ses petits-fils\u00a0: F\u00e9lix, Maxime, Fr\u00e9d\u00e9ric et Joey, ses petites-filles\u00a0: V\u00e9ronique, Janie, Maude, Jessica, Catherine et \u00c9lise ainsi que ses s\u0153urs\u00a0: Armande, Alida, Mireille (G\u00e9rard Cyr), ses fr\u00e8res\u00a0: Andr\u00e9 et Romuald (Francine Dechamplain), ses beaux-fr\u00e8res, ses belles-s\u0153urs, ses neveux, ses ni\u00e8ces, ses cousins, ses cousines et de nombreux ami(e)s.<\/p>\n<p>Vos marques de sympathie peuvent se traduire par un don \u00e0 l\u2019\u00c9lyme des sables <a href=\"http:\/\/www.elymedessables.com\/\">www.elymedessables.com<\/a><\/p>\n<p>La famille a confi\u00e9 la direction des fun\u00e9railles aux services professionnels de la Maison Mallet &amp; fils du 585 boul. Laure \u00e0 Sept-\u00celes, maintenant reconnue Distinction et membre de la Corporation des Thanatologues du Qu\u00e9bec.<\/p>\n<p>Vous pouvez consulter cet avis de d\u00e9c\u00e8s sur le <a href=\"https:\/\/nouveau.maisonmallet.com\/back05_01\/\">www.maisonmallet.com<\/a><\/p>\n<p>Ceux et celles qui le d\u00e9sirent, peuvent y envoyer des messages de sympathie.<\/p>\n<p>&nbsp;<\/p>\n<hr \/>\n<p>Envoyer vos condol\u00e9ances<\/p>\n<p>[contact-form to=\u00a0\u00bbfamilleclements@globetrotter.net\u00a0\u00bb subject=\u00a0\u00bbCondol\u00e9ances Georgette Noel\u00a0\u00bb][contact-field label=\u00a0\u00bbVotre nom\u00a0\u00bb type=\u00a0\u00bbname\u00a0\u00bb required=\u00a0\u00bb1&Prime;][contact-field label=\u00a0\u00bbVotre courriel\u00a0\u00bb type=\u00a0\u00bbemail\u00a0\u00bb required=\u00a0\u00bb1&Prime;][contact-field label=\u00a0\u00bbCondol\u00e9ances\u00a0\u00bb type=\u00a0\u00bbtextarea\u00a0\u00bb][\/contact-form]<\/p>\n","protected":false},"featured_media":5366,"template":"","event_cat":[6],"class_list":["post-4944","event","type-event","status-publish","has-post-thumbnail","hentry","event_cat-maison-mallet-et-fils-inc"],"_links":{"self":[{"href":"https:\/\/nouveau.maisonmallet.com\/back05_01\/index.php?rest_route=\/wp\/v2\/event\/4944","targetHints":{"allow":["GET"]}}],"collection":[{"href":"https:\/\/nouveau.maisonmallet.com\/back05_01\/index.php?rest_route=\/wp\/v2\/event"}],"about":[{"href":"https:\/\/nouveau.maisonmallet.com\/back05_01\/index.php?rest_route=\/wp\/v2\/types\/event"}],"wp:featuredmedia":[{"embeddable":true,"href":"https:\/\/nouveau.maisonmallet.com\/back05_01\/index.php?rest_route=\/wp\/v2\/media\/5366"}],"wp:attachment":[{"href":"https:\/\/nouveau.maisonmallet.com\/back05_01\/index.php?rest_route=%2Fwp%2Fv2%2Fmedia&parent=4944"}],"wp:term":[{"taxonomy":"event_cat","embeddable":true,"href":"https:\/\/nouveau.maisonmallet.com\/back05_01\/index.php?rest_route=%2Fwp%2Fv2%2Fevent_cat&post=4944"}],"curies":[{"name":"wp","href":"https:\/\/api.w.org\/{rel}","templated":true}]}}