{"id":49579,"date":"2024-03-29T13:33:10","date_gmt":"2024-03-29T17:33:10","guid":{"rendered":"https:\/\/nouveau.maisonmallet.com\/?post_type=event&#038;p=49579"},"modified":"2024-05-08T21:42:59","modified_gmt":"2024-05-09T01:42:59","slug":"thibeault-daniel-2","status":"publish","type":"event","link":"https:\/\/nouveau.maisonmallet.com\/back05_01\/?event=thibeault-daniel-2","title":{"rendered":"THIBEAULT, Daniel"},"content":{"rendered":"<p>Le Complexe Thanatologique Mallet &amp; fils a le regret de vous annoncer le d\u00e9c\u00e8s de<\/p>\n<p>Daniel Thibeault<\/p>\n<p>1964 \u2013 2024<\/p>\n<p>&nbsp;<\/p>\n<p>\u00c0 Sept-\u00celes (maison \u00c9lyme des sables), le 29 mars 2024, est d\u00e9c\u00e9d\u00e9 \u00e0 l\u2019\u00e2ge de 59 ans, monsieur Daniel Thibeault fils de feu Gilbert Thibeault et de madame Ginette Gauthier domicili\u00e9 \u00e0 Sept-\u00celes.<\/p>\n<p>Il laisse dans le deuil son fils Alexandre (Marie-Jos\u00e9e Misson), ses petites-filles\u00a0: B\u00e9atrice et Olivia, sa m\u00e8re madame Ginette Gauthier (feu Gilbert Thibeault) ainsi que sa s\u0153ur Carole (David Granger), ses oncles, ses tantes, ses cousins, ses cousines et de nombreux ami(e)s.<\/p>\n<p>Vos marques de sympathie peuvent se traduire par un don \u00e0 l\u2019\u00c9lyme des sables <a href=\"http:\/\/www.elymedessables.com\">www.elymedessables.com<\/a><\/p>\n<p>La famille a confi\u00e9 les arrangements aux services professionnels de la Maison Mallet &amp; fils du 585 Boul. Laure \u00e0 Sept-\u00celes, maintenant reconnue Distinction et membre de la Corporation des Thanatologues du Qu\u00e9bec.<\/p>\n<p>Vous pouvez consulter cet avis de d\u00e9c\u00e8s sur le\u00a0: <a href=\"https:\/\/nouveau.maisonmallet.com\">www.maisonmallet.com<\/a><\/p>\n<p>Ceux et celles qui le d\u00e9sirent, peuvent y envoyer des messages de sympathie.<\/p>\n<p>&nbsp;<\/p>\n<hr \/>\n<p>Envoyer vos condol\u00e9ances<\/p>\n<p>[contact-form to=\u00a0\u00bbalexandre.g.thibeault@gmail.com\u00a0\u00bb subject=\u00a0\u00bbCondol\u00e9ances Daniel Thibeault\u00a0\u00bb][contact-field label=\u00a0\u00bbVotre nom\u00a0\u00bb type=\u00a0\u00bbname\u00a0\u00bb required=\u00a0\u00bb1&Prime;][contact-field label=\u00a0\u00bbVotre courriel\u00a0\u00bb type=\u00a0\u00bbemail\u00a0\u00bb required=\u00a0\u00bb1&Prime;][contact-field label=\u00a0\u00bbCondol\u00e9ances\u00a0\u00bb type=\u00a0\u00bbtextarea\u00a0\u00bb][\/contact-form]<\/p>\n","protected":false},"featured_media":49594,"template":"","event_cat":[6],"class_list":["post-49579","event","type-event","status-publish","has-post-thumbnail","hentry","event_cat-maison-mallet-et-fils-inc"],"_links":{"self":[{"href":"https:\/\/nouveau.maisonmallet.com\/back05_01\/index.php?rest_route=\/wp\/v2\/event\/49579","targetHints":{"allow":["GET"]}}],"collection":[{"href":"https:\/\/nouveau.maisonmallet.com\/back05_01\/index.php?rest_route=\/wp\/v2\/event"}],"about":[{"href":"https:\/\/nouveau.maisonmallet.com\/back05_01\/index.php?rest_route=\/wp\/v2\/types\/event"}],"wp:featuredmedia":[{"embeddable":true,"href":"https:\/\/nouveau.maisonmallet.com\/back05_01\/index.php?rest_route=\/wp\/v2\/media\/49594"}],"wp:attachment":[{"href":"https:\/\/nouveau.maisonmallet.com\/back05_01\/index.php?rest_route=%2Fwp%2Fv2%2Fmedia&parent=49579"}],"wp:term":[{"taxonomy":"event_cat","embeddable":true,"href":"https:\/\/nouveau.maisonmallet.com\/back05_01\/index.php?rest_route=%2Fwp%2Fv2%2Fevent_cat&post=49579"}],"curies":[{"name":"wp","href":"https:\/\/api.w.org\/{rel}","templated":true}]}}