{"id":50171,"date":"2024-04-28T21:32:26","date_gmt":"2024-04-29T01:32:26","guid":{"rendered":"https:\/\/nouveau.maisonmallet.com\/?post_type=event&#038;p=50171"},"modified":"2024-07-01T10:58:53","modified_gmt":"2024-07-01T14:58:53","slug":"beaudin-gerard-2","status":"publish","type":"event","link":"https:\/\/nouveau.maisonmallet.com\/back05_01\/?event=beaudin-gerard-2","title":{"rendered":"BEAUDIN, G\u00e9rard"},"content":{"rendered":"<p>Le Complexe Thanatologique Mallet &amp; fils a le regret de vous annoncer le d\u00e9c\u00e8s de<\/p>\n<p>&nbsp;<\/p>\n<p>G\u00e9rard Beaudin<\/p>\n<p>1937 &#8211; 2024<\/p>\n<p>&nbsp;<\/p>\n<p>\u00c0 Port-Cartier, le 28 avril 2024, est d\u00e9c\u00e9d\u00e9 \u00e0 l\u2019\u00e2ge de 86 ans, monsieur G\u00e9rard Beaudin \u00e9poux de feu Emilienne Beaudin et domicili\u00e9 \u00e0 Baie-Trinit\u00e9.<\/p>\n<p>Les fun\u00e9railles de monsieur G\u00e9rard Beaudin auront lieu le samedi 25 mai 2024 \u00e0 14 h \u00e0 la salle multifonctionnelle de Baie-Trinit\u00e9.<\/p>\n<p>Selon ses volont\u00e9s, il a \u00e9t\u00e9 confi\u00e9 au cr\u00e9matorium de la Maison Mallet &amp; fils pour cr\u00e9mation.<\/p>\n<p>La famille re\u00e7oit parents et amis le samedi 25 mai 2024 de 12 h \u00e0 14 h \u00e0 la salle multifonctionnelle de Baie-Trinit\u00e9.<\/p>\n<p>Il laisse dans le deuil ses enfants\u00a0: Guylaine (Jean Proulx), Lucie (Sylvain Gauthier) et Marc (Chantal Guimond), ses petits-enfants\u00a0: Marie-Andr\u00e9e (Nicolas Fortin), Jean-Ren\u00e9 (Am\u00e9lie Raymond), J\u00e9r\u00f4me (Christina Mercier), Isabelle (Benoit Goode Leclerc), Cindy et M\u00e9gane, ses arri\u00e8re-petits-enfants, sa grande amie Th\u00e9r\u00e8se ainsi que ses s\u0153urs\u00a0: Pierrette et No\u00eblla, ses beaux-fr\u00e8res, ses belles-s\u0153urs, ses neveux, ses ni\u00e8ces et de nombreux ami(e)s.<\/p>\n<p>La famille a confi\u00e9 les arrangements aux services professionnels de la Maison Mallet &amp; fils du 57, route 138 \u00e0 Port-Cartier, maintenant reconnue Distinction et membre de la Corporation des Thanatologues du Qu\u00e9bec<\/p>\n<p>Vous pouvez consulter cet avis de d\u00e9c\u00e8s, sur le\u00a0<a href=\"https:\/\/nouveau.maisonmallet.com\/\">www.maisonmallet.com<\/a><\/p>\n<p>Ceux et celle qui le d\u00e9sirent, peuvent y envoyer des messages de sympathie.<\/p>\n<hr \/>\n<p>Envoyer vos condol\u00e9ances<\/p>\n<p>[contact-form to=\u00a0\u00bblucybeaudin@hotmail.com\u00a0\u00bb subject=\u00a0\u00bbCondol\u00e9ances G\u00e9rard Beaudin\u00a0\u00bb][contact-field label=\u00a0\u00bbVotre nom\u00a0\u00bb type=\u00a0\u00bbname\u00a0\u00bb required=\u00a0\u00bb1&Prime;][contact-field label=\u00a0\u00bbVotre courriel\u00a0\u00bb type=\u00a0\u00bbemail\u00a0\u00bb required=\u00a0\u00bb1&Prime;][contact-field label=\u00a0\u00bbCondol\u00e9ances\u00a0\u00bb type=\u00a0\u00bbtextarea\u00a0\u00bb][\/contact-form]<\/p>\n","protected":false},"featured_media":50193,"template":"","event_cat":[6],"class_list":["post-50171","event","type-event","status-publish","has-post-thumbnail","hentry","event_cat-maison-mallet-et-fils-inc"],"_links":{"self":[{"href":"https:\/\/nouveau.maisonmallet.com\/back05_01\/index.php?rest_route=\/wp\/v2\/event\/50171","targetHints":{"allow":["GET"]}}],"collection":[{"href":"https:\/\/nouveau.maisonmallet.com\/back05_01\/index.php?rest_route=\/wp\/v2\/event"}],"about":[{"href":"https:\/\/nouveau.maisonmallet.com\/back05_01\/index.php?rest_route=\/wp\/v2\/types\/event"}],"wp:featuredmedia":[{"embeddable":true,"href":"https:\/\/nouveau.maisonmallet.com\/back05_01\/index.php?rest_route=\/wp\/v2\/media\/50193"}],"wp:attachment":[{"href":"https:\/\/nouveau.maisonmallet.com\/back05_01\/index.php?rest_route=%2Fwp%2Fv2%2Fmedia&parent=50171"}],"wp:term":[{"taxonomy":"event_cat","embeddable":true,"href":"https:\/\/nouveau.maisonmallet.com\/back05_01\/index.php?rest_route=%2Fwp%2Fv2%2Fevent_cat&post=50171"}],"curies":[{"name":"wp","href":"https:\/\/api.w.org\/{rel}","templated":true}]}}