{"id":50234,"date":"2024-05-09T14:21:12","date_gmt":"2024-05-09T18:21:12","guid":{"rendered":"https:\/\/nouveau.maisonmallet.com\/?post_type=event&#038;p=50234"},"modified":"2024-07-01T10:57:10","modified_gmt":"2024-07-01T14:57:10","slug":"cloutier-jeanne-paule","status":"publish","type":"event","link":"https:\/\/nouveau.maisonmallet.com\/back05_01\/?event=cloutier-jeanne-paule","title":{"rendered":"CLOUTIER, Jeanne Paule"},"content":{"rendered":"<p>Le Complexe Thanatologique Mallet &amp; fils a le regret de vous annoncer le d\u00e9c\u00e8s de<\/p>\n<p>&nbsp;<\/p>\n<p>&nbsp;<\/p>\n<p>Jeanne-Paule Cloutier<\/p>\n<p>1929 &#8211; 2024<\/p>\n<p>&nbsp;<\/p>\n<p>\u00c0 Port-Cartier, le 9 mai 2024, est d\u00e9c\u00e9d\u00e9e \u00e0 l\u2019\u00e2ge de 94 ans, madame Jeanne-Paule Cloutier \u00e9pouse de feu Fernand Goode et domicili\u00e9e \u00e0 Port-Cartier.<\/p>\n<p>La c\u00e9r\u00e9monie comm\u00e9morative de madame Jeanne-Paule Cloutier aura lieu le mercredi 15 mai 2024 \u00e0 14 h au Complexe Thanatologique Mallet &amp; fils du 57, route 138 \u00e0 Port-Cartier et de l\u00e0 au cr\u00e9matorium de la Maison Mallet &amp; fils pour cr\u00e9mation.<\/p>\n<p>La famille re\u00e7oit parents et amis le mardi 14 mai 2024 de 13 h \u00e0 16 h. Le mercredi 15 mai 2024 jour de la c\u00e9r\u00e9monie \u00e0 compter de 13 h au Complexe Thanatologique Mallet &amp; fils du 57, route 138 \u00e0 Port-Cartier.<\/p>\n<p>Elle laisse dans le deuil ses filles\u00a0: Danielle (Robin Roy), Johanne (Nicolas Fortier), Jacqueline (Daniel L\u00e9on) et Michelle (Christian Chabot), son fils Jacque (Sylvie Janelle), ses petites-filles\u00a0: M\u00e9lanie, Violaine (Hugue), Judith, Ileia et Camille (Joshua), ses petits-fils\u00a0: Fran\u00e7ois, Simon, Eddy, Paul, Samuel (St\u00e9phanie), Benoit (Isabelle) et Alexandre, ses treize arri\u00e8re-petits-enfants, ainsi que ses s\u0153urs\u00a0: C\u00e9cile, Marie-Ange (Augustin) et Gis\u00e8le (Pierre), son fr\u00e8re Jean-No\u00ebl (Germaine), sa belle-s\u0153ur Jeannine, ses neveux, ses ni\u00e8ces, ses cousins, ses cousines et ses ami(e)s.<\/p>\n<p>Un merci tout sp\u00e9cial \u00e0 son m\u00e9decin, Claire Gaudreault ainsi qu\u2019au personnel de l\u2019h\u00f4pital pour les bons soins qui lui ont \u00e9t\u00e9 prodigu\u00e9s durant son court s\u00e9jour et au personnel de la Villa de Port-Cartier pour leurs belles attentions durant son s\u00e9jour en r\u00e9sidence.<\/p>\n<p>Vos marques de sympathie peuvent se traduire par un don \u00e0 l\u2019Association du cancer Est du Qu\u00e9bec <a href=\"http:\/\/www.aceq.org\">www.aceq.org<\/a> et ou \u00e0 la Villa de Port-Cartier, 2, rue Lemoine, Port-Cartier, G5B 0A3.<\/p>\n<p>La famille a confi\u00e9 les arrangements aux services professionnels de la Maison Mallet &amp; fils du 57, route 138 \u00e0 Port-Cartier, maintenant reconnue Distinction et membre de la Corporation des Thanatologues du Qu\u00e9bec.<\/p>\n<p>Vous pouvez consulter cet avis de d\u00e9c\u00e8s, sur le <a href=\"https:\/\/nouveau.maisonmallet.com\">www.maisonmallet.com<\/a><\/p>\n<p>Ceux et celles qui le d\u00e9sirent, peuvent y envoyer des messages de sympathie.<\/p>\n<hr \/>\n<p>Envoyer vos condol\u00e9ances<\/p>\n<p>[contact-form to=\u00a0\u00bbmichellegoode1@telus.net\u00a0\u00bb subject=\u00a0\u00bbCondol\u00e9ances Jeanne Paule Cloutier\u00a0\u00bb][contact-field label=\u00a0\u00bbVotre nom\u00a0\u00bb type=\u00a0\u00bbname\u00a0\u00bb required=\u00a0\u00bb1&Prime;][contact-field label=\u00a0\u00bbVotre courriel\u00a0\u00bb type=\u00a0\u00bbemail\u00a0\u00bb required=\u00a0\u00bb1&Prime;][contact-field label=\u00a0\u00bbCondol\u00e9ances\u00a0\u00bb type=\u00a0\u00bbtextarea\u00a0\u00bb][\/contact-form]<\/p>\n","protected":false},"featured_media":50387,"template":"","event_cat":[6],"class_list":["post-50234","event","type-event","status-publish","has-post-thumbnail","hentry","event_cat-maison-mallet-et-fils-inc"],"_links":{"self":[{"href":"https:\/\/nouveau.maisonmallet.com\/back05_01\/index.php?rest_route=\/wp\/v2\/event\/50234","targetHints":{"allow":["GET"]}}],"collection":[{"href":"https:\/\/nouveau.maisonmallet.com\/back05_01\/index.php?rest_route=\/wp\/v2\/event"}],"about":[{"href":"https:\/\/nouveau.maisonmallet.com\/back05_01\/index.php?rest_route=\/wp\/v2\/types\/event"}],"wp:featuredmedia":[{"embeddable":true,"href":"https:\/\/nouveau.maisonmallet.com\/back05_01\/index.php?rest_route=\/wp\/v2\/media\/50387"}],"wp:attachment":[{"href":"https:\/\/nouveau.maisonmallet.com\/back05_01\/index.php?rest_route=%2Fwp%2Fv2%2Fmedia&parent=50234"}],"wp:term":[{"taxonomy":"event_cat","embeddable":true,"href":"https:\/\/nouveau.maisonmallet.com\/back05_01\/index.php?rest_route=%2Fwp%2Fv2%2Fevent_cat&post=50234"}],"curies":[{"name":"wp","href":"https:\/\/api.w.org\/{rel}","templated":true}]}}