{"id":51441,"date":"2024-06-04T17:31:14","date_gmt":"2024-06-04T21:31:14","guid":{"rendered":"https:\/\/nouveau.maisonmallet.com\/?post_type=event&#038;p=51441"},"modified":"2024-07-01T10:44:47","modified_gmt":"2024-07-01T14:44:47","slug":"vollant-real","status":"publish","type":"event","link":"https:\/\/nouveau.maisonmallet.com\/back05_01\/?event=vollant-real","title":{"rendered":"VOLLANT, R\u00e9al"},"content":{"rendered":"<p>Le Complexe Thanatologique Mallet &amp; fils a le regret de vous annoncer le d\u00e9c\u00e8s de<\/p>\n<p>R\u00e9al Vollant<\/p>\n<p>1944 \u2013 2024<\/p>\n<p>&nbsp;<\/p>\n<p>\u00c0 Mani-utenam, le 4 juin 2024, est d\u00e9c\u00e9d\u00e9 \u00e0 l\u2019\u00e2ge de 79 ans, monsieur R\u00e9al Vollant fils de feu Th\u00e9odore Vollant et de feu Christine Michel domicili\u00e9 \u00e0 Mani-utenam.<\/p>\n<p>Les fun\u00e9railles de monsieur R\u00e9al Vollant auront lieu le lundi 10 juin 2024 \u00e0 10 h en l\u2019\u00e9glise Notre-Dame du Cap situ\u00e9e au 139, rue de l\u2019\u00c9glise \u00e0 Mani-utenam et de l\u00e0 au cimeti\u00e8re de Mani-utenam.<\/p>\n<p>La famille re\u00e7oit parents et amis le dimanche 9 juin 2024 de 13 h \u00e0 16 h et de 19 h \u00e0 22 h, le lundi 10 juin 2024 \u00e0 compter de 8 h 30 \u00e0 l\u2019\u00e9glise Notre-Dame du Cap situ\u00e9e au 139, rue de l\u2019\u00c9glise \u00e0 Mani-utenam.<\/p>\n<p>Il laisse dans le deuil ses enfants : St\u00e9phanie, Ian-Luc et Kupaniesh, ses 17 petits-enfants, ses 8 arri\u00e8re-petits-enfants, ses fr\u00e8res et ses s\u0153urs : C\u00e9line (Zacharie), Jeannette, Marjolaine (Charles), Denis, Sylvain (Danielle), Nicole et Huguette (Ti-Paul) ainsi que ses neveux, ses ni\u00e8ces, ses cousins, ses cousines et de nombreux ami(e)s.<\/p>\n<p>La famille a confi\u00e9 la direction des fun\u00e9railles aux services professionnels de la Maison Mallet &amp; fils du 585, Boul. Laure \u00e0 Sept-\u00celes, maintenant reconnue Distinction et membre de la Corporation des Thanatologues du Qu\u00e9bec.<\/p>\n<p>Vous pouvez consulter cet avis de d\u00e9c\u00e8s sur le <a href=\"https:\/\/nouveau.maisonmallet.com\">www.maisonmallet.com<\/a><\/p>\n<p>Ceux et celles qui le d\u00e9sirent, peuvent y envoyer des messages de condol\u00e9ances.<\/p>\n<p>&nbsp;<\/p>\n<hr \/>\n<p>Envoyer vos condol\u00e9ances<\/p>\n<p>[contact-form to=\u00a0\u00bbstephanievollant@hotmail.com\u00a0\u00bb subject=\u00a0\u00bbCondol\u00e9ances R\u00e9al Vollant\u00a0\u00bb][contact-field label=\u00a0\u00bbVotre nom\u00a0\u00bb type=\u00a0\u00bbname\u00a0\u00bb required=\u00a0\u00bb1&Prime;][contact-field label=\u00a0\u00bbVotre courriel\u00a0\u00bb type=\u00a0\u00bbemail\u00a0\u00bb required=\u00a0\u00bb1&Prime;][contact-field label=\u00a0\u00bbCondol\u00e9ances\u00a0\u00bb type=\u00a0\u00bbtextarea\u00a0\u00bb][\/contact-form]<\/p>\n","protected":false},"featured_media":51450,"template":"","event_cat":[6],"class_list":["post-51441","event","type-event","status-publish","has-post-thumbnail","hentry","event_cat-maison-mallet-et-fils-inc"],"_links":{"self":[{"href":"https:\/\/nouveau.maisonmallet.com\/back05_01\/index.php?rest_route=\/wp\/v2\/event\/51441","targetHints":{"allow":["GET"]}}],"collection":[{"href":"https:\/\/nouveau.maisonmallet.com\/back05_01\/index.php?rest_route=\/wp\/v2\/event"}],"about":[{"href":"https:\/\/nouveau.maisonmallet.com\/back05_01\/index.php?rest_route=\/wp\/v2\/types\/event"}],"wp:featuredmedia":[{"embeddable":true,"href":"https:\/\/nouveau.maisonmallet.com\/back05_01\/index.php?rest_route=\/wp\/v2\/media\/51450"}],"wp:attachment":[{"href":"https:\/\/nouveau.maisonmallet.com\/back05_01\/index.php?rest_route=%2Fwp%2Fv2%2Fmedia&parent=51441"}],"wp:term":[{"taxonomy":"event_cat","embeddable":true,"href":"https:\/\/nouveau.maisonmallet.com\/back05_01\/index.php?rest_route=%2Fwp%2Fv2%2Fevent_cat&post=51441"}],"curies":[{"name":"wp","href":"https:\/\/api.w.org\/{rel}","templated":true}]}}