{"id":52760,"date":"2024-07-17T13:40:33","date_gmt":"2024-07-17T17:40:33","guid":{"rendered":"https:\/\/nouveau.maisonmallet.com\/?post_type=event&#038;p=52760"},"modified":"2024-08-31T09:08:10","modified_gmt":"2024-08-31T13:08:10","slug":"cote-danielle-boulay","status":"publish","type":"event","link":"https:\/\/nouveau.maisonmallet.com\/back05_01\/?event=cote-danielle-boulay","title":{"rendered":"C\u00d4T\u00c9, Danielle (Boulay)"},"content":{"rendered":"<p>Le Complexe Thanatologique Mallet &amp; fils a le regret de vous annoncer le d\u00e9c\u00e8s de<\/p>\n<p>Danielle C\u00f4t\u00e9 (Boulay)<\/p>\n<p>1947 \u2013 2024<\/p>\n<p>&nbsp;<\/p>\n<p>\u00c0 Sept-\u00celes, le 17 juillet 2024, est d\u00e9c\u00e9d\u00e9e \u00e0 l\u2019\u00e2ge de 77 ans, madame Danielle C\u00f4t\u00e9 \u00e9pouse de monsieur Lucien Boulay et domicili\u00e9e \u00e0 Sept-\u00celes.<\/p>\n<p>Les fun\u00e9railles de madame Danielle C\u00f4t\u00e9 auront lieu, le samedi 3 ao\u00fbt 2024 \u00e0 10 h en l\u2019\u00e9glise Marie-Immacul\u00e9e situ\u00e9e au 180, rue Papineau \u00e0 Sept-\u00celes.<\/p>\n<p>Selon ses volont\u00e9s, elle a \u00e9t\u00e9 confi\u00e9e au cr\u00e9matorium de la Maison Mallet &amp; fils pour cr\u00e9mation.<\/p>\n<p>La famille re\u00e7oit parents et amis le vendredi 2 ao\u00fbt 2024 de 19 h \u00e0 22 h ainsi que le samedi 3 ao\u00fbt 2024 jour des fun\u00e9railles \u00e0 compter de 8 h 30 au Complexe Thanatologique Mallet &amp; fils du 585, boul. Laure \u00e0 Sept-\u00celes.<\/p>\n<p>Elle laisse dans le deuil outre son \u00e9poux monsieur Lucien Boulay, sa fille Marie-Lyne (Gino Simard), ses petits-enfants\u00a0: Marie-Yvanne (Marco Proulx), Caroll-Ann (Alain Richard) et Claude (Mireille Leblanc), ses arri\u00e8re-petits-enfants\u00a0: Yannick, Kate, Annabelle, Nathan et Mathis, ses fr\u00e8res\u00a0: Jean-Claude et R\u00e9gis (Marie-Claude C\u00f4t\u00e9), ses beaux-fr\u00e8res, ses belles-s\u0153urs\u00a0ainsi que ses neveux et ses ni\u00e8ces, ses cousins, ses cousines et de nombreux ami(e)s.<\/p>\n<p>Vos marques de sympathie peuvent se traduire par un don \u00e0 l\u2019\u00c9lyme des sables <a href=\"http:\/\/www.elymedessables.com\">www.elymedessables.com<\/a><\/p>\n<p>La famille a confi\u00e9 la direction des fun\u00e9railles aux services professionnels de la Maison Mallet &amp; fils du 585, boul. Laure \u00e0 Sept-\u00celes, maintenant reconnue Distinction et membre de la Corporation des Thanatologues du Qu\u00e9bec.<\/p>\n<p>Vous pouvez consulter cet avis de d\u00e9c\u00e8s sur le <a href=\"https:\/\/nouveau.maisonmallet.com\">www.maisonmallet.com<\/a><\/p>\n<p>Ceux et celles qui le d\u00e9sirent, peuvent y envoyer des messages de sympathies.<\/p>\n<p>&nbsp;<\/p>\n<hr \/>\n<p>Envoyer vos condol\u00e9ances<\/p>\n<p>[contact-form to=\u00a0\u00bbmarie-lyne.m@hotmail.com\u00a0\u00bb subject=\u00a0\u00bbCondol\u00e9ances Danielle C\u00f4t\u00e9\u00a0\u00bb][contact-field label=\u00a0\u00bbVotre nom\u00a0\u00bb type=\u00a0\u00bbname\u00a0\u00bb required=\u00a0\u00bb1&Prime;][contact-field label=\u00a0\u00bbVotre courriel\u00a0\u00bb type=\u00a0\u00bbemail\u00a0\u00bb required=\u00a0\u00bb1&Prime;][contact-field label=\u00a0\u00bbCondol\u00e9ances\u00a0\u00bb type=\u00a0\u00bbtextarea\u00a0\u00bb][\/contact-form]<\/p>\n","protected":false},"featured_media":52829,"template":"","event_cat":[6],"class_list":["post-52760","event","type-event","status-publish","has-post-thumbnail","hentry","event_cat-maison-mallet-et-fils-inc"],"_links":{"self":[{"href":"https:\/\/nouveau.maisonmallet.com\/back05_01\/index.php?rest_route=\/wp\/v2\/event\/52760","targetHints":{"allow":["GET"]}}],"collection":[{"href":"https:\/\/nouveau.maisonmallet.com\/back05_01\/index.php?rest_route=\/wp\/v2\/event"}],"about":[{"href":"https:\/\/nouveau.maisonmallet.com\/back05_01\/index.php?rest_route=\/wp\/v2\/types\/event"}],"wp:featuredmedia":[{"embeddable":true,"href":"https:\/\/nouveau.maisonmallet.com\/back05_01\/index.php?rest_route=\/wp\/v2\/media\/52829"}],"wp:attachment":[{"href":"https:\/\/nouveau.maisonmallet.com\/back05_01\/index.php?rest_route=%2Fwp%2Fv2%2Fmedia&parent=52760"}],"wp:term":[{"taxonomy":"event_cat","embeddable":true,"href":"https:\/\/nouveau.maisonmallet.com\/back05_01\/index.php?rest_route=%2Fwp%2Fv2%2Fevent_cat&post=52760"}],"curies":[{"name":"wp","href":"https:\/\/api.w.org\/{rel}","templated":true}]}}