{"id":53037,"date":"2024-07-31T15:45:59","date_gmt":"2024-07-31T19:45:59","guid":{"rendered":"https:\/\/nouveau.maisonmallet.com\/?post_type=event&#038;p=53037"},"modified":"2024-08-31T08:46:07","modified_gmt":"2024-08-31T12:46:07","slug":"perreault-marthe-vibert","status":"publish","type":"event","link":"https:\/\/nouveau.maisonmallet.com\/back05_01\/?event=perreault-marthe-vibert","title":{"rendered":"PERREAULT, Marthe (Vibert)"},"content":{"rendered":"<p>Le Complexe Thanatologique Mallet &amp; fils a le regret de vous annoncer le d\u00e9c\u00e8s de<\/p>\n<p>Marthe Perreault (Vibert)<\/p>\n<p>1943 \u2013 2024<\/p>\n<p>&nbsp;<\/p>\n<p>\u00c0 Sept-\u00celes (maison \u00c9lyme des sables), le 31 juillet 2024, est d\u00e9c\u00e9d\u00e9e \u00e0 l\u2019\u00e2ge de 80 ans, madame Marthe Perreault \u00e9pouse de monsieur Edwin Vibert et domicili\u00e9e \u00e0 Sept-\u00celes.<\/p>\n<p>Les fun\u00e9railles de madame Marthe Perreault auront lieu le mardi 6 ao\u00fbt 2024 \u00e0 14 h en l\u2019\u00e9glise St-Joseph situ\u00e9e au 535, ave. Brochu \u00e0 Sept-\u00celes et de l\u00e0 au cimeti\u00e8re de l`endroit.<\/p>\n<p>La famille re\u00e7oit parents et amis le lundi 5 ao\u00fbt 2024 de 19 h \u00e0 22 h ainsi que le mardi 6 ao\u00fbt 2024 jour des fun\u00e9railles \u00e0 compter de 12 h 30 au Complexe Thanatologique Mallet &amp; fils du 585 Boul. Laure \u00e0 Sept-\u00celes.<\/p>\n<p>Elle laisse dans le deuil outre son \u00e9poux monsieur Edwin Vibert, ses fils\u00a0: Fernand (Katty Fournier), Andr\u00e9 (Nathalie H\u00e9bert) et Alain (Annie Beaudry), ses petits-enfants\u00a0: Johnny, James, Jeff, M\u00e9lina, Fr\u00e9d\u00e9ric, Rapha\u00ebl, Kellyanne, Alexandre, Maxime et Vanessa, ses arri\u00e8re-petits-enfants\u00a0: Cassandra, Alicia, Havana, Jaysun, Xavier, Taliyah et Aur\u00e9lie, ses fr\u00e8res et ses s\u0153urs\u00a0: feu Raymond (France Levesque), feu Ren\u00e9, Gilles (Yvonne Gagn\u00e9), feu Guy (C\u00e9cile Pelletier), Marielle (Donat Desbiens), Gertrude, Ga\u00e9tane, Denise (R\u00e9jean Desbiens), Raymonde (Normand B\u00e9langer), ainsi que ses beaux-fr\u00e8res, ses belles-s\u0153urs, ses neveux, ses ni\u00e8ces, ses cousins, ses cousines et de nombreux ami(e)s.<\/p>\n<p>Vos marques de sympathie peuvent se traduire par un don \u00e0 l\u2019\u00c9lyme des sables <a href=\"http:\/\/www.elymedessables.com\">www.elymedessables.com<\/a><\/p>\n<p>La famille a confi\u00e9 la direction des fun\u00e9railles aux services professionnels de la Maison Mallet &amp; fils du 585 boul. Laure \u00e0 Sept-\u00celes, maintenant reconnue Distinction et membre de la Corporation des Thanatologues du Qu\u00e9bec.<\/p>\n<p>Vous pouvez consulter cet avis de d\u00e9c\u00e8s sur le <a href=\"https:\/\/nouveau.maisonmallet.com\">www.maisonmallet.com<\/a><\/p>\n<p>Ceux et celles qui le d\u00e9sirent, peuvent y envoyer des messages de sympathie.<\/p>\n<p>&nbsp;<\/p>\n<hr \/>\n<p>Envoyer vos condol\u00e9ances<\/p>\n<p>[contact-form to=\u00a0\u00bbvibert_a@hotmail.com\u00a0\u00bb subject=\u00a0\u00bbCondol\u00e9ances Marthe Perreault\u00a0\u00bb][contact-field label=\u00a0\u00bbVotre nom\u00a0\u00bb type=\u00a0\u00bbname\u00a0\u00bb required=\u00a0\u00bb1&Prime;][contact-field label=\u00a0\u00bbVotre courriel\u00a0\u00bb type=\u00a0\u00bbemail\u00a0\u00bb required=\u00a0\u00bb1&Prime;][contact-field label=\u00a0\u00bbCondol\u00e9ances\u00a0\u00bb type=\u00a0\u00bbtextarea\u00a0\u00bb][\/contact-form]<\/p>\n","protected":false},"featured_media":53040,"template":"","event_cat":[6],"class_list":["post-53037","event","type-event","status-publish","has-post-thumbnail","hentry","event_cat-maison-mallet-et-fils-inc"],"_links":{"self":[{"href":"https:\/\/nouveau.maisonmallet.com\/back05_01\/index.php?rest_route=\/wp\/v2\/event\/53037","targetHints":{"allow":["GET"]}}],"collection":[{"href":"https:\/\/nouveau.maisonmallet.com\/back05_01\/index.php?rest_route=\/wp\/v2\/event"}],"about":[{"href":"https:\/\/nouveau.maisonmallet.com\/back05_01\/index.php?rest_route=\/wp\/v2\/types\/event"}],"wp:featuredmedia":[{"embeddable":true,"href":"https:\/\/nouveau.maisonmallet.com\/back05_01\/index.php?rest_route=\/wp\/v2\/media\/53040"}],"wp:attachment":[{"href":"https:\/\/nouveau.maisonmallet.com\/back05_01\/index.php?rest_route=%2Fwp%2Fv2%2Fmedia&parent=53037"}],"wp:term":[{"taxonomy":"event_cat","embeddable":true,"href":"https:\/\/nouveau.maisonmallet.com\/back05_01\/index.php?rest_route=%2Fwp%2Fv2%2Fevent_cat&post=53037"}],"curies":[{"name":"wp","href":"https:\/\/api.w.org\/{rel}","templated":true}]}}