{"id":53121,"date":"2024-05-31T17:45:30","date_gmt":"2024-05-31T21:45:30","guid":{"rendered":"https:\/\/nouveau.maisonmallet.com\/?post_type=event&#038;p=53121"},"modified":"2024-08-31T08:43:58","modified_gmt":"2024-08-31T12:43:58","slug":"levesque-joseph","status":"publish","type":"event","link":"https:\/\/nouveau.maisonmallet.com\/back05_01\/?event=levesque-joseph","title":{"rendered":"L\u00c9VESQUE, Joseph"},"content":{"rendered":"<p>Le Complexe Thanatologique Mallet &amp; fils a le regret de vous annoncer le d\u00e9c\u00e8s de<\/p>\n<p>Joseph L\u00e9vesque<\/p>\n<p>1921 \u2013 2024<\/p>\n<p>&nbsp;<\/p>\n<p>\u00c0 Sept-\u00celes (maison \u00c9lyme des sables), le 31 mai 2024, est d\u00e9c\u00e9d\u00e9 \u00e0 l\u2019\u00e2ge de103 ans, monsieur Joseph L\u00e9vesque fils de feu Willie L\u00e9vesque et de feu Maria B\u00e9langer domicili\u00e9 \u00e0 Sept-\u00celes.<\/p>\n<p>Selon ses volont\u00e9s, il a \u00e9t\u00e9 confi\u00e9 au cr\u00e9matorium de la Maison Mallet &amp; fils pour cr\u00e9mation.<\/p>\n<p>La famille re\u00e7oit parents et amis le vendredi 23 ao\u00fbt 2024 de 13 h \u00e0 16 h au Complexe Thanatologique Mallet &amp; fils du 585 Boul. Laure \u00e0 Sept-\u00celes et de l\u00e0 au Cimeti\u00e8re Catholique de Sept-\u00celes.<\/p>\n<p>Il laisse dans le deuil ses filles\u00a0: Nicole (Jean-Claude Couturier), Marjolaine (R\u00e9ginald Desrosiers), Jocelyne (feu Martial Fournier) et Sandra (Alain Lagarde), ses fils\u00a0: Claude (H\u00e9l\u00e8ne Hall\u00e9) et Harold (Danielle Lebeau), ses seize petits-enfants, ses trente arri\u00e8re-petits-enfants ainsi que son fr\u00e8re Benoit, ses neveux, ses ni\u00e8ces et ses ami(e)s.<\/p>\n<p>Il \u00e9tait le p\u00e8re de feu Guy L\u00e9vesque et de feu Rachel L\u00e9vesque (Ren\u00e9 C\u00f4t\u00e9).<\/p>\n<p>Vos marques de sympathie peuvent se traduire par un don \u00e0 l\u2019\u00c9lyme des sables <a href=\"http:\/\/www.elymedessables.com\">www.elymedessables.com<\/a><\/p>\n<p>La famille a confi\u00e9 les arrangements aux services professionnels de la Maison Mallet &amp; fils du 585 Boul. Laure \u00e0 Sept-\u00celes, maintenant reconnue Distinction et membre de la Corporation des Thanatologues du Qu\u00e9bec.<\/p>\n<p>Vous pouvez consulter cet avis de d\u00e9c\u00e8s sur le\u00a0: <a href=\"https:\/\/nouveau.maisonmallet.com\">www.maisonmallet.com<\/a><\/p>\n<p>Ceux et celles qui le d\u00e9sirent, peuvent y envoyer des messages de sympathie.<\/p>\n<p>&nbsp;<\/p>\n<hr \/>\n<p>Envoyer vos condol\u00e9ances<\/p>\n<p>[contact-form to=\u00a0\u00bblevesquenicol@gmail.com\u00a0\u00bb subject=\u00a0\u00bbCondol\u00e9ances Joseph L\u00e9vesque\u00a0\u00bb][contact-field label=\u00a0\u00bbVotre nom\u00a0\u00bb type=\u00a0\u00bbname\u00a0\u00bb required=\u00a0\u00bb1&Prime;][contact-field label=\u00a0\u00bbVotre courriel\u00a0\u00bb type=\u00a0\u00bbemail\u00a0\u00bb required=\u00a0\u00bb1&Prime;][contact-field label=\u00a0\u00bbCondol\u00e9ances\u00a0\u00bb type=\u00a0\u00bbtextarea\u00a0\u00bb][\/contact-form]<\/p>\n","protected":false},"featured_media":53148,"template":"","event_cat":[6],"class_list":["post-53121","event","type-event","status-publish","has-post-thumbnail","hentry","event_cat-maison-mallet-et-fils-inc"],"_links":{"self":[{"href":"https:\/\/nouveau.maisonmallet.com\/back05_01\/index.php?rest_route=\/wp\/v2\/event\/53121","targetHints":{"allow":["GET"]}}],"collection":[{"href":"https:\/\/nouveau.maisonmallet.com\/back05_01\/index.php?rest_route=\/wp\/v2\/event"}],"about":[{"href":"https:\/\/nouveau.maisonmallet.com\/back05_01\/index.php?rest_route=\/wp\/v2\/types\/event"}],"wp:featuredmedia":[{"embeddable":true,"href":"https:\/\/nouveau.maisonmallet.com\/back05_01\/index.php?rest_route=\/wp\/v2\/media\/53148"}],"wp:attachment":[{"href":"https:\/\/nouveau.maisonmallet.com\/back05_01\/index.php?rest_route=%2Fwp%2Fv2%2Fmedia&parent=53121"}],"wp:term":[{"taxonomy":"event_cat","embeddable":true,"href":"https:\/\/nouveau.maisonmallet.com\/back05_01\/index.php?rest_route=%2Fwp%2Fv2%2Fevent_cat&post=53121"}],"curies":[{"name":"wp","href":"https:\/\/api.w.org\/{rel}","templated":true}]}}