{"id":53451,"date":"2024-08-06T14:49:41","date_gmt":"2024-08-06T18:49:41","guid":{"rendered":"https:\/\/nouveau.maisonmallet.com\/?post_type=event&#038;p=53451"},"modified":"2024-08-31T08:38:38","modified_gmt":"2024-08-31T12:38:38","slug":"locas-audrey","status":"publish","type":"event","link":"https:\/\/nouveau.maisonmallet.com\/back05_01\/?event=locas-audrey","title":{"rendered":"LOCAS, Audrey"},"content":{"rendered":"<p>La Maison L.J.G. Mallet a le regret de vous annoncer le d\u00e9c\u00e8s de<\/p>\n<p>&nbsp;<\/p>\n<p>Audrey Locas<\/p>\n<p>1992 &#8211; 2024<\/p>\n<p>&nbsp;<\/p>\n<p>\u00c0 Shawinigan, le 6 ao\u00fbt 2024, est d\u00e9c\u00e9d\u00e9e \u00e0 l\u2019\u00e2ge de 32 ans, Audrey Locas fille de monsieur Fran\u00e7ois Locas et de madame Suzanne Jomphe domicili\u00e9e \u00e0 Havre Saint-Pierre.<\/p>\n<p>La c\u00e9r\u00e9monie comm\u00e9morative de Audrey Locas aura lieu le vendredi 16 ao\u00fbt 2024 \u00e0 16 h au salon de la maison L.J.G. Mallet du 1429, rue du Canot \u00e0 Havre Saint-Pierre et de l\u00e0 au cr\u00e9matorium de la maison L.J.G. Mallet pour cr\u00e9mation.<\/p>\n<p>La famille re\u00e7oit parents et amis le vendredi 16 ao\u00fbt 2024 de 13 h \u00e0 16 h au salon de la Maison L.J.G. Mallet du 1429, rue du Canot \u00e0 Havre Saint-Pierre.<\/p>\n<p>Elle laisse dans le deuil ses fils\u00a0: Ludovyk, Rafael et Elliot, sa fille Sara, son p\u00e8re monsieur Fran\u00e7ois Locas, sa m\u00e8re madame Suzanne Jomphe, sa s\u0153ur St\u00e9phanie (R\u00e9my Robert), son filleul Jacob, sa filleule Ma\u00e9va ainsi que ses oncles, ses tantes, ses cousins, ses cousines et de nombreux ami(e)s.<\/p>\n<p>Vos marques de sympathie peuvent se traduire par un don \u00e0 Espoir de Shelna <a href=\"http:\/\/www.espoirdeshelna.ca\">www.espoirdeshelna.ca<\/a><\/p>\n<p>La famille a confi\u00e9 les arrangements aux services professionnels de la Maison L.J.G. Mallet du 1429, rue du Canot \u00e0 Havre Saint-Pierre, maintenant reconnue Distinction et membre de la Corporation des Thanatologues du Qu\u00e9bec.<\/p>\n<p>Vous pouvez consulter cet avis de d\u00e9c\u00e8s sur le <a href=\"https:\/\/nouveau.maisonmallet.com\">www.maisonmallet.com<\/a><\/p>\n<p>Ceux et celles qui le d\u00e9sirent, peuvent y envoyer des messages de sympathie.<\/p>\n<hr \/>\n<p>Envoyer vos condol\u00e9ances<\/p>\n<p>[contact-form to=\u00a0\u00bbsuzanne.jomphe@gmail.com\u00a0\u00bb subject=\u00a0\u00bbCondol\u00e9ances Audrey Locas\u00a0\u00bb][contact-field label=\u00a0\u00bbVotre nom\u00a0\u00bb type=\u00a0\u00bbname\u00a0\u00bb required=\u00a0\u00bb1&Prime;][contact-field label=\u00a0\u00bbVotre courriel\u00a0\u00bb type=\u00a0\u00bbemail\u00a0\u00bb required=\u00a0\u00bb1&Prime;][contact-field label=\u00a0\u00bbCondol\u00e9ances\u00a0\u00bb type=\u00a0\u00bbtextarea\u00a0\u00bb][\/contact-form]<\/p>\n","protected":false},"featured_media":53464,"template":"","event_cat":[7],"class_list":["post-53451","event","type-event","status-publish","has-post-thumbnail","hentry","event_cat-maison-l-j-g-mallet-inc"],"_links":{"self":[{"href":"https:\/\/nouveau.maisonmallet.com\/back05_01\/index.php?rest_route=\/wp\/v2\/event\/53451","targetHints":{"allow":["GET"]}}],"collection":[{"href":"https:\/\/nouveau.maisonmallet.com\/back05_01\/index.php?rest_route=\/wp\/v2\/event"}],"about":[{"href":"https:\/\/nouveau.maisonmallet.com\/back05_01\/index.php?rest_route=\/wp\/v2\/types\/event"}],"wp:featuredmedia":[{"embeddable":true,"href":"https:\/\/nouveau.maisonmallet.com\/back05_01\/index.php?rest_route=\/wp\/v2\/media\/53464"}],"wp:attachment":[{"href":"https:\/\/nouveau.maisonmallet.com\/back05_01\/index.php?rest_route=%2Fwp%2Fv2%2Fmedia&parent=53451"}],"wp:term":[{"taxonomy":"event_cat","embeddable":true,"href":"https:\/\/nouveau.maisonmallet.com\/back05_01\/index.php?rest_route=%2Fwp%2Fv2%2Fevent_cat&post=53451"}],"curies":[{"name":"wp","href":"https:\/\/api.w.org\/{rel}","templated":true}]}}